{"id":24242,"date":"2023-12-21T15:25:27","date_gmt":"2023-12-21T14:25:27","guid":{"rendered":"https:\/\/www.kunstmuseum.de\/?post_type=exhibition&#038;p=24242"},"modified":"2025-03-17T16:38:11","modified_gmt":"2025-03-17T15:38:11","slug":"firelei-baez-trust-memory-over-history","status":"publish","type":"exhibition","link":"https:\/\/www.kunstmuseum.de\/en\/exhibition\/firelei-baez-trust-memory-over-history\/","title":{"rendered":"Firelei B\u00e1ez. Trust Memory Over History"},"content":{"rendered":"\n<div class=\"wp-container-1 wp-block-buttons\">\n<div class=\"wp-block-button is-style-outline\"><a class=\"wp-block-button__link\" href=\"https:\/\/www.kunstmuseum.de\/en\/booklet-exhibition-baez\/\">Booklet<\/a><\/div>\n<\/div>\n\n\n\n<div style=\"height:100px\" aria-hidden=\"true\" class=\"wp-block-spacer\"><\/div>\n\n\n<div class=\"wp-block-exhibition-slider alignfull \"><div class=\"exhibition-slider\">\n\t<div class=\"swiper-container\">\n\t\t<div class=\"swiper-wrapper\">\n\t\t\t\t\t\t<div class=\"swiper-slide\">\n\t\t\t\t<img width=\"900\" height=\"600\" src=\"https:\/\/www.kunstmuseum.de\/wp-content\/uploads\/2024\/07\/240713_KMW_0025-900x600.jpg\" class=\"attachment-exhibition-slider size-exhibition-slider\" alt loading=\"lazy\" srcset=\"https:\/\/www.kunstmuseum.de\/wp-content\/uploads\/2024\/07\/240713_KMW_0025-900x600.jpg 900w, https:\/\/www.kunstmuseum.de\/wp-content\/uploads\/2024\/07\/240713_KMW_0025-300x200.jpg 300w, https:\/\/www.kunstmuseum.de\/wp-content\/uploads\/2024\/07\/240713_KMW_0025-1024x683.jpg 1024w, https:\/\/www.kunstmuseum.de\/wp-content\/uploads\/2024\/07\/240713_KMW_0025-768x512.jpg 768w, https:\/\/www.kunstmuseum.de\/wp-content\/uploads\/2024\/07\/240713_KMW_0025-1536x1025.jpg 1536w, https:\/\/www.kunstmuseum.de\/wp-content\/uploads\/2024\/07\/240713_KMW_0025-2048x1366.jpg 2048w, https:\/\/www.kunstmuseum.de\/wp-content\/uploads\/2024\/07\/240713_KMW_0025-100x67.jpg 100w\" sizes=\"(max-width: 900px) 100vw, 900px\">\t\t\t<\/div>\n\t\t\t\t\t\t<div class=\"swiper-slide\">\n\t\t\t\t<img width=\"1063\" height=\"600\" src=\"https:\/\/www.kunstmuseum.de\/wp-content\/uploads\/2024\/07\/240713_KMW_0012-1063x600.jpg\" class=\"attachment-exhibition-slider size-exhibition-slider\" alt loading=\"lazy\" srcset=\"https:\/\/www.kunstmuseum.de\/wp-content\/uploads\/2024\/07\/240713_KMW_0012-1063x600.jpg 1063w, https:\/\/www.kunstmuseum.de\/wp-content\/uploads\/2024\/07\/240713_KMW_0012-300x169.jpg 300w, https:\/\/www.kunstmuseum.de\/wp-content\/uploads\/2024\/07\/240713_KMW_0012-1024x578.jpg 1024w, https:\/\/www.kunstmuseum.de\/wp-content\/uploads\/2024\/07\/240713_KMW_0012-768x433.jpg 768w, https:\/\/www.kunstmuseum.de\/wp-content\/uploads\/2024\/07\/240713_KMW_0012-1536x867.jpg 1536w, https:\/\/www.kunstmuseum.de\/wp-content\/uploads\/2024\/07\/240713_KMW_0012-2048x1156.jpg 2048w, https:\/\/www.kunstmuseum.de\/wp-content\/uploads\/2024\/07\/240713_KMW_0012-100x56.jpg 100w\" sizes=\"(max-width: 1063px) 100vw, 1063px\">\t\t\t<\/div>\n\t\t\t\t\t\t<div class=\"swiper-slide\">\n\t\t\t\t<img width=\"900\" height=\"600\" src=\"https:\/\/www.kunstmuseum.de\/wp-content\/uploads\/2024\/07\/240704_KMW_by_Kruszewski_0164-1-900x600.jpg\" class=\"attachment-exhibition-slider size-exhibition-slider\" alt loading=\"lazy\" srcset=\"https:\/\/www.kunstmuseum.de\/wp-content\/uploads\/2024\/07\/240704_KMW_by_Kruszewski_0164-1-900x600.jpg 900w, https:\/\/www.kunstmuseum.de\/wp-content\/uploads\/2024\/07\/240704_KMW_by_Kruszewski_0164-1-300x200.jpg 300w, https:\/\/www.kunstmuseum.de\/wp-content\/uploads\/2024\/07\/240704_KMW_by_Kruszewski_0164-1-1024x683.jpg 1024w, https:\/\/www.kunstmuseum.de\/wp-content\/uploads\/2024\/07\/240704_KMW_by_Kruszewski_0164-1-768x512.jpg 768w, https:\/\/www.kunstmuseum.de\/wp-content\/uploads\/2024\/07\/240704_KMW_by_Kruszewski_0164-1-1536x1025.jpg 1536w, https:\/\/www.kunstmuseum.de\/wp-content\/uploads\/2024\/07\/240704_KMW_by_Kruszewski_0164-1-2048x1366.jpg 2048w, https:\/\/www.kunstmuseum.de\/wp-content\/uploads\/2024\/07\/240704_KMW_by_Kruszewski_0164-1-100x67.jpg 100w\" sizes=\"(max-width: 900px) 100vw, 900px\">\t\t\t<\/div>\n\t\t\t\t\t<\/div>\n\t<\/div>\n\t<button class=\"button-arrow open-credits-overlay\">\n\t\t<svg viewBox=\"0 0 14 14\">\n\t\t\t<path d=\"M5.977,13.852H16.608l-4.9,4.9,1.269,1.225,7-7-7-7L11.752,7.2l4.856,4.9H5.977Z\" transform=\"translate(-5.977 -5.977)\" \/>\n\t\t<\/svg>\n\t\tCredits\t<\/button>\n\t<div class=\"credits-overlay\" role=\"dialog\">\n\t\t<h3 class=\"h1\">Credits<\/h3>\n\t\t<div class=\"credits-list\">\n\t\t\t\t\t\t<div class=\"credit-item\">\n\t\t\t\t<img width=\"100\" height=\"67\" src=\"https:\/\/www.kunstmuseum.de\/wp-content\/uploads\/2024\/07\/240713_KMW_0025-100x67.jpg\" class=\"attachment-credits-thumbnail size-credits-thumbnail\" alt loading=\"lazy\" srcset=\"https:\/\/www.kunstmuseum.de\/wp-content\/uploads\/2024\/07\/240713_KMW_0025-100x67.jpg 100w, https:\/\/www.kunstmuseum.de\/wp-content\/uploads\/2024\/07\/240713_KMW_0025-300x200.jpg 300w, https:\/\/www.kunstmuseum.de\/wp-content\/uploads\/2024\/07\/240713_KMW_0025-1024x683.jpg 1024w, https:\/\/www.kunstmuseum.de\/wp-content\/uploads\/2024\/07\/240713_KMW_0025-768x512.jpg 768w, https:\/\/www.kunstmuseum.de\/wp-content\/uploads\/2024\/07\/240713_KMW_0025-1536x1025.jpg 1536w, https:\/\/www.kunstmuseum.de\/wp-content\/uploads\/2024\/07\/240713_KMW_0025-2048x1366.jpg 2048w, https:\/\/www.kunstmuseum.de\/wp-content\/uploads\/2024\/07\/240713_KMW_0025-900x600.jpg 900w\" sizes=\"(max-width: 100px) 100vw, 100px\">\t\t\t\t<p>Blick in die Ausstel\u00adlung<em>Firelei B\u00e1ez. Trust Memory Over Hinstory<\/em>Kunst\u00admu\u00adseum Wolfsburg, 6.7.2024 \u2013 13.10.2024,<br>\nFoto: Marek Kruszewski<\/p>\n\t\t\t<\/div>\n\t\t\t\t\t\t<div class=\"credit-item\">\n\t\t\t\t<img width=\"100\" height=\"56\" src=\"https:\/\/www.kunstmuseum.de\/wp-content\/uploads\/2024\/07\/240713_KMW_0012-100x56.jpg\" class=\"attachment-credits-thumbnail size-credits-thumbnail\" alt loading=\"lazy\" srcset=\"https:\/\/www.kunstmuseum.de\/wp-content\/uploads\/2024\/07\/240713_KMW_0012-100x56.jpg 100w, https:\/\/www.kunstmuseum.de\/wp-content\/uploads\/2024\/07\/240713_KMW_0012-300x169.jpg 300w, https:\/\/www.kunstmuseum.de\/wp-content\/uploads\/2024\/07\/240713_KMW_0012-1024x578.jpg 1024w, https:\/\/www.kunstmuseum.de\/wp-content\/uploads\/2024\/07\/240713_KMW_0012-768x433.jpg 768w, https:\/\/www.kunstmuseum.de\/wp-content\/uploads\/2024\/07\/240713_KMW_0012-1536x867.jpg 1536w, https:\/\/www.kunstmuseum.de\/wp-content\/uploads\/2024\/07\/240713_KMW_0012-2048x1156.jpg 2048w, https:\/\/www.kunstmuseum.de\/wp-content\/uploads\/2024\/07\/240713_KMW_0012-1063x600.jpg 1063w\" sizes=\"(max-width: 100px) 100vw, 100px\">\t\t\t\t<p>Blick in die Ausstel\u00adlung<em>Firelei B\u00e1ez. Trust Memory Over Hinstory<\/em>Kunst\u00admu\u00adseum Wolfsburg, 6.7.2024 \u2013 13.10.2024,<br>\nFoto: Marek Kruszewski<\/p>\n\t\t\t<\/div>\n\t\t\t\t\t\t<div class=\"credit-item\">\n\t\t\t\t<img width=\"100\" height=\"67\" src=\"https:\/\/www.kunstmuseum.de\/wp-content\/uploads\/2024\/07\/240704_KMW_by_Kruszewski_0164-1-100x67.jpg\" class=\"attachment-credits-thumbnail size-credits-thumbnail\" alt loading=\"lazy\" srcset=\"https:\/\/www.kunstmuseum.de\/wp-content\/uploads\/2024\/07\/240704_KMW_by_Kruszewski_0164-1-100x67.jpg 100w, https:\/\/www.kunstmuseum.de\/wp-content\/uploads\/2024\/07\/240704_KMW_by_Kruszewski_0164-1-300x200.jpg 300w, https:\/\/www.kunstmuseum.de\/wp-content\/uploads\/2024\/07\/240704_KMW_by_Kruszewski_0164-1-1024x683.jpg 1024w, https:\/\/www.kunstmuseum.de\/wp-content\/uploads\/2024\/07\/240704_KMW_by_Kruszewski_0164-1-768x512.jpg 768w, https:\/\/www.kunstmuseum.de\/wp-content\/uploads\/2024\/07\/240704_KMW_by_Kruszewski_0164-1-1536x1025.jpg 1536w, https:\/\/www.kunstmuseum.de\/wp-content\/uploads\/2024\/07\/240704_KMW_by_Kruszewski_0164-1-2048x1366.jpg 2048w, https:\/\/www.kunstmuseum.de\/wp-content\/uploads\/2024\/07\/240704_KMW_by_Kruszewski_0164-1-900x600.jpg 900w\" sizes=\"(max-width: 100px) 100vw, 100px\">\t\t\t\t<p>Firelei B\u00e1ez, <em>Fruta Fina, Fruta Estra\u0144a (Lee Monument)<\/em>, 2022, \u00d6l und Acryl auf Archiv\u00addruck auf Leinwand, 224,2 \u00d7 281,9 cm, Louisiana Museum of Modern Art, Humleb\u00e6k, D\u00e4nemark. Schenkung: Deborah Beckmann &amp; Jacob Kotzubei, \u00a9 Firelei B\u00e1ez, Courtesy die K\u00fcnst\u00adlerin und Hauser &amp; Wirth, Foto:&nbsp;<\/p>\n\t\t\t<\/div>\n\t\t\t\t\t<\/div>\n\t<\/div>\n<\/div>\n<\/div>\n\n\n<div class=\"wp-container-2 wp-block-group alignfull has-gray-background-color has-background\">\n<h2>Infos<\/h2>\n\n\n\n<div class=\"wp-block-columns\">\n<div class=\"wp-block-column\" style=\"flex-basis:66.66%\">\n<p>With dynamic compo\u00adsi\u00adtions, intense color variety, and enigmatic motifs, the large-format paintings and expansive instal\u00adla\u00adtions of the Dominican-US-American artist Firelei B\u00e1ez (b. 1981) demand attention and invite the viewer into visually overwhel\u00adming experi\u00adences in today\u2019s oversti\u00admu\u00adlated culture.<\/p>\n\n\n\n<!--more-->\n\n\n\n<p>The New York-based artist\u2019s fictional pictorial worlds combine headless creatures that magically oscillate between human, plant, and animal, with seduc\u00adtively shiny hair, colorful feathers, plump fruit, and storm-tested palm trees. With a painterly stroke of libera\u00adtion, Firelei B\u00e1ez contrasts the violent chapters of world history with beauty and joy. Her themes range from Dominican and Caribbean culture, science fiction, and art and natural history to the colonial era, migration, life in the diaspora, racism, and gender issues.<\/p>\n\n\n\n<p>While Firelei B\u00e1ez\u2019s paintings are based on histo\u00adrical maps, construc\u00adtion plans, or diagrams, her paper instal\u00adla\u00adtions consist primarily of painted book pages. The maps document state borders and thus control mecha\u00adnisms and power relations, her abstract compo\u00adsi\u00adtions and powerful creatures occupy and explode this world order. Her figures are difficult to grasp\u2014self-determined, they defy catego\u00adriz\u00ada\u00adtion. They subvert Eurocentric views and demons\u00adtrate resis\u00adtance to past and present social hierarchies.<\/p>\n\n\n\n<p><em><strong>\u201c<\/strong><\/em><strong><em>The energy that I have experi\u00adenced in the world has to be<\/em> <em>expressed or I\u2019ll just&nbsp;burst.\u201d<\/em><\/strong><\/p>\n\n\n\n<p class=\"has-text-align-left\"><em>Firelei B\u00e1ez<\/em><\/p>\n\n\n\n<p>In this sense, the exhibi\u00adtion title, <em>Trust Memory Over History<\/em>, refers to the vast space between memory and oral tradition on the one hand and written and mapped history on the other. Firelei B\u00e1ez confronts the absence of critical voices of discri\u00admi\u00adnated people and countries in histo\u00adrical documents of the manifes\u00adta\u00adtion of power with colorful and figura\u00adtive presence as a form of inter\u00adven\u00adtion. With this correc\u00adtive retro\u00adspec\u00adtion, she creates perspec\u00adtives for alter\u00adna\u00adtive, global, and future-oriented ways of thinking.&nbsp;<\/p>\n\n\n\n<p>Following the acqui\u00adsi\u00adtion of an instal\u00adla\u00adtion by Firelei B\u00e1ez in 2018, the Kunst\u00admu\u00adseum Wolfsburg is now presen\u00adting the artist\u2019s first solo museum exhibi\u00adtion in Germany. It features mainly paintings and paper instal\u00adla\u00adtions from recent years, including a work conceived especially for the exhibi\u00adtion in Wolfsburg.<\/p>\n\n\n\n<p>The exhibi\u00adtion was organised in coope\u00adra\u00adtion with the Louisiana Museum of Modern Art in Humleb\u00e6k, Denmark, and will be accom\u00adpa\u00adnied by a publi\u00adca\u00adtion in English.<\/p>\n<\/div>\n\n\n\n<div class=\"wp-block-column\" style=\"flex-basis:33.33%\">\n<p><em>Curator<br><\/em>Uta Ruhkamp<br><br><em>Curato\u00adrial assis\u00adtance<br><\/em>Carla Wiggering<\/p>\n\n\n\n<figure class=\"wp-block-image size-large\"><img loading=\"lazy\" width=\"1024\" height=\"812\" src=\"https:\/\/www.kunstmuseum.de\/wp-content\/uploads\/2023\/12\/Unbenannt_2-1024x812.jpg\" alt class=\"wp-image-24482\" srcset=\"https:\/\/www.kunstmuseum.de\/wp-content\/uploads\/2023\/12\/Unbenannt_2-1024x812.jpg 1024w, https:\/\/www.kunstmuseum.de\/wp-content\/uploads\/2023\/12\/Unbenannt_2-300x238.jpg 300w, https:\/\/www.kunstmuseum.de\/wp-content\/uploads\/2023\/12\/Unbenannt_2-768x609.jpg 768w, https:\/\/www.kunstmuseum.de\/wp-content\/uploads\/2023\/12\/Unbenannt_2-757x600.jpg 757w, https:\/\/www.kunstmuseum.de\/wp-content\/uploads\/2023\/12\/Unbenannt_2-100x79.jpg 100w, https:\/\/www.kunstmuseum.de\/wp-content\/uploads\/2023\/12\/Unbenannt_2.jpg 1034w\" sizes=\"(max-width: 1024px) 100vw, 1024px\"><figcaption>Firelei B\u00e1ez, <em>Encyclo\u00adpedia of gestures (Jeu du monde)<\/em>, 2023, \u00d6l und Acryl auf Archiv\u00addruck auf Leinwand, 209,3 \u00d7 263,8 cm, Privat\u00adsamm\u00adlung, \u00a9 Firelei B\u00e1ez, Courtesy die K\u00fcnst\u00adlerin und James Cohan, New York, Foto: Mats Nordman.<\/figcaption><\/figure>\n<\/div>\n<\/div>\n<\/div>\n\n\n\n<h2>Magazin<\/h2>\n\n\n\t\t<div class=\"wp-block-magazine alignfull \">\n\t\t\t<div class=\"magazine\" data-rest-baseuri=\"https:\/\/www.kunstmuseum.de\/en\/wp-json\/\">\n\t\t\t<article id=\"post-27460\" data-post-id=\"27460\" class=\"post-27460 post type-post status-publish format-standard has-post-thumbnail hentry category-unkategorisiert tag-firelei-baez tag-volkswagen-group-art4all\">\n\n\t\t<div class=\"post-thumbnail\">\n\t\t<a href=\"https:\/\/www.kunstmuseum.de\/en\/2024\/08\/volkswagen-group-art4all-im-september-mit-einem-vortrag-zur-karibischen-kultur\/\" aria-hidden=\"true\" tabindex=\"-1\">\n\t\t\t\t\t\t<img width=\"1024\" height=\"683\" src=\"https:\/\/www.kunstmuseum.de\/wp-content\/uploads\/2024\/08\/240925_KMW_by_Kruszewski_0151-1024x683.jpg\" class=\"attachment-large size-large wp-post-image\" alt loading=\"lazy\" srcset=\"https:\/\/www.kunstmuseum.de\/wp-content\/uploads\/2024\/08\/240925_KMW_by_Kruszewski_0151-1024x683.jpg 1024w, https:\/\/www.kunstmuseum.de\/wp-content\/uploads\/2024\/08\/240925_KMW_by_Kruszewski_0151-300x200.jpg 300w, https:\/\/www.kunstmuseum.de\/wp-content\/uploads\/2024\/08\/240925_KMW_by_Kruszewski_0151-768x512.jpg 768w, https:\/\/www.kunstmuseum.de\/wp-content\/uploads\/2024\/08\/240925_KMW_by_Kruszewski_0151-1536x1025.jpg 1536w, https:\/\/www.kunstmuseum.de\/wp-content\/uploads\/2024\/08\/240925_KMW_by_Kruszewski_0151-2048x1366.jpg 2048w, https:\/\/www.kunstmuseum.de\/wp-content\/uploads\/2024\/08\/240925_KMW_by_Kruszewski_0151-900x600.jpg 900w, https:\/\/www.kunstmuseum.de\/wp-content\/uploads\/2024\/08\/240925_KMW_by_Kruszewski_0151-100x67.jpg 100w\" sizes=\"(max-width: 1024px) 100vw, 1024px\">\t\t<\/a>\n\t<\/div>\n\t\n\t<div class=\"post-tags\">\n\t\t<a href=\"https:\/\/www.kunstmuseum.de\/en\/tag\/firelei-baez\/\" rel=\"tag\" class=\"button button-small\">Firelei B\u00e1ez<\/a><a href=\"https:\/\/www.kunstmuseum.de\/en\/tag\/volkswagen-group-art4all\/\" rel=\"tag\" class=\"button button-small\">Volks\u00adwagen Group Art4All<\/a>\t<\/div>\n\n\t<h3 class=\"post-title h4\"><a href=\"https:\/\/www.kunstmuseum.de\/en\/2024\/08\/volkswagen-group-art4all-im-september-mit-einem-vortrag-zur-karibischen-kultur\/\" rel=\"bookmark\">Volkswagen Group Art4All im September: mit einem Vortrag zur karibischen Kultur<\/a><\/h3>\n\n\t<\/article><!-- #post-27460 -->\n<article id=\"post-27452\" data-post-id=\"27452\" class=\"post-27452 post type-post status-publish format-standard has-post-thumbnail hentry category-unkategorisiert tag-firelei-baez tag-interview\">\n\n\t\t<div class=\"post-thumbnail\">\n\t\t<a href=\"https:\/\/www.kunstmuseum.de\/en\/2024\/08\/kuratieren-im-wandel-wie-uta-ruhkamp-kunst-und-gesellschaft-neu-denkt\/\" aria-hidden=\"true\" tabindex=\"-1\">\n\t\t\t\t\t\t<img width=\"1024\" height=\"683\" src=\"https:\/\/www.kunstmuseum.de\/wp-content\/uploads\/2024\/08\/Magazin-Uta-Ruhkamp-1024x683.png\" class=\"attachment-large size-large wp-post-image\" alt loading=\"lazy\" srcset=\"https:\/\/www.kunstmuseum.de\/wp-content\/uploads\/2024\/08\/Magazin-Uta-Ruhkamp-1024x683.png 1024w, https:\/\/www.kunstmuseum.de\/wp-content\/uploads\/2024\/08\/Magazin-Uta-Ruhkamp-300x200.png 300w, https:\/\/www.kunstmuseum.de\/wp-content\/uploads\/2024\/08\/Magazin-Uta-Ruhkamp-768x512.png 768w, https:\/\/www.kunstmuseum.de\/wp-content\/uploads\/2024\/08\/Magazin-Uta-Ruhkamp-1536x1024.png 1536w, https:\/\/www.kunstmuseum.de\/wp-content\/uploads\/2024\/08\/Magazin-Uta-Ruhkamp-2048x1365.png 2048w, https:\/\/www.kunstmuseum.de\/wp-content\/uploads\/2024\/08\/Magazin-Uta-Ruhkamp-900x600.png 900w, https:\/\/www.kunstmuseum.de\/wp-content\/uploads\/2024\/08\/Magazin-Uta-Ruhkamp-100x67.png 100w\" sizes=\"(max-width: 1024px) 100vw, 1024px\">\t\t<\/a>\n\t<\/div>\n\t\n\t<div class=\"post-tags\">\n\t\t<a href=\"https:\/\/www.kunstmuseum.de\/en\/tag\/firelei-baez\/\" rel=\"tag\" class=\"button button-small\">Firelei B\u00e1ez<\/a><a href=\"https:\/\/www.kunstmuseum.de\/en\/tag\/interview\/\" rel=\"tag\" class=\"button button-small\">Interview<\/a>\t<\/div>\n\n\t<h3 class=\"post-title h4\"><a href=\"https:\/\/www.kunstmuseum.de\/en\/2024\/08\/kuratieren-im-wandel-wie-uta-ruhkamp-kunst-und-gesellschaft-neu-denkt\/\" rel=\"bookmark\">Kuratieren im Wandel: Wie Uta Ruhkamp Kunst und Gesellschaft neu&nbsp;denkt<\/a><\/h3>\n\n\t<\/article><!-- #post-27452 -->\n<article id=\"post-26927\" data-post-id=\"26927\" class=\"post-26927 post type-post status-publish format-standard has-post-thumbnail hentry category-unkategorisiert tag-firelei-baez\">\n\n\t\t<div class=\"post-thumbnail\">\n\t\t<a href=\"https:\/\/www.kunstmuseum.de\/en\/2024\/07\/feiern-sie-mit-uns-die-ausstellungseroeffnung-firelei-baez-trust-memory-over-history-bei-freiem-eintritt\/\" aria-hidden=\"true\" tabindex=\"-1\">\n\t\t\t\t\t\t<img width=\"1024\" height=\"683\" src=\"https:\/\/www.kunstmuseum.de\/wp-content\/uploads\/2024\/07\/240704_KMW_by_Kruszewski_0142-1024x683.jpg\" class=\"attachment-large size-large wp-post-image\" alt loading=\"lazy\" srcset=\"https:\/\/www.kunstmuseum.de\/wp-content\/uploads\/2024\/07\/240704_KMW_by_Kruszewski_0142-1024x683.jpg 1024w, https:\/\/www.kunstmuseum.de\/wp-content\/uploads\/2024\/07\/240704_KMW_by_Kruszewski_0142-300x200.jpg 300w, https:\/\/www.kunstmuseum.de\/wp-content\/uploads\/2024\/07\/240704_KMW_by_Kruszewski_0142-768x512.jpg 768w, https:\/\/www.kunstmuseum.de\/wp-content\/uploads\/2024\/07\/240704_KMW_by_Kruszewski_0142-1536x1025.jpg 1536w, https:\/\/www.kunstmuseum.de\/wp-content\/uploads\/2024\/07\/240704_KMW_by_Kruszewski_0142-2048x1366.jpg 2048w, https:\/\/www.kunstmuseum.de\/wp-content\/uploads\/2024\/07\/240704_KMW_by_Kruszewski_0142-900x600.jpg 900w, https:\/\/www.kunstmuseum.de\/wp-content\/uploads\/2024\/07\/240704_KMW_by_Kruszewski_0142-100x67.jpg 100w\" sizes=\"(max-width: 1024px) 100vw, 1024px\">\t\t<\/a>\n\t<\/div>\n\t\n\t<div class=\"post-tags\">\n\t\t<a href=\"https:\/\/www.kunstmuseum.de\/en\/tag\/firelei-baez\/\" rel=\"tag\" class=\"button button-small\">Firelei B\u00e1ez<\/a>\t<\/div>\n\n\t<h3 class=\"post-title h4\"><a href=\"https:\/\/www.kunstmuseum.de\/en\/2024\/07\/feiern-sie-mit-uns-die-ausstellungseroeffnung-firelei-baez-trust-memory-over-history-bei-freiem-eintritt\/\" rel=\"bookmark\">Ausstellungser\u00f6ffnung: <span class=\"highlighted-title-part\">Firelei B\u00e1ez. Trust Memory Over History<\/span><\/a><\/h3>\n\n\t<\/article><!-- #post-26927 -->\n\t\t\t<\/div>\n\t\t<\/div>\n\t\t\n\n\n<div style=\"height:100px\" aria-hidden=\"true\" class=\"wp-block-spacer\"><\/div>\n\n\n\n<figure class=\"wp-block-image size-large is-resized\"><img loading=\"lazy\" src=\"https:\/\/www.kunstmuseum.de\/wp-content\/uploads\/2024\/07\/Spezi_Forderer_en-1024x242.png\" alt class=\"wp-image-27023\" width=\"843\" height=\"199\" srcset=\"https:\/\/www.kunstmuseum.de\/wp-content\/uploads\/2024\/07\/Spezi_Forderer_en-1024x242.png 1024w, https:\/\/www.kunstmuseum.de\/wp-content\/uploads\/2024\/07\/Spezi_Forderer_en-300x71.png 300w, https:\/\/www.kunstmuseum.de\/wp-content\/uploads\/2024\/07\/Spezi_Forderer_en-768x181.png 768w, https:\/\/www.kunstmuseum.de\/wp-content\/uploads\/2024\/07\/Spezi_Forderer_en-100x24.png 100w, https:\/\/www.kunstmuseum.de\/wp-content\/uploads\/2024\/07\/Spezi_Forderer_en.png 1495w\" sizes=\"(max-width: 843px) 100vw, 843px\"><\/figure>\n","protected":false},"excerpt":{"rendered":"<p>With dynamic compo\u00adsi\u00adtions, intense color variety, and enigmatic motifs, the large-format paintings and expansive instal\u00adla\u00adtions of the Dominican-US-American artist Firelei B\u00e1ez (b. 1981) demand attention and invite the viewer into visually overwhel\u00adming experi\u00adences in today\u2019s oversti\u00admu\u00adlated culture. With dynamic compo\u00adsi\u00adtions, intense color variety, and enigmatic motifs, the large-format paintings and expansive instal\u00adla\u00adtions of the Dominican-US-American&nbsp;[\u2026]<\/p>\n","protected":false},"featured_media":0,"menu_order":0,"template":"","meta":{"wp_typography_post_enhancements_disabled":false,"kunstmuseum_formatted_page_title":"Ukrainian Dreamers. Kharkiv School of Photography","exhibition_title":"Firelei B\u00e1ez","exhibition_subtitle":"Trust Memory Over History","exhibition_alternative_text":"","exhibition_start_date":"2024-07-06T10:44:00","exhibition_end_date":"2024-10-13T10:44:00","exhibition_gallery":"[27196,27194,27188]","exhibition_poster":27788},"tags":[619],"yoast_head":"<!-- This site is optimized with the Yoast SEO plugin v19.4 - https:\/\/yoast.com\/wordpress\/plugins\/seo\/ -->\n<title>Firelei B\u00e1ez. Trust Memory Over History - Kunstmuseum Wolfsburg<\/title>\n<meta name=\"robots\" content=\"index, follow, max-snippet:-1, max-image-preview:large, max-video-preview:-1\" \/>\n<link rel=\"canonical\" href=\"https:\/\/www.kunstmuseum.de\/en\/exhibition\/firelei-baez-trust-memory-over-history\/\" \/>\n<meta property=\"og:locale\" content=\"en_US\" \/>\n<meta property=\"og:type\" content=\"article\" \/>\n<meta property=\"og:title\" content=\"Firelei B\u00e1ez. Trust Memory Over History - Kunstmuseum Wolfsburg\" \/>\n<meta property=\"og:description\" content=\"With dynamic compo\u00adsi\u00adtions, intense color variety, and enigmatic motifs, the large-format paintings and expansive instal\u00adla\u00adtions of the Dominican-US-American artist Firelei B\u00e1ez (b. 1981) demand attention and invite the viewer into visually overwhel\u00adming experi\u00adences in today\u2019s oversti\u00admu\u00adlated culture. With dynamic compo\u00adsi\u00adtions, intense color variety, and enigmatic motifs, the large-format paintings and expansive instal\u00adla\u00adtions of the Dominican-US-American [&hellip;]\" \/>\n<meta property=\"og:url\" content=\"https:\/\/www.kunstmuseum.de\/en\/exhibition\/firelei-baez-trust-memory-over-history\/\" \/>\n<meta property=\"og:site_name\" content=\"Kunstmuseum Wolfsburg\" \/>\n<meta property=\"article:publisher\" content=\"https:\/\/www.facebook.com\/KunstmuseumWolfsburg\" \/>\n<meta property=\"article:modified_time\" content=\"2025-03-17T15:38:11+00:00\" \/>\n<meta property=\"og:image\" content=\"https:\/\/www.kunstmuseum.de\/wp-content\/uploads\/2023\/12\/Unbenannt_2-1024x812.jpg\" \/>\n<meta name=\"twitter:card\" content=\"summary_large_image\" \/>\n<meta name=\"twitter:site\" content=\"@kunstmuseumwob\" \/>\n<meta name=\"twitter:label1\" content=\"Est. reading time\" \/>\n\t<meta name=\"twitter:data1\" content=\"3 minutes\" \/>\n<script type=\"application\/ld+json\" class=\"yoast-schema-graph\">{\"@context\":\"https:\/\/schema.org\",\"@graph\":[{\"@type\":\"Organization\",\"@id\":\"https:\/\/www.kunstmuseum.de\/en\/#organization\",\"name\":\"Kunstmuseum Wolfsburg\",\"url\":\"https:\/\/www.kunstmuseum.de\/en\/\",\"sameAs\":[\"https:\/\/www.instagram.com\/kunstmuseumwolfsburg\/\",\"https:\/\/www.linkedin.com\/company\/kunstmuseum-wolfsburg\/\",\"https:\/\/www.youtube.com\/user\/KunstmuseumWolfsburg\",\"https:\/\/de.wikipedia.org\/wiki\/Kunstmuseum_Wolfsburg\",\"https:\/\/www.facebook.com\/KunstmuseumWolfsburg\",\"https:\/\/twitter.com\/kunstmuseumwob\"],\"logo\":{\"@type\":\"ImageObject\",\"inLanguage\":\"en-US\",\"@id\":\"https:\/\/www.kunstmuseum.de\/en\/#\/schema\/logo\/image\/\",\"url\":\"https:\/\/www.kunstmuseum.de\/wp-content\/uploads\/2020\/05\/191125_KMW_Wortmarke_RGB_schwarz.svg\",\"contentUrl\":\"https:\/\/www.kunstmuseum.de\/wp-content\/uploads\/2020\/05\/191125_KMW_Wortmarke_RGB_schwarz.svg\",\"caption\":\"Kunstmuseum Wolfsburg\"},\"image\":{\"@id\":\"https:\/\/www.kunstmuseum.de\/en\/#\/schema\/logo\/image\/\"}},{\"@type\":\"WebSite\",\"@id\":\"https:\/\/www.kunstmuseum.de\/en\/#website\",\"url\":\"https:\/\/www.kunstmuseum.de\/en\/\",\"name\":\"Kunstmuseum Wolfsburg\",\"description\":\"\",\"publisher\":{\"@id\":\"https:\/\/www.kunstmuseum.de\/en\/#organization\"},\"potentialAction\":[{\"@type\":\"SearchAction\",\"target\":{\"@type\":\"EntryPoint\",\"urlTemplate\":\"https:\/\/www.kunstmuseum.de\/en\/?s={search_term_string}\"},\"query-input\":\"required name=search_term_string\"}],\"inLanguage\":\"en-US\"},{\"@type\":\"WebPage\",\"@id\":\"https:\/\/www.kunstmuseum.de\/en\/exhibition\/firelei-baez-trust-memory-over-history\/\",\"url\":\"https:\/\/www.kunstmuseum.de\/en\/exhibition\/firelei-baez-trust-memory-over-history\/\",\"name\":\"Firelei B\u00e1ez. Trust Memory Over History - Kunstmuseum Wolfsburg\",\"isPartOf\":{\"@id\":\"https:\/\/www.kunstmuseum.de\/en\/#website\"},\"datePublished\":\"2023-12-21T14:25:27+00:00\",\"dateModified\":\"2025-03-17T15:38:11+00:00\",\"breadcrumb\":{\"@id\":\"https:\/\/www.kunstmuseum.de\/en\/exhibition\/firelei-baez-trust-memory-over-history\/#breadcrumb\"},\"inLanguage\":\"en-US\",\"potentialAction\":[{\"@type\":\"ReadAction\",\"target\":[\"https:\/\/www.kunstmuseum.de\/en\/exhibition\/firelei-baez-trust-memory-over-history\/\"]}]},{\"@type\":\"BreadcrumbList\",\"@id\":\"https:\/\/www.kunstmuseum.de\/en\/exhibition\/firelei-baez-trust-memory-over-history\/#breadcrumb\",\"itemListElement\":[{\"@type\":\"ListItem\",\"position\":1,\"name\":\"Startseite\",\"item\":\"https:\/\/www.kunstmuseum.de\/en\/\"},{\"@type\":\"ListItem\",\"position\":2,\"name\":\"Exhibitions\",\"item\":\"https:\/\/www.kunstmuseum.de\/en\/exhibition\/\"},{\"@type\":\"ListItem\",\"position\":3,\"name\":\"Firelei B\u00e1ez. Trust Memory Over History\"}]}]}<\/script>\n<!-- \/ Yoast SEO plugin. -->","yoast_head_json":{"title":"Firelei B\u00e1ez. Trust Memory Over History - Kunstmuseum Wolfsburg","robots":{"index":"index","follow":"follow","max-snippet":"max-snippet:-1","max-image-preview":"max-image-preview:large","max-video-preview":"max-video-preview:-1"},"canonical":"https:\/\/www.kunstmuseum.de\/en\/exhibition\/firelei-baez-trust-memory-over-history\/","og_locale":"en_US","og_type":"article","og_title":"Firelei B\u00e1ez. Trust Memory Over History - Kunstmuseum Wolfsburg","og_description":"With dynamic compo\u00adsi\u00adtions, intense color variety, and enigmatic motifs, the large-format paintings and expansive instal\u00adla\u00adtions of the Dominican-US-American artist Firelei B\u00e1ez (b. 1981) demand attention and invite the viewer into visually overwhel\u00adming experi\u00adences in today\u2019s oversti\u00admu\u00adlated culture. With dynamic compo\u00adsi\u00adtions, intense color variety, and enigmatic motifs, the large-format paintings and expansive instal\u00adla\u00adtions of the Dominican-US-American [&hellip;]","og_url":"https:\/\/www.kunstmuseum.de\/en\/exhibition\/firelei-baez-trust-memory-over-history\/","og_site_name":"Kunstmuseum Wolfsburg","article_publisher":"https:\/\/www.facebook.com\/KunstmuseumWolfsburg","article_modified_time":"2025-03-17T15:38:11+00:00","og_image":[{"url":"https:\/\/www.kunstmuseum.de\/wp-content\/uploads\/2023\/12\/Unbenannt_2-1024x812.jpg"}],"twitter_card":"summary_large_image","twitter_site":"@kunstmuseumwob","twitter_misc":{"Est. reading time":"3 minutes"},"schema":{"@context":"https:\/\/schema.org","@graph":[{"@type":"Organization","@id":"https:\/\/www.kunstmuseum.de\/en\/#organization","name":"Kunstmuseum Wolfsburg","url":"https:\/\/www.kunstmuseum.de\/en\/","sameAs":["https:\/\/www.instagram.com\/kunstmuseumwolfsburg\/","https:\/\/www.linkedin.com\/company\/kunstmuseum-wolfsburg\/","https:\/\/www.youtube.com\/user\/KunstmuseumWolfsburg","https:\/\/de.wikipedia.org\/wiki\/Kunstmuseum_Wolfsburg","https:\/\/www.facebook.com\/KunstmuseumWolfsburg","https:\/\/twitter.com\/kunstmuseumwob"],"logo":{"@type":"ImageObject","inLanguage":"en-US","@id":"https:\/\/www.kunstmuseum.de\/en\/#\/schema\/logo\/image\/","url":"https:\/\/www.kunstmuseum.de\/wp-content\/uploads\/2020\/05\/191125_KMW_Wortmarke_RGB_schwarz.svg","contentUrl":"https:\/\/www.kunstmuseum.de\/wp-content\/uploads\/2020\/05\/191125_KMW_Wortmarke_RGB_schwarz.svg","caption":"Kunstmuseum Wolfsburg"},"image":{"@id":"https:\/\/www.kunstmuseum.de\/en\/#\/schema\/logo\/image\/"}},{"@type":"WebSite","@id":"https:\/\/www.kunstmuseum.de\/en\/#website","url":"https:\/\/www.kunstmuseum.de\/en\/","name":"Kunstmuseum Wolfsburg","description":"","publisher":{"@id":"https:\/\/www.kunstmuseum.de\/en\/#organization"},"potentialAction":[{"@type":"SearchAction","target":{"@type":"EntryPoint","urlTemplate":"https:\/\/www.kunstmuseum.de\/en\/?s={search_term_string}"},"query-input":"required name=search_term_string"}],"inLanguage":"en-US"},{"@type":"WebPage","@id":"https:\/\/www.kunstmuseum.de\/en\/exhibition\/firelei-baez-trust-memory-over-history\/","url":"https:\/\/www.kunstmuseum.de\/en\/exhibition\/firelei-baez-trust-memory-over-history\/","name":"Firelei B\u00e1ez. Trust Memory Over History - Kunstmuseum Wolfsburg","isPartOf":{"@id":"https:\/\/www.kunstmuseum.de\/en\/#website"},"datePublished":"2023-12-21T14:25:27+00:00","dateModified":"2025-03-17T15:38:11+00:00","breadcrumb":{"@id":"https:\/\/www.kunstmuseum.de\/en\/exhibition\/firelei-baez-trust-memory-over-history\/#breadcrumb"},"inLanguage":"en-US","potentialAction":[{"@type":"ReadAction","target":["https:\/\/www.kunstmuseum.de\/en\/exhibition\/firelei-baez-trust-memory-over-history\/"]}]},{"@type":"BreadcrumbList","@id":"https:\/\/www.kunstmuseum.de\/en\/exhibition\/firelei-baez-trust-memory-over-history\/#breadcrumb","itemListElement":[{"@type":"ListItem","position":1,"name":"Startseite","item":"https:\/\/www.kunstmuseum.de\/en\/"},{"@type":"ListItem","position":2,"name":"Exhibitions","item":"https:\/\/www.kunstmuseum.de\/en\/exhibition\/"},{"@type":"ListItem","position":3,"name":"Firelei B\u00e1ez. Trust Memory Over History"}]}]}},"_links":{"self":[{"href":"https:\/\/www.kunstmuseum.de\/en\/wp-json\/wp\/v2\/exhibition\/24242"}],"collection":[{"href":"https:\/\/www.kunstmuseum.de\/en\/wp-json\/wp\/v2\/exhibition"}],"about":[{"href":"https:\/\/www.kunstmuseum.de\/en\/wp-json\/wp\/v2\/types\/exhibition"}],"version-history":[{"count":20,"href":"https:\/\/www.kunstmuseum.de\/en\/wp-json\/wp\/v2\/exhibition\/24242\/revisions"}],"predecessor-version":[{"id":29516,"href":"https:\/\/www.kunstmuseum.de\/en\/wp-json\/wp\/v2\/exhibition\/24242\/revisions\/29516"}],"wp:attachment":[{"href":"https:\/\/www.kunstmuseum.de\/en\/wp-json\/wp\/v2\/media?parent=24242"}],"wp:term":[{"taxonomy":"post_tag","embeddable":true,"href":"https:\/\/www.kunstmuseum.de\/en\/wp-json\/wp\/v2\/tags?post=24242"}],"curies":[{"name":"wp","href":"https:\/\/api.w.org\/{rel}","templated":true}]}}