{"id":27670,"date":"2025-01-09T09:37:31","date_gmt":"2025-01-09T08:37:31","guid":{"rendered":"https:\/\/www.kunstmuseum.de\/?post_type=exhibition&#038;p=27670"},"modified":"2026-02-17T13:46:45","modified_gmt":"2026-02-17T12:46:45","slug":"malgorzata-mirga-tas-eine-alternative-geschichte","status":"publish","type":"exhibition","link":"https:\/\/www.kunstmuseum.de\/en\/exhibition\/malgorzata-mirga-tas-eine-alternative-geschichte\/","title":{"rendered":"Ma\u0142gorzata Mirga-Tas. An Alternative Story"},"content":{"rendered":"\n<div class=\"wp-container-1 wp-block-buttons\">\n<div class=\"wp-block-button is-style-outline\"><a class=\"wp-block-button__link\" href=\"https:\/\/www.kunstmuseum.de\/mirga-tas-texts\/\">Exhibi\u00adtion&nbsp;texts<\/a><\/div>\n<\/div>\n\n\n\n<p><\/p>\n\n\n<div class=\"wp-block-exhibition-slider alignfull \"><div class=\"exhibition-slider\">\n\t<div class=\"swiper-container\">\n\t\t<div class=\"swiper-wrapper\">\n\t\t\t\t\t\t<div class=\"swiper-slide\">\n\t\t\t\t<img width=\"900\" height=\"600\" src=\"https:\/\/www.kunstmuseum.de\/wp-content\/uploads\/2025\/11\/20251118_Kunstmuseum_Wolfsburg_Malgorzata_Mirga_Tas_\u00a9_Marek_Kruszewski_0214_Rzeci-900x600.jpg\" class=\"attachment-exhibition-slider size-exhibition-slider\" alt loading=\"lazy\" srcset=\"https:\/\/www.kunstmuseum.de\/wp-content\/uploads\/2025\/11\/20251118_Kunstmuseum_Wolfsburg_Malgorzata_Mirga_Tas_\u00a9_Marek_Kruszewski_0214_Rzeci-900x600.jpg 900w, https:\/\/www.kunstmuseum.de\/wp-content\/uploads\/2025\/11\/20251118_Kunstmuseum_Wolfsburg_Malgorzata_Mirga_Tas_\u00a9_Marek_Kruszewski_0214_Rzeci-300x200.jpg 300w, https:\/\/www.kunstmuseum.de\/wp-content\/uploads\/2025\/11\/20251118_Kunstmuseum_Wolfsburg_Malgorzata_Mirga_Tas_\u00a9_Marek_Kruszewski_0214_Rzeci-1024x683.jpg 1024w, https:\/\/www.kunstmuseum.de\/wp-content\/uploads\/2025\/11\/20251118_Kunstmuseum_Wolfsburg_Malgorzata_Mirga_Tas_\u00a9_Marek_Kruszewski_0214_Rzeci-768x512.jpg 768w, https:\/\/www.kunstmuseum.de\/wp-content\/uploads\/2025\/11\/20251118_Kunstmuseum_Wolfsburg_Malgorzata_Mirga_Tas_\u00a9_Marek_Kruszewski_0214_Rzeci-1536x1025.jpg 1536w, https:\/\/www.kunstmuseum.de\/wp-content\/uploads\/2025\/11\/20251118_Kunstmuseum_Wolfsburg_Malgorzata_Mirga_Tas_\u00a9_Marek_Kruszewski_0214_Rzeci-2048x1366.jpg 2048w, https:\/\/www.kunstmuseum.de\/wp-content\/uploads\/2025\/11\/20251118_Kunstmuseum_Wolfsburg_Malgorzata_Mirga_Tas_\u00a9_Marek_Kruszewski_0214_Rzeci-100x67.jpg 100w\" sizes=\"(max-width: 900px) 100vw, 900px\">\t\t\t<\/div>\n\t\t\t\t\t\t<div class=\"swiper-slide\">\n\t\t\t\t<img width=\"900\" height=\"600\" src=\"https:\/\/www.kunstmuseum.de\/wp-content\/uploads\/2025\/11\/20251118_Kunstmuseum_Wolfsburg_Malgorzata_Mirga_Tas_\u00a9_Marek_Kruszewski_0170_Rzeci-900x600.jpg\" class=\"attachment-exhibition-slider size-exhibition-slider\" alt loading=\"lazy\" srcset=\"https:\/\/www.kunstmuseum.de\/wp-content\/uploads\/2025\/11\/20251118_Kunstmuseum_Wolfsburg_Malgorzata_Mirga_Tas_\u00a9_Marek_Kruszewski_0170_Rzeci-900x600.jpg 900w, https:\/\/www.kunstmuseum.de\/wp-content\/uploads\/2025\/11\/20251118_Kunstmuseum_Wolfsburg_Malgorzata_Mirga_Tas_\u00a9_Marek_Kruszewski_0170_Rzeci-300x200.jpg 300w, https:\/\/www.kunstmuseum.de\/wp-content\/uploads\/2025\/11\/20251118_Kunstmuseum_Wolfsburg_Malgorzata_Mirga_Tas_\u00a9_Marek_Kruszewski_0170_Rzeci-1024x683.jpg 1024w, https:\/\/www.kunstmuseum.de\/wp-content\/uploads\/2025\/11\/20251118_Kunstmuseum_Wolfsburg_Malgorzata_Mirga_Tas_\u00a9_Marek_Kruszewski_0170_Rzeci-768x512.jpg 768w, https:\/\/www.kunstmuseum.de\/wp-content\/uploads\/2025\/11\/20251118_Kunstmuseum_Wolfsburg_Malgorzata_Mirga_Tas_\u00a9_Marek_Kruszewski_0170_Rzeci-1536x1025.jpg 1536w, https:\/\/www.kunstmuseum.de\/wp-content\/uploads\/2025\/11\/20251118_Kunstmuseum_Wolfsburg_Malgorzata_Mirga_Tas_\u00a9_Marek_Kruszewski_0170_Rzeci-2048x1366.jpg 2048w, https:\/\/www.kunstmuseum.de\/wp-content\/uploads\/2025\/11\/20251118_Kunstmuseum_Wolfsburg_Malgorzata_Mirga_Tas_\u00a9_Marek_Kruszewski_0170_Rzeci-100x67.jpg 100w\" sizes=\"(max-width: 900px) 100vw, 900px\">\t\t\t<\/div>\n\t\t\t\t\t\t<div class=\"swiper-slide\">\n\t\t\t\t<img width=\"900\" height=\"600\" src=\"https:\/\/www.kunstmuseum.de\/wp-content\/uploads\/2025\/11\/20251118_Kunstmuseum_Wolfsburg_Malgorzata_Mirga_Tas_\u00a9_Marek_Kruszewski_0100_Rzeci-900x600.jpg\" class=\"attachment-exhibition-slider size-exhibition-slider\" alt loading=\"lazy\" srcset=\"https:\/\/www.kunstmuseum.de\/wp-content\/uploads\/2025\/11\/20251118_Kunstmuseum_Wolfsburg_Malgorzata_Mirga_Tas_\u00a9_Marek_Kruszewski_0100_Rzeci-900x600.jpg 900w, https:\/\/www.kunstmuseum.de\/wp-content\/uploads\/2025\/11\/20251118_Kunstmuseum_Wolfsburg_Malgorzata_Mirga_Tas_\u00a9_Marek_Kruszewski_0100_Rzeci-300x200.jpg 300w, https:\/\/www.kunstmuseum.de\/wp-content\/uploads\/2025\/11\/20251118_Kunstmuseum_Wolfsburg_Malgorzata_Mirga_Tas_\u00a9_Marek_Kruszewski_0100_Rzeci-1024x683.jpg 1024w, https:\/\/www.kunstmuseum.de\/wp-content\/uploads\/2025\/11\/20251118_Kunstmuseum_Wolfsburg_Malgorzata_Mirga_Tas_\u00a9_Marek_Kruszewski_0100_Rzeci-768x512.jpg 768w, https:\/\/www.kunstmuseum.de\/wp-content\/uploads\/2025\/11\/20251118_Kunstmuseum_Wolfsburg_Malgorzata_Mirga_Tas_\u00a9_Marek_Kruszewski_0100_Rzeci-1536x1025.jpg 1536w, https:\/\/www.kunstmuseum.de\/wp-content\/uploads\/2025\/11\/20251118_Kunstmuseum_Wolfsburg_Malgorzata_Mirga_Tas_\u00a9_Marek_Kruszewski_0100_Rzeci-2048x1366.jpg 2048w, https:\/\/www.kunstmuseum.de\/wp-content\/uploads\/2025\/11\/20251118_Kunstmuseum_Wolfsburg_Malgorzata_Mirga_Tas_\u00a9_Marek_Kruszewski_0100_Rzeci-100x67.jpg 100w\" sizes=\"(max-width: 900px) 100vw, 900px\">\t\t\t<\/div>\n\t\t\t\t\t\t<div class=\"swiper-slide\">\n\t\t\t\t<img width=\"900\" height=\"600\" src=\"https:\/\/www.kunstmuseum.de\/wp-content\/uploads\/2025\/11\/20251118_Kunstmuseum_Wolfsburg_Malgorzata_Mirga_Tas_\u00a9_Marek_Kruszewski_0002_Rzeci-900x600.jpg\" class=\"attachment-exhibition-slider size-exhibition-slider\" alt loading=\"lazy\" srcset=\"https:\/\/www.kunstmuseum.de\/wp-content\/uploads\/2025\/11\/20251118_Kunstmuseum_Wolfsburg_Malgorzata_Mirga_Tas_\u00a9_Marek_Kruszewski_0002_Rzeci-900x600.jpg 900w, https:\/\/www.kunstmuseum.de\/wp-content\/uploads\/2025\/11\/20251118_Kunstmuseum_Wolfsburg_Malgorzata_Mirga_Tas_\u00a9_Marek_Kruszewski_0002_Rzeci-300x200.jpg 300w, https:\/\/www.kunstmuseum.de\/wp-content\/uploads\/2025\/11\/20251118_Kunstmuseum_Wolfsburg_Malgorzata_Mirga_Tas_\u00a9_Marek_Kruszewski_0002_Rzeci-1024x683.jpg 1024w, https:\/\/www.kunstmuseum.de\/wp-content\/uploads\/2025\/11\/20251118_Kunstmuseum_Wolfsburg_Malgorzata_Mirga_Tas_\u00a9_Marek_Kruszewski_0002_Rzeci-768x512.jpg 768w, https:\/\/www.kunstmuseum.de\/wp-content\/uploads\/2025\/11\/20251118_Kunstmuseum_Wolfsburg_Malgorzata_Mirga_Tas_\u00a9_Marek_Kruszewski_0002_Rzeci-1536x1025.jpg 1536w, https:\/\/www.kunstmuseum.de\/wp-content\/uploads\/2025\/11\/20251118_Kunstmuseum_Wolfsburg_Malgorzata_Mirga_Tas_\u00a9_Marek_Kruszewski_0002_Rzeci-2048x1366.jpg 2048w, https:\/\/www.kunstmuseum.de\/wp-content\/uploads\/2025\/11\/20251118_Kunstmuseum_Wolfsburg_Malgorzata_Mirga_Tas_\u00a9_Marek_Kruszewski_0002_Rzeci-100x67.jpg 100w\" sizes=\"(max-width: 900px) 100vw, 900px\">\t\t\t<\/div>\n\t\t\t\t\t<\/div>\n\t<\/div>\n\t<button class=\"button-arrow open-credits-overlay\">\n\t\t<svg viewBox=\"0 0 14 14\">\n\t\t\t<path d=\"M5.977,13.852H16.608l-4.9,4.9,1.269,1.225,7-7-7-7L11.752,7.2l4.856,4.9H5.977Z\" transform=\"translate(-5.977 -5.977)\" \/>\n\t\t<\/svg>\n\t\tCredits\t<\/button>\n\t<div class=\"credits-overlay\" role=\"dialog\">\n\t\t<h3 class=\"h1\">Credits<\/h3>\n\t\t<div class=\"credits-list\">\n\t\t\t\t\t\t<div class=\"credit-item\">\n\t\t\t\t<img width=\"100\" height=\"67\" src=\"https:\/\/www.kunstmuseum.de\/wp-content\/uploads\/2025\/11\/20251118_Kunstmuseum_Wolfsburg_Malgorzata_Mirga_Tas_\u00a9_Marek_Kruszewski_0214_Rzeci-100x67.jpg\" class=\"attachment-credits-thumbnail size-credits-thumbnail\" alt loading=\"lazy\" srcset=\"https:\/\/www.kunstmuseum.de\/wp-content\/uploads\/2025\/11\/20251118_Kunstmuseum_Wolfsburg_Malgorzata_Mirga_Tas_\u00a9_Marek_Kruszewski_0214_Rzeci-100x67.jpg 100w, https:\/\/www.kunstmuseum.de\/wp-content\/uploads\/2025\/11\/20251118_Kunstmuseum_Wolfsburg_Malgorzata_Mirga_Tas_\u00a9_Marek_Kruszewski_0214_Rzeci-300x200.jpg 300w, https:\/\/www.kunstmuseum.de\/wp-content\/uploads\/2025\/11\/20251118_Kunstmuseum_Wolfsburg_Malgorzata_Mirga_Tas_\u00a9_Marek_Kruszewski_0214_Rzeci-1024x683.jpg 1024w, https:\/\/www.kunstmuseum.de\/wp-content\/uploads\/2025\/11\/20251118_Kunstmuseum_Wolfsburg_Malgorzata_Mirga_Tas_\u00a9_Marek_Kruszewski_0214_Rzeci-768x512.jpg 768w, https:\/\/www.kunstmuseum.de\/wp-content\/uploads\/2025\/11\/20251118_Kunstmuseum_Wolfsburg_Malgorzata_Mirga_Tas_\u00a9_Marek_Kruszewski_0214_Rzeci-1536x1025.jpg 1536w, https:\/\/www.kunstmuseum.de\/wp-content\/uploads\/2025\/11\/20251118_Kunstmuseum_Wolfsburg_Malgorzata_Mirga_Tas_\u00a9_Marek_Kruszewski_0214_Rzeci-2048x1366.jpg 2048w, https:\/\/www.kunstmuseum.de\/wp-content\/uploads\/2025\/11\/20251118_Kunstmuseum_Wolfsburg_Malgorzata_Mirga_Tas_\u00a9_Marek_Kruszewski_0214_Rzeci-900x600.jpg 900w\" sizes=\"(max-width: 100px) 100vw, 100px\">\t\t\t\t<p>Exhibi\u00adtion view: <em>Ma\u0142gorzata Mirga-Tas. An Alter\u00adna\u00adtive Story<\/em>, Kunst\u00admu\u00adseum Wolfsburg, 2025. Photo: Marek Kruszewski<\/p>\n\t\t\t<\/div>\n\t\t\t\t\t\t<div class=\"credit-item\">\n\t\t\t\t<img width=\"100\" height=\"67\" src=\"https:\/\/www.kunstmuseum.de\/wp-content\/uploads\/2025\/11\/20251118_Kunstmuseum_Wolfsburg_Malgorzata_Mirga_Tas_\u00a9_Marek_Kruszewski_0170_Rzeci-100x67.jpg\" class=\"attachment-credits-thumbnail size-credits-thumbnail\" alt loading=\"lazy\" srcset=\"https:\/\/www.kunstmuseum.de\/wp-content\/uploads\/2025\/11\/20251118_Kunstmuseum_Wolfsburg_Malgorzata_Mirga_Tas_\u00a9_Marek_Kruszewski_0170_Rzeci-100x67.jpg 100w, https:\/\/www.kunstmuseum.de\/wp-content\/uploads\/2025\/11\/20251118_Kunstmuseum_Wolfsburg_Malgorzata_Mirga_Tas_\u00a9_Marek_Kruszewski_0170_Rzeci-300x200.jpg 300w, https:\/\/www.kunstmuseum.de\/wp-content\/uploads\/2025\/11\/20251118_Kunstmuseum_Wolfsburg_Malgorzata_Mirga_Tas_\u00a9_Marek_Kruszewski_0170_Rzeci-1024x683.jpg 1024w, https:\/\/www.kunstmuseum.de\/wp-content\/uploads\/2025\/11\/20251118_Kunstmuseum_Wolfsburg_Malgorzata_Mirga_Tas_\u00a9_Marek_Kruszewski_0170_Rzeci-768x512.jpg 768w, https:\/\/www.kunstmuseum.de\/wp-content\/uploads\/2025\/11\/20251118_Kunstmuseum_Wolfsburg_Malgorzata_Mirga_Tas_\u00a9_Marek_Kruszewski_0170_Rzeci-1536x1025.jpg 1536w, https:\/\/www.kunstmuseum.de\/wp-content\/uploads\/2025\/11\/20251118_Kunstmuseum_Wolfsburg_Malgorzata_Mirga_Tas_\u00a9_Marek_Kruszewski_0170_Rzeci-2048x1366.jpg 2048w, https:\/\/www.kunstmuseum.de\/wp-content\/uploads\/2025\/11\/20251118_Kunstmuseum_Wolfsburg_Malgorzata_Mirga_Tas_\u00a9_Marek_Kruszewski_0170_Rzeci-900x600.jpg 900w\" sizes=\"(max-width: 100px) 100vw, 100px\">\t\t\t\t<p>Exhibi\u00adtion view: <em>Ma\u0142gorzata Mirga-Tas. An Alter\u00adna\u00adtive Story<\/em>, Kunst\u00admu\u00adseum Wolfsburg, 2025. Photo: Marek Kruszewski<\/p>\n\t\t\t<\/div>\n\t\t\t\t\t\t<div class=\"credit-item\">\n\t\t\t\t<img width=\"100\" height=\"67\" src=\"https:\/\/www.kunstmuseum.de\/wp-content\/uploads\/2025\/11\/20251118_Kunstmuseum_Wolfsburg_Malgorzata_Mirga_Tas_\u00a9_Marek_Kruszewski_0100_Rzeci-100x67.jpg\" class=\"attachment-credits-thumbnail size-credits-thumbnail\" alt loading=\"lazy\" srcset=\"https:\/\/www.kunstmuseum.de\/wp-content\/uploads\/2025\/11\/20251118_Kunstmuseum_Wolfsburg_Malgorzata_Mirga_Tas_\u00a9_Marek_Kruszewski_0100_Rzeci-100x67.jpg 100w, https:\/\/www.kunstmuseum.de\/wp-content\/uploads\/2025\/11\/20251118_Kunstmuseum_Wolfsburg_Malgorzata_Mirga_Tas_\u00a9_Marek_Kruszewski_0100_Rzeci-300x200.jpg 300w, https:\/\/www.kunstmuseum.de\/wp-content\/uploads\/2025\/11\/20251118_Kunstmuseum_Wolfsburg_Malgorzata_Mirga_Tas_\u00a9_Marek_Kruszewski_0100_Rzeci-1024x683.jpg 1024w, https:\/\/www.kunstmuseum.de\/wp-content\/uploads\/2025\/11\/20251118_Kunstmuseum_Wolfsburg_Malgorzata_Mirga_Tas_\u00a9_Marek_Kruszewski_0100_Rzeci-768x512.jpg 768w, https:\/\/www.kunstmuseum.de\/wp-content\/uploads\/2025\/11\/20251118_Kunstmuseum_Wolfsburg_Malgorzata_Mirga_Tas_\u00a9_Marek_Kruszewski_0100_Rzeci-1536x1025.jpg 1536w, https:\/\/www.kunstmuseum.de\/wp-content\/uploads\/2025\/11\/20251118_Kunstmuseum_Wolfsburg_Malgorzata_Mirga_Tas_\u00a9_Marek_Kruszewski_0100_Rzeci-2048x1366.jpg 2048w, https:\/\/www.kunstmuseum.de\/wp-content\/uploads\/2025\/11\/20251118_Kunstmuseum_Wolfsburg_Malgorzata_Mirga_Tas_\u00a9_Marek_Kruszewski_0100_Rzeci-900x600.jpg 900w\" sizes=\"(max-width: 100px) 100vw, 100px\">\t\t\t\t<p>Exhibi\u00adtion view: <em>Ma\u0142gorzata Mirga-Tas. An Alter\u00adna\u00adtive Story<\/em>, Kunst\u00admu\u00adseum Wolfsburg, 2025. Photo: Marek Kruszewski<\/p>\n\t\t\t<\/div>\n\t\t\t\t\t\t<div class=\"credit-item\">\n\t\t\t\t<img width=\"100\" height=\"67\" src=\"https:\/\/www.kunstmuseum.de\/wp-content\/uploads\/2025\/11\/20251118_Kunstmuseum_Wolfsburg_Malgorzata_Mirga_Tas_\u00a9_Marek_Kruszewski_0002_Rzeci-100x67.jpg\" class=\"attachment-credits-thumbnail size-credits-thumbnail\" alt loading=\"lazy\" srcset=\"https:\/\/www.kunstmuseum.de\/wp-content\/uploads\/2025\/11\/20251118_Kunstmuseum_Wolfsburg_Malgorzata_Mirga_Tas_\u00a9_Marek_Kruszewski_0002_Rzeci-100x67.jpg 100w, https:\/\/www.kunstmuseum.de\/wp-content\/uploads\/2025\/11\/20251118_Kunstmuseum_Wolfsburg_Malgorzata_Mirga_Tas_\u00a9_Marek_Kruszewski_0002_Rzeci-300x200.jpg 300w, https:\/\/www.kunstmuseum.de\/wp-content\/uploads\/2025\/11\/20251118_Kunstmuseum_Wolfsburg_Malgorzata_Mirga_Tas_\u00a9_Marek_Kruszewski_0002_Rzeci-1024x683.jpg 1024w, https:\/\/www.kunstmuseum.de\/wp-content\/uploads\/2025\/11\/20251118_Kunstmuseum_Wolfsburg_Malgorzata_Mirga_Tas_\u00a9_Marek_Kruszewski_0002_Rzeci-768x512.jpg 768w, https:\/\/www.kunstmuseum.de\/wp-content\/uploads\/2025\/11\/20251118_Kunstmuseum_Wolfsburg_Malgorzata_Mirga_Tas_\u00a9_Marek_Kruszewski_0002_Rzeci-1536x1025.jpg 1536w, https:\/\/www.kunstmuseum.de\/wp-content\/uploads\/2025\/11\/20251118_Kunstmuseum_Wolfsburg_Malgorzata_Mirga_Tas_\u00a9_Marek_Kruszewski_0002_Rzeci-2048x1366.jpg 2048w, https:\/\/www.kunstmuseum.de\/wp-content\/uploads\/2025\/11\/20251118_Kunstmuseum_Wolfsburg_Malgorzata_Mirga_Tas_\u00a9_Marek_Kruszewski_0002_Rzeci-900x600.jpg 900w\" sizes=\"(max-width: 100px) 100vw, 100px\">\t\t\t\t<p>Exhibi\u00adtion view: <em>Ma\u0142gorzata Mirga-Tas. An Alter\u00adna\u00adtive Story<\/em>, Kunst\u00admu\u00adseum Wolfsburg, 2025. Photo: Marek Kruszewski<\/p>\n\t\t\t<\/div>\n\t\t\t\t\t<\/div>\n\t<\/div>\n<\/div>\n<\/div>\n\n\n<div class=\"wp-container-2 wp-block-group alignfull has-gray-background-color has-background\">\n<h2>Infos<\/h2>\n\n\n\n<div class=\"wp-block-columns\">\n<div class=\"wp-block-column\" style=\"flex-basis:66.66%\">\n<p>Family, community, solida\u00adrity, and self-empower\u00adment, as well as exclusion and perse\u00adcu\u00adtion, are the defining themes in the work of the artist Ma\u0142gorzata Mirga-Tas (born 1978 in Zakopane, Poland). Through her textile \u201cpaintings,\u201d she connects the past and the present and tells a different, alter\u00adna\u00adtive story of unseen and margi\u00adna\u00adlized people.<\/p>\n\n\n\n<!--more-->\n\n\n\n<p>Ma\u0142gorzata Mirga-Tas focuses on the lives of the Romani people, Europe\u2019s largest ethnic minority, who have been margi\u00adna\u00adlized, discri\u00admi\u00adnated against, and perse\u00adcuted in Europe since the fourte\u00adenth century\u2014and often still are today. Through her visually powerful combi\u00adna\u00adtion of different textiles and patterns, she paints an intimate picture of the everyday life of the Romani, often linked to histo\u00adrical narra\u00adtives that frequently perpe\u00adtuate stereo\u00adtypes as external repre\u00adsen\u00adta\u00adtions. Mirga-Tas contrasts her powerful and sensitive images with the negative and stereo\u00adty\u00adpical percep\u00adtions of Romani people that still prevail today. In doing so, she brings to the fore voices and stories that are otherwise rarely heard.<\/p>\n\n\n\n<p>For Ma\u0142gorzata Mirga-Tas, the perspec\u00adtive of women in parti\u00adcular plays an important role\u2014in the sense of a <em>herstory<\/em>. Thus, well-known public figures from the Romani community frequently appear in her work. Mirga-Tas, a Romani activist herself, also devotes herself inten\u00adsi\u00advely to the women in her immediate environ\u00adment, including her friends and family members, such as her aunts and grandmother.<\/p>\n\n\n\n<p>Ma\u0142gorzata Mirga-Tas\u2019s works, some of which are large-format, are created in a collec\u00adtive process that begins with the material itself. The artist uses clothing and household textiles, such as curtains and towels, that she collects from her surroun\u00addings. She works with mostly used fabrics that already carry the stories of their previous owners. This lends her pictures a certain double authen\u00adti\u00adcity. Together with other women from her community, Mirga-Tas carefully assembles the textiles to create her colorful works.<\/p>\n\n\n\n<p>With this exhibi\u00adtion, the Kunst\u00admu\u00adseum Wolfsburg is showing the work of this extra\u00ador\u00addi\u00adnary artist on this scale for the first time in Germany, including almost the entire cycle <em>Re-enchan\u00adting the World<\/em>, with which Ma\u0142gorzata Mirga-Tas caused an inter\u00adna\u00adtional sensation since her appearance in the Polish Pavilion at the 2022 Venice Biennale. There, she became the first Romani artist to exhibit in a national pavilion.<\/p>\n\n\n\n<p>The exhibi\u00adtion was created in close colla\u00adbo\u00adra\u00adtion with Ma\u0142gorzata Mirga-Tas and is an inter\u00adna\u00adtional coope\u00adra\u00adtion with the Kunst\u00admu\u00adseum Luzern (Switz\u00ader\u00adland) and the Henie Onstad Kunst\u00adsenter (Norway).<\/p>\n<\/div>\n\n\n\n<div class=\"wp-block-column\" style=\"flex-basis:33.33%\">\n<p><em>Curator<\/em><br>Andreas Beitin<\/p>\n\n\n\n<p><em>Curato\u00adrial Assistant<\/em><br> Veronika Mehlhart<\/p>\n<\/div>\n<\/div>\n<\/div>\n\n\n\n<div style=\"height:100px\" aria-hidden=\"true\" class=\"wp-block-spacer\"><\/div>\n\n\n\n<div style=\"height:100px\" aria-hidden=\"true\" class=\"wp-block-spacer\"><\/div>\n\n\n\n<h2>Magazine<\/h2>\n\n\n\t\t<div class=\"wp-block-magazine alignfull \">\n\t\t\t<div class=\"magazine\" data-rest-baseuri=\"https:\/\/www.kunstmuseum.de\/en\/wp-json\/\">\n\t\t\t<article id=\"post-33675\" data-post-id=\"33675\" class=\"post-33675 post type-post status-publish format-standard has-post-thumbnail hentry category-unkategorisiert tag-freundeskreis-2 tag-malgorzata-mirga-tas tag-sammlung tag-young-generation\">\n\n\t\t<div class=\"post-thumbnail\">\n\t\t<a href=\"https:\/\/www.kunstmuseum.de\/en\/2026\/03\/wir-sagen-danke-der-freundeskreis-des-kunstmuseum-wolfsburg-ermoeglicht-den-ankauf-eines-grossen-werkes-von-malgorzata-mirga-tas\/\" aria-hidden=\"true\" tabindex=\"-1\">\n\t\t\t\t\t\t<img width=\"1024\" height=\"683\" src=\"https:\/\/www.kunstmuseum.de\/wp-content\/uploads\/2026\/03\/Kunstmuseum_Wolfsburg_Malgorzata_Mirga-Tas_\u00a9Martin_Ly-53-1024x683.jpg\" class=\"attachment-large size-large wp-post-image\" alt loading=\"lazy\" srcset=\"https:\/\/www.kunstmuseum.de\/wp-content\/uploads\/2026\/03\/Kunstmuseum_Wolfsburg_Malgorzata_Mirga-Tas_\u00a9Martin_Ly-53-1024x683.jpg 1024w, https:\/\/www.kunstmuseum.de\/wp-content\/uploads\/2026\/03\/Kunstmuseum_Wolfsburg_Malgorzata_Mirga-Tas_\u00a9Martin_Ly-53-300x200.jpg 300w, https:\/\/www.kunstmuseum.de\/wp-content\/uploads\/2026\/03\/Kunstmuseum_Wolfsburg_Malgorzata_Mirga-Tas_\u00a9Martin_Ly-53-768x512.jpg 768w, https:\/\/www.kunstmuseum.de\/wp-content\/uploads\/2026\/03\/Kunstmuseum_Wolfsburg_Malgorzata_Mirga-Tas_\u00a9Martin_Ly-53-1536x1024.jpg 1536w, https:\/\/www.kunstmuseum.de\/wp-content\/uploads\/2026\/03\/Kunstmuseum_Wolfsburg_Malgorzata_Mirga-Tas_\u00a9Martin_Ly-53-2048x1365.jpg 2048w, https:\/\/www.kunstmuseum.de\/wp-content\/uploads\/2026\/03\/Kunstmuseum_Wolfsburg_Malgorzata_Mirga-Tas_\u00a9Martin_Ly-53-900x600.jpg 900w, https:\/\/www.kunstmuseum.de\/wp-content\/uploads\/2026\/03\/Kunstmuseum_Wolfsburg_Malgorzata_Mirga-Tas_\u00a9Martin_Ly-53-100x67.jpg 100w\" sizes=\"(max-width: 1024px) 100vw, 1024px\">\t\t<\/a>\n\t<\/div>\n\t\n\t<div class=\"post-tags\">\n\t\t<a href=\"https:\/\/www.kunstmuseum.de\/en\/tag\/freundeskreis-2\/\" rel=\"tag\" class=\"button button-small\">Freun\u00addes\u00adkreis<\/a><a href=\"https:\/\/www.kunstmuseum.de\/en\/tag\/malgorzata-mirga-tas\/\" rel=\"tag\" class=\"button button-small\">Ma\u0142gorzata Mirga-Tas<\/a><a href=\"https:\/\/www.kunstmuseum.de\/en\/tag\/sammlung\/\" rel=\"tag\" class=\"button button-small\">Sammlung<\/a><a href=\"https:\/\/www.kunstmuseum.de\/en\/tag\/young-generation\/\" rel=\"tag\" class=\"button button-small\">Young Genera\u00adtion<\/a>\t<\/div>\n\n\t<h3 class=\"post-title h4\"><a href=\"https:\/\/www.kunstmuseum.de\/en\/2026\/03\/wir-sagen-danke-der-freundeskreis-des-kunstmuseum-wolfsburg-ermoeglicht-den-ankauf-eines-grossen-werkes-von-malgorzata-mirga-tas\/\" rel=\"bookmark\">Wir sagen Danke! Der Freundeskreis des Kunstmuseum Wolfsburg erm\u00f6glicht den Ankauf eines gro\u00dfen Werkes von Ma\u0142gorzata Mirga-Tas<\/a><\/h3>\n\n\t<\/article><!-- #post-33675 -->\n<article id=\"post-33088\" data-post-id=\"33088\" class=\"post-33088 post type-post status-publish format-standard has-post-thumbnail hentry category-unkategorisiert tag-freundeskreis-2 tag-malgorzata-mirga-tas tag-young-generation\">\n\n\t\t<div class=\"post-thumbnail\">\n\t\t<a href=\"https:\/\/www.kunstmuseum.de\/en\/2026\/02\/diy-kreativworkshop-kunst-trifft-fashion-textil-als-kuenstlerisches-material-erfahrbar-machen\/\" aria-hidden=\"true\" tabindex=\"-1\">\n\t\t\t\t\t\t<img width=\"1024\" height=\"768\" src=\"https:\/\/www.kunstmuseum.de\/wp-content\/uploads\/2026\/03\/IMG_4952-1-1024x768.jpg\" class=\"attachment-large size-large wp-post-image\" alt loading=\"lazy\" srcset=\"https:\/\/www.kunstmuseum.de\/wp-content\/uploads\/2026\/03\/IMG_4952-1-1024x768.jpg 1024w, https:\/\/www.kunstmuseum.de\/wp-content\/uploads\/2026\/03\/IMG_4952-1-300x225.jpg 300w, https:\/\/www.kunstmuseum.de\/wp-content\/uploads\/2026\/03\/IMG_4952-1-768x576.jpg 768w, https:\/\/www.kunstmuseum.de\/wp-content\/uploads\/2026\/03\/IMG_4952-1-1536x1152.jpg 1536w, https:\/\/www.kunstmuseum.de\/wp-content\/uploads\/2026\/03\/IMG_4952-1-2048x1536.jpg 2048w, https:\/\/www.kunstmuseum.de\/wp-content\/uploads\/2026\/03\/IMG_4952-1-800x600.jpg 800w, https:\/\/www.kunstmuseum.de\/wp-content\/uploads\/2026\/03\/IMG_4952-1-100x75.jpg 100w\" sizes=\"(max-width: 1024px) 100vw, 1024px\">\t\t<\/a>\n\t<\/div>\n\t\n\t<div class=\"post-tags\">\n\t\t<a href=\"https:\/\/www.kunstmuseum.de\/en\/tag\/freundeskreis-2\/\" rel=\"tag\" class=\"button button-small\">Freun\u00addes\u00adkreis<\/a><a href=\"https:\/\/www.kunstmuseum.de\/en\/tag\/malgorzata-mirga-tas\/\" rel=\"tag\" class=\"button button-small\">Ma\u0142gorzata Mirga-Tas<\/a><a href=\"https:\/\/www.kunstmuseum.de\/en\/tag\/young-generation\/\" rel=\"tag\" class=\"button button-small\">Young Genera\u00adtion<\/a>\t<\/div>\n\n\t<h3 class=\"post-title h4\"><a href=\"https:\/\/www.kunstmuseum.de\/en\/2026\/02\/diy-kreativworkshop-kunst-trifft-fashion-textil-als-kuenstlerisches-material-erfahrbar-machen\/\" rel=\"bookmark\">Kreativworkshop \u201eDATIV-GENITIV\u201c: Kunst trifft Fashion \u2013 Textil als k\u00fcnstlerisches Material erfahrbar machen<\/a><\/h3>\n\n\t<\/article><!-- #post-33088 -->\n<article id=\"post-32801\" data-post-id=\"32801\" class=\"post-32801 post type-post status-publish format-standard has-post-thumbnail hentry category-unkategorisiert tag-kunstvermittlung tag-malgorzata-mirga-tas tag-volkswagen-group-art4all\">\n\n\t\t<div class=\"post-thumbnail\">\n\t\t<a href=\"https:\/\/www.kunstmuseum.de\/en\/2026\/02\/volkswagen-group-art4all-am-18-februar-2026-podiumsdiskussion-und-artist-talk-mit-malgorzata-mirga-tas\/\" aria-hidden=\"true\" tabindex=\"-1\">\n\t\t\t\t\t\t<img width=\"1024\" height=\"683\" src=\"https:\/\/www.kunstmuseum.de\/wp-content\/uploads\/2026\/02\/20260218_Kunstmuseum_Wolfsburg_\u00a9Marek-Kruszewski_0813-1024x683.jpg\" class=\"attachment-large size-large wp-post-image\" alt loading=\"lazy\" srcset=\"https:\/\/www.kunstmuseum.de\/wp-content\/uploads\/2026\/02\/20260218_Kunstmuseum_Wolfsburg_\u00a9Marek-Kruszewski_0813-1024x683.jpg 1024w, https:\/\/www.kunstmuseum.de\/wp-content\/uploads\/2026\/02\/20260218_Kunstmuseum_Wolfsburg_\u00a9Marek-Kruszewski_0813-300x200.jpg 300w, https:\/\/www.kunstmuseum.de\/wp-content\/uploads\/2026\/02\/20260218_Kunstmuseum_Wolfsburg_\u00a9Marek-Kruszewski_0813-768x512.jpg 768w, https:\/\/www.kunstmuseum.de\/wp-content\/uploads\/2026\/02\/20260218_Kunstmuseum_Wolfsburg_\u00a9Marek-Kruszewski_0813-1536x1025.jpg 1536w, https:\/\/www.kunstmuseum.de\/wp-content\/uploads\/2026\/02\/20260218_Kunstmuseum_Wolfsburg_\u00a9Marek-Kruszewski_0813-2048x1366.jpg 2048w, https:\/\/www.kunstmuseum.de\/wp-content\/uploads\/2026\/02\/20260218_Kunstmuseum_Wolfsburg_\u00a9Marek-Kruszewski_0813-899x600.jpg 899w, https:\/\/www.kunstmuseum.de\/wp-content\/uploads\/2026\/02\/20260218_Kunstmuseum_Wolfsburg_\u00a9Marek-Kruszewski_0813-100x67.jpg 100w\" sizes=\"(max-width: 1024px) 100vw, 1024px\">\t\t<\/a>\n\t<\/div>\n\t\n\t<div class=\"post-tags\">\n\t\t<a href=\"https:\/\/www.kunstmuseum.de\/en\/tag\/kunstvermittlung\/\" rel=\"tag\" class=\"button button-small\">Kunst\u00adver\u00admitt\u00adlung<\/a><a href=\"https:\/\/www.kunstmuseum.de\/en\/tag\/malgorzata-mirga-tas\/\" rel=\"tag\" class=\"button button-small\">Ma\u0142gorzata Mirga-Tas<\/a><a href=\"https:\/\/www.kunstmuseum.de\/en\/tag\/volkswagen-group-art4all\/\" rel=\"tag\" class=\"button button-small\">Volks\u00adwagen Group Art4All<\/a>\t<\/div>\n\n\t<h3 class=\"post-title h4\"><a href=\"https:\/\/www.kunstmuseum.de\/en\/2026\/02\/volkswagen-group-art4all-am-18-februar-2026-podiumsdiskussion-und-artist-talk-mit-malgorzata-mirga-tas\/\" rel=\"bookmark\">Volkswagen Group Art4All am 18. Februar 2026 \u2013 Podiumsdiskussion und Artist Talk mit Ma\u0142gorzata Mirga-Tas<\/a><\/h3>\n\n\t<\/article><!-- #post-32801 -->\n<article id=\"post-32773\" data-post-id=\"32773\" class=\"post-32773 post type-post status-publish format-standard has-post-thumbnail hentry category-unkategorisiert tag-malgorzata-mirga-tas\">\n\n\t\t<div class=\"post-thumbnail\">\n\t\t<a href=\"https:\/\/www.kunstmuseum.de\/en\/2026\/02\/aica-deutschland-zeichnet-kunstmuseum-wolfsburg-aus\/\" aria-hidden=\"true\" tabindex=\"-1\">\n\t\t\t\t\t\t<img width=\"1024\" height=\"683\" src=\"https:\/\/www.kunstmuseum.de\/wp-content\/uploads\/2026\/02\/Kunstmuseum_Wolfsburg_Malgorzata_Mirga-Tas_\u00a9Martin_Ly-9-1024x683.jpg\" class=\"attachment-large size-large wp-post-image\" alt loading=\"lazy\" srcset=\"https:\/\/www.kunstmuseum.de\/wp-content\/uploads\/2026\/02\/Kunstmuseum_Wolfsburg_Malgorzata_Mirga-Tas_\u00a9Martin_Ly-9-1024x683.jpg 1024w, https:\/\/www.kunstmuseum.de\/wp-content\/uploads\/2026\/02\/Kunstmuseum_Wolfsburg_Malgorzata_Mirga-Tas_\u00a9Martin_Ly-9-300x200.jpg 300w, https:\/\/www.kunstmuseum.de\/wp-content\/uploads\/2026\/02\/Kunstmuseum_Wolfsburg_Malgorzata_Mirga-Tas_\u00a9Martin_Ly-9-768x512.jpg 768w, https:\/\/www.kunstmuseum.de\/wp-content\/uploads\/2026\/02\/Kunstmuseum_Wolfsburg_Malgorzata_Mirga-Tas_\u00a9Martin_Ly-9-1536x1024.jpg 1536w, https:\/\/www.kunstmuseum.de\/wp-content\/uploads\/2026\/02\/Kunstmuseum_Wolfsburg_Malgorzata_Mirga-Tas_\u00a9Martin_Ly-9-2048x1365.jpg 2048w, https:\/\/www.kunstmuseum.de\/wp-content\/uploads\/2026\/02\/Kunstmuseum_Wolfsburg_Malgorzata_Mirga-Tas_\u00a9Martin_Ly-9-900x600.jpg 900w, https:\/\/www.kunstmuseum.de\/wp-content\/uploads\/2026\/02\/Kunstmuseum_Wolfsburg_Malgorzata_Mirga-Tas_\u00a9Martin_Ly-9-100x67.jpg 100w\" sizes=\"(max-width: 1024px) 100vw, 1024px\">\t\t<\/a>\n\t<\/div>\n\t\n\t<div class=\"post-tags\">\n\t\t<a href=\"https:\/\/www.kunstmuseum.de\/en\/tag\/malgorzata-mirga-tas\/\" rel=\"tag\" class=\"button button-small\">Ma\u0142gorzata Mirga-Tas<\/a>\t<\/div>\n\n\t<h3 class=\"post-title h4\"><a href=\"https:\/\/www.kunstmuseum.de\/en\/2026\/02\/aica-deutschland-zeichnet-kunstmuseum-wolfsburg-aus\/\" rel=\"bookmark\">AICA Deutschland zeichnet Kunstmuseum Wolfsburg aus<\/a><\/h3>\n\n\t<\/article><!-- #post-32773 -->\n<article id=\"post-32640\" data-post-id=\"32640\" class=\"post-32640 post type-post status-publish format-standard has-post-thumbnail hentry category-unkategorisiert tag-kunstvermittlung tag-malgorzata-mirga-tas tag-volkswagen-group-art4all\">\n\n\t\t<div class=\"post-thumbnail\">\n\t\t<a href=\"https:\/\/www.kunstmuseum.de\/en\/2026\/01\/volkswagen-group-art4all-im-janaur-ein-abend-zwischen-kunst-musik-und-moeglichkeit\/\" aria-hidden=\"true\" tabindex=\"-1\">\n\t\t\t\t\t\t<img width=\"1024\" height=\"683\" src=\"https:\/\/www.kunstmuseum.de\/wp-content\/uploads\/2026\/02\/20260128-Kunsmuseum_Wolfsburg_\u00a9Marek_Kruszewski_0811_Rzeci-1024x683.jpg\" class=\"attachment-large size-large wp-post-image\" alt loading=\"lazy\" srcset=\"https:\/\/www.kunstmuseum.de\/wp-content\/uploads\/2026\/02\/20260128-Kunsmuseum_Wolfsburg_\u00a9Marek_Kruszewski_0811_Rzeci-1024x683.jpg 1024w, https:\/\/www.kunstmuseum.de\/wp-content\/uploads\/2026\/02\/20260128-Kunsmuseum_Wolfsburg_\u00a9Marek_Kruszewski_0811_Rzeci-300x200.jpg 300w, https:\/\/www.kunstmuseum.de\/wp-content\/uploads\/2026\/02\/20260128-Kunsmuseum_Wolfsburg_\u00a9Marek_Kruszewski_0811_Rzeci-768x512.jpg 768w, https:\/\/www.kunstmuseum.de\/wp-content\/uploads\/2026\/02\/20260128-Kunsmuseum_Wolfsburg_\u00a9Marek_Kruszewski_0811_Rzeci-1536x1025.jpg 1536w, https:\/\/www.kunstmuseum.de\/wp-content\/uploads\/2026\/02\/20260128-Kunsmuseum_Wolfsburg_\u00a9Marek_Kruszewski_0811_Rzeci-2048x1366.jpg 2048w, https:\/\/www.kunstmuseum.de\/wp-content\/uploads\/2026\/02\/20260128-Kunsmuseum_Wolfsburg_\u00a9Marek_Kruszewski_0811_Rzeci-899x600.jpg 899w, https:\/\/www.kunstmuseum.de\/wp-content\/uploads\/2026\/02\/20260128-Kunsmuseum_Wolfsburg_\u00a9Marek_Kruszewski_0811_Rzeci-100x67.jpg 100w\" sizes=\"(max-width: 1024px) 100vw, 1024px\">\t\t<\/a>\n\t<\/div>\n\t\n\t<div class=\"post-tags\">\n\t\t<a href=\"https:\/\/www.kunstmuseum.de\/en\/tag\/kunstvermittlung\/\" rel=\"tag\" class=\"button button-small\">Kunst\u00adver\u00admitt\u00adlung<\/a><a href=\"https:\/\/www.kunstmuseum.de\/en\/tag\/malgorzata-mirga-tas\/\" rel=\"tag\" class=\"button button-small\">Ma\u0142gorzata Mirga-Tas<\/a><a href=\"https:\/\/www.kunstmuseum.de\/en\/tag\/volkswagen-group-art4all\/\" rel=\"tag\" class=\"button button-small\">Volks\u00adwagen Group Art4All<\/a>\t<\/div>\n\n\t<h3 class=\"post-title h4\"><a href=\"https:\/\/www.kunstmuseum.de\/en\/2026\/01\/volkswagen-group-art4all-im-janaur-ein-abend-zwischen-kunst-musik-und-moeglichkeit\/\" rel=\"bookmark\">Das war Volkswagen Group Art4All im Januar<\/a><\/h3>\n\n\t<\/article><!-- #post-32640 -->\n<article id=\"post-32623\" data-post-id=\"32623\" class=\"post-32623 post type-post status-publish format-standard has-post-thumbnail hentry category-unkategorisiert tag-kunst-musica tag-malgorzata-mirga-tas\">\n\n\t\t<div class=\"post-thumbnail\">\n\t\t<a href=\"https:\/\/www.kunstmuseum.de\/en\/2026\/01\/kunst-musica-am-31-1-2026\/\" aria-hidden=\"true\" tabindex=\"-1\">\n\t\t\t\t\t\t<img width=\"1024\" height=\"683\" src=\"https:\/\/www.kunstmuseum.de\/wp-content\/uploads\/2025\/09\/Kunst-Musica-1024x683.png\" class=\"attachment-large size-large wp-post-image\" alt loading=\"lazy\" srcset=\"https:\/\/www.kunstmuseum.de\/wp-content\/uploads\/2025\/09\/Kunst-Musica-1024x683.png 1024w, https:\/\/www.kunstmuseum.de\/wp-content\/uploads\/2025\/09\/Kunst-Musica-300x200.png 300w, https:\/\/www.kunstmuseum.de\/wp-content\/uploads\/2025\/09\/Kunst-Musica-768x512.png 768w, https:\/\/www.kunstmuseum.de\/wp-content\/uploads\/2025\/09\/Kunst-Musica-1536x1024.png 1536w, https:\/\/www.kunstmuseum.de\/wp-content\/uploads\/2025\/09\/Kunst-Musica-2048x1365.png 2048w, https:\/\/www.kunstmuseum.de\/wp-content\/uploads\/2025\/09\/Kunst-Musica-900x600.png 900w, https:\/\/www.kunstmuseum.de\/wp-content\/uploads\/2025\/09\/Kunst-Musica-100x67.png 100w\" sizes=\"(max-width: 1024px) 100vw, 1024px\">\t\t<\/a>\n\t<\/div>\n\t\n\t<div class=\"post-tags\">\n\t\t<a href=\"https:\/\/www.kunstmuseum.de\/en\/tag\/kunst-musica\/\" rel=\"tag\" class=\"button button-small\">Kunst &amp; Musica<\/a><a href=\"https:\/\/www.kunstmuseum.de\/en\/tag\/malgorzata-mirga-tas\/\" rel=\"tag\" class=\"button button-small\">Ma\u0142gorzata Mirga-Tas<\/a>\t<\/div>\n\n\t<h3 class=\"post-title h4\"><a href=\"https:\/\/www.kunstmuseum.de\/en\/2026\/01\/kunst-musica-am-31-1-2026\/\" rel=\"bookmark\">Kunst &amp; Musica am 30.1.2026<\/a><\/h3>\n\n\t<\/article><!-- #post-32623 -->\n\t\t\t<\/div>\n\t\t<\/div>\n\t\t\n\n\n<h2>Press<\/h2>\n\n\n\n<div class=\"wp-block-columns\">\n<div class=\"wp-block-column\">\n<blockquote class=\"wp-block-quote\"><p><\/p><\/blockquote>\n<\/div>\n\n\n\n<div class=\"wp-block-column\">\n<blockquote class=\"wp-block-quote\"><p><\/p><\/blockquote>\n<\/div>\n\n\n\n<div class=\"wp-block-column\">\n<blockquote class=\"wp-block-quote\"><p><\/p><\/blockquote>\n<\/div>\n<\/div>\n\n\n\n<p><\/p>\n\n\n\n<div class=\"wp-block-columns\">\n<div class=\"wp-block-column\">\n<figure class=\"wp-block-image size-full\"><img loading=\"lazy\" width=\"887\" height=\"645\" src=\"https:\/\/www.kunstmuseum.de\/wp-content\/uploads\/2025\/09\/2025-09-19_Logozeile_en.png\" alt class=\"wp-image-31503\" srcset=\"https:\/\/www.kunstmuseum.de\/wp-content\/uploads\/2025\/09\/2025-09-19_Logozeile_en.png 887w, https:\/\/www.kunstmuseum.de\/wp-content\/uploads\/2025\/09\/2025-09-19_Logozeile_en-300x218.png 300w, https:\/\/www.kunstmuseum.de\/wp-content\/uploads\/2025\/09\/2025-09-19_Logozeile_en-768x558.png 768w, https:\/\/www.kunstmuseum.de\/wp-content\/uploads\/2025\/09\/2025-09-19_Logozeile_en-825x600.png 825w, https:\/\/www.kunstmuseum.de\/wp-content\/uploads\/2025\/09\/2025-09-19_Logozeile_en-100x73.png 100w\" sizes=\"(max-width: 887px) 100vw, 887px\"><\/figure>\n<\/div>\n\n\n\n<div class=\"wp-block-column\">\n<p><\/p>\n<\/div>\n\n\n\n<div class=\"wp-block-column\">\n<p><\/p>\n<\/div>\n<\/div>\n\n\n\n<div class=\"wp-block-columns\"><\/div>\n","protected":false},"excerpt":{"rendered":"<p>Family, community, solida\u00adrity, and self-empower\u00ad\u00adment, as well as exclusion and perse\u00adcu\u00adtion, are the defining themes in the work of the artist Ma\u0142gorzata Mirga-Tas (born 1978 in Zakopane, Poland). Through her textile \u201cpaintings,\u201d she connects the past and the present and tells a different, alter\u00adna\u00adtive story of unseen and margi\u00adna\u00adlized people. Family, community, solida\u00adrity, and self-empowerment,&nbsp;[\u2026]<\/p>\n","protected":false},"featured_media":33688,"menu_order":0,"template":"","meta":{"wp_typography_post_enhancements_disabled":false,"kunstmuseum_formatted_page_title":"Ma\u0142gorzata Mirga-Tas","exhibition_title":"Ma\u0142gorzata Mirga-Tas","exhibition_subtitle":"An Alternative Story","exhibition_alternative_text":"","exhibition_start_date":"2025-11-22T14:37:00","exhibition_end_date":"2026-03-15T14:37:00","exhibition_gallery":"[32231,32229,32227,32225]","exhibition_poster":0},"tags":[655],"yoast_head":"<!-- This site is optimized with the Yoast SEO plugin v19.4 - https:\/\/yoast.com\/wordpress\/plugins\/seo\/ -->\n<title>Ma\u0142gorzata Mirga-Tas. An Alternative Story - Kunstmuseum Wolfsburg<\/title>\n<meta name=\"robots\" content=\"index, follow, max-snippet:-1, max-image-preview:large, max-video-preview:-1\" \/>\n<link rel=\"canonical\" href=\"https:\/\/www.kunstmuseum.de\/en\/exhibition\/malgorzata-mirga-tas-eine-alternative-geschichte\/\" \/>\n<meta property=\"og:locale\" content=\"en_US\" \/>\n<meta property=\"og:type\" content=\"article\" \/>\n<meta property=\"og:title\" content=\"Ma\u0142gorzata Mirga-Tas. An Alternative Story - Kunstmuseum Wolfsburg\" \/>\n<meta property=\"og:description\" content=\"Family, community, solida\u00adrity, and self-empower\u00adment, as well as exclusion and perse\u00adcu\u00adtion, are the defining themes in the work of the artist Ma\u0142gorzata Mirga-Tas (born 1978 in Zakopane, Poland). Through her textile \u201cpaintings,\u201d she connects the past and the present and tells a different, alter\u00adna\u00adtive story of unseen and margi\u00adna\u00adlized people. Family, community, solida\u00adrity, and self-empower\u00adment, [&hellip;]\" \/>\n<meta property=\"og:url\" content=\"https:\/\/www.kunstmuseum.de\/en\/exhibition\/malgorzata-mirga-tas-eine-alternative-geschichte\/\" \/>\n<meta property=\"og:site_name\" content=\"Kunstmuseum Wolfsburg\" \/>\n<meta property=\"article:publisher\" content=\"https:\/\/www.facebook.com\/KunstmuseumWolfsburg\" \/>\n<meta property=\"article:modified_time\" content=\"2026-02-17T12:46:45+00:00\" \/>\n<meta property=\"og:image\" content=\"https:\/\/www.kunstmuseum.de\/wp-content\/uploads\/2025\/09\/2025-09-19_Logozeile_en.png\" \/>\n<meta name=\"twitter:card\" content=\"summary_large_image\" \/>\n<meta name=\"twitter:site\" content=\"@kunstmuseumwob\" \/>\n<meta name=\"twitter:label1\" content=\"Est. reading time\" \/>\n\t<meta name=\"twitter:data1\" content=\"3 minutes\" \/>\n<script type=\"application\/ld+json\" class=\"yoast-schema-graph\">{\"@context\":\"https:\/\/schema.org\",\"@graph\":[{\"@type\":\"Organization\",\"@id\":\"https:\/\/www.kunstmuseum.de\/en\/#organization\",\"name\":\"Kunstmuseum Wolfsburg\",\"url\":\"https:\/\/www.kunstmuseum.de\/en\/\",\"sameAs\":[\"https:\/\/www.instagram.com\/kunstmuseumwolfsburg\/\",\"https:\/\/www.linkedin.com\/company\/kunstmuseum-wolfsburg\/\",\"https:\/\/www.youtube.com\/user\/KunstmuseumWolfsburg\",\"https:\/\/de.wikipedia.org\/wiki\/Kunstmuseum_Wolfsburg\",\"https:\/\/www.facebook.com\/KunstmuseumWolfsburg\",\"https:\/\/twitter.com\/kunstmuseumwob\"],\"logo\":{\"@type\":\"ImageObject\",\"inLanguage\":\"en-US\",\"@id\":\"https:\/\/www.kunstmuseum.de\/en\/#\/schema\/logo\/image\/\",\"url\":\"https:\/\/www.kunstmuseum.de\/wp-content\/uploads\/2020\/05\/191125_KMW_Wortmarke_RGB_schwarz.svg\",\"contentUrl\":\"https:\/\/www.kunstmuseum.de\/wp-content\/uploads\/2020\/05\/191125_KMW_Wortmarke_RGB_schwarz.svg\",\"caption\":\"Kunstmuseum Wolfsburg\"},\"image\":{\"@id\":\"https:\/\/www.kunstmuseum.de\/en\/#\/schema\/logo\/image\/\"}},{\"@type\":\"WebSite\",\"@id\":\"https:\/\/www.kunstmuseum.de\/en\/#website\",\"url\":\"https:\/\/www.kunstmuseum.de\/en\/\",\"name\":\"Kunstmuseum Wolfsburg\",\"description\":\"\",\"publisher\":{\"@id\":\"https:\/\/www.kunstmuseum.de\/en\/#organization\"},\"potentialAction\":[{\"@type\":\"SearchAction\",\"target\":{\"@type\":\"EntryPoint\",\"urlTemplate\":\"https:\/\/www.kunstmuseum.de\/en\/?s={search_term_string}\"},\"query-input\":\"required name=search_term_string\"}],\"inLanguage\":\"en-US\"},{\"@type\":\"WebPage\",\"@id\":\"https:\/\/www.kunstmuseum.de\/en\/exhibition\/malgorzata-mirga-tas-eine-alternative-geschichte\/\",\"url\":\"https:\/\/www.kunstmuseum.de\/en\/exhibition\/malgorzata-mirga-tas-eine-alternative-geschichte\/\",\"name\":\"Ma\u0142gorzata Mirga-Tas. An Alternative Story - Kunstmuseum Wolfsburg\",\"isPartOf\":{\"@id\":\"https:\/\/www.kunstmuseum.de\/en\/#website\"},\"datePublished\":\"2025-01-09T08:37:31+00:00\",\"dateModified\":\"2026-02-17T12:46:45+00:00\",\"breadcrumb\":{\"@id\":\"https:\/\/www.kunstmuseum.de\/en\/exhibition\/malgorzata-mirga-tas-eine-alternative-geschichte\/#breadcrumb\"},\"inLanguage\":\"en-US\",\"potentialAction\":[{\"@type\":\"ReadAction\",\"target\":[\"https:\/\/www.kunstmuseum.de\/en\/exhibition\/malgorzata-mirga-tas-eine-alternative-geschichte\/\"]}]},{\"@type\":\"BreadcrumbList\",\"@id\":\"https:\/\/www.kunstmuseum.de\/en\/exhibition\/malgorzata-mirga-tas-eine-alternative-geschichte\/#breadcrumb\",\"itemListElement\":[{\"@type\":\"ListItem\",\"position\":1,\"name\":\"Startseite\",\"item\":\"https:\/\/www.kunstmuseum.de\/en\/\"},{\"@type\":\"ListItem\",\"position\":2,\"name\":\"Exhibitions\",\"item\":\"https:\/\/www.kunstmuseum.de\/en\/exhibition\/\"},{\"@type\":\"ListItem\",\"position\":3,\"name\":\"Ma\u0142gorzata Mirga-Tas. An Alternative Story\"}]}]}<\/script>\n<!-- \/ Yoast SEO plugin. -->","yoast_head_json":{"title":"Ma\u0142gorzata Mirga-Tas. An Alternative Story - Kunstmuseum Wolfsburg","robots":{"index":"index","follow":"follow","max-snippet":"max-snippet:-1","max-image-preview":"max-image-preview:large","max-video-preview":"max-video-preview:-1"},"canonical":"https:\/\/www.kunstmuseum.de\/en\/exhibition\/malgorzata-mirga-tas-eine-alternative-geschichte\/","og_locale":"en_US","og_type":"article","og_title":"Ma\u0142gorzata Mirga-Tas. An Alternative Story - Kunstmuseum Wolfsburg","og_description":"Family, community, solida\u00adrity, and self-empower\u00adment, as well as exclusion and perse\u00adcu\u00adtion, are the defining themes in the work of the artist Ma\u0142gorzata Mirga-Tas (born 1978 in Zakopane, Poland). Through her textile \u201cpaintings,\u201d she connects the past and the present and tells a different, alter\u00adna\u00adtive story of unseen and margi\u00adna\u00adlized people. Family, community, solida\u00adrity, and self-empower\u00adment, [&hellip;]","og_url":"https:\/\/www.kunstmuseum.de\/en\/exhibition\/malgorzata-mirga-tas-eine-alternative-geschichte\/","og_site_name":"Kunstmuseum Wolfsburg","article_publisher":"https:\/\/www.facebook.com\/KunstmuseumWolfsburg","article_modified_time":"2026-02-17T12:46:45+00:00","og_image":[{"url":"https:\/\/www.kunstmuseum.de\/wp-content\/uploads\/2025\/09\/2025-09-19_Logozeile_en.png"}],"twitter_card":"summary_large_image","twitter_site":"@kunstmuseumwob","twitter_misc":{"Est. reading time":"3 minutes"},"schema":{"@context":"https:\/\/schema.org","@graph":[{"@type":"Organization","@id":"https:\/\/www.kunstmuseum.de\/en\/#organization","name":"Kunstmuseum Wolfsburg","url":"https:\/\/www.kunstmuseum.de\/en\/","sameAs":["https:\/\/www.instagram.com\/kunstmuseumwolfsburg\/","https:\/\/www.linkedin.com\/company\/kunstmuseum-wolfsburg\/","https:\/\/www.youtube.com\/user\/KunstmuseumWolfsburg","https:\/\/de.wikipedia.org\/wiki\/Kunstmuseum_Wolfsburg","https:\/\/www.facebook.com\/KunstmuseumWolfsburg","https:\/\/twitter.com\/kunstmuseumwob"],"logo":{"@type":"ImageObject","inLanguage":"en-US","@id":"https:\/\/www.kunstmuseum.de\/en\/#\/schema\/logo\/image\/","url":"https:\/\/www.kunstmuseum.de\/wp-content\/uploads\/2020\/05\/191125_KMW_Wortmarke_RGB_schwarz.svg","contentUrl":"https:\/\/www.kunstmuseum.de\/wp-content\/uploads\/2020\/05\/191125_KMW_Wortmarke_RGB_schwarz.svg","caption":"Kunstmuseum Wolfsburg"},"image":{"@id":"https:\/\/www.kunstmuseum.de\/en\/#\/schema\/logo\/image\/"}},{"@type":"WebSite","@id":"https:\/\/www.kunstmuseum.de\/en\/#website","url":"https:\/\/www.kunstmuseum.de\/en\/","name":"Kunstmuseum Wolfsburg","description":"","publisher":{"@id":"https:\/\/www.kunstmuseum.de\/en\/#organization"},"potentialAction":[{"@type":"SearchAction","target":{"@type":"EntryPoint","urlTemplate":"https:\/\/www.kunstmuseum.de\/en\/?s={search_term_string}"},"query-input":"required name=search_term_string"}],"inLanguage":"en-US"},{"@type":"WebPage","@id":"https:\/\/www.kunstmuseum.de\/en\/exhibition\/malgorzata-mirga-tas-eine-alternative-geschichte\/","url":"https:\/\/www.kunstmuseum.de\/en\/exhibition\/malgorzata-mirga-tas-eine-alternative-geschichte\/","name":"Ma\u0142gorzata Mirga-Tas. An Alternative Story - Kunstmuseum Wolfsburg","isPartOf":{"@id":"https:\/\/www.kunstmuseum.de\/en\/#website"},"datePublished":"2025-01-09T08:37:31+00:00","dateModified":"2026-02-17T12:46:45+00:00","breadcrumb":{"@id":"https:\/\/www.kunstmuseum.de\/en\/exhibition\/malgorzata-mirga-tas-eine-alternative-geschichte\/#breadcrumb"},"inLanguage":"en-US","potentialAction":[{"@type":"ReadAction","target":["https:\/\/www.kunstmuseum.de\/en\/exhibition\/malgorzata-mirga-tas-eine-alternative-geschichte\/"]}]},{"@type":"BreadcrumbList","@id":"https:\/\/www.kunstmuseum.de\/en\/exhibition\/malgorzata-mirga-tas-eine-alternative-geschichte\/#breadcrumb","itemListElement":[{"@type":"ListItem","position":1,"name":"Startseite","item":"https:\/\/www.kunstmuseum.de\/en\/"},{"@type":"ListItem","position":2,"name":"Exhibitions","item":"https:\/\/www.kunstmuseum.de\/en\/exhibition\/"},{"@type":"ListItem","position":3,"name":"Ma\u0142gorzata Mirga-Tas. An Alternative Story"}]}]}},"_links":{"self":[{"href":"https:\/\/www.kunstmuseum.de\/en\/wp-json\/wp\/v2\/exhibition\/27670"}],"collection":[{"href":"https:\/\/www.kunstmuseum.de\/en\/wp-json\/wp\/v2\/exhibition"}],"about":[{"href":"https:\/\/www.kunstmuseum.de\/en\/wp-json\/wp\/v2\/types\/exhibition"}],"version-history":[{"count":16,"href":"https:\/\/www.kunstmuseum.de\/en\/wp-json\/wp\/v2\/exhibition\/27670\/revisions"}],"predecessor-version":[{"id":33073,"href":"https:\/\/www.kunstmuseum.de\/en\/wp-json\/wp\/v2\/exhibition\/27670\/revisions\/33073"}],"wp:featuredmedia":[{"embeddable":true,"href":"https:\/\/www.kunstmuseum.de\/en\/wp-json\/wp\/v2\/media\/33688"}],"wp:attachment":[{"href":"https:\/\/www.kunstmuseum.de\/en\/wp-json\/wp\/v2\/media?parent=27670"}],"wp:term":[{"taxonomy":"post_tag","embeddable":true,"href":"https:\/\/www.kunstmuseum.de\/en\/wp-json\/wp\/v2\/tags?post=27670"}],"curies":[{"name":"wp","href":"https:\/\/api.w.org\/{rel}","templated":true}]}}