{"id":3981,"date":"2020-07-08T14:37:20","date_gmt":"2020-07-08T12:37:20","guid":{"rendered":"http:\/\/kunstmuseum.mscg-it.de\/?post_type=exhibition&#038;p=3981"},"modified":"2024-03-12T10:18:02","modified_gmt":"2024-03-12T09:18:02","slug":"on-everyones-lips-from-pieter-bruegel-to-cindy-sherman","status":"publish","type":"exhibition","link":"https:\/\/www.kunstmuseum.de\/en\/exhibition\/on-everyones-lips-from-pieter-bruegel-to-cindy-sherman\/","title":{"rendered":"On Everyone\u2019s Lips. From Pieter Bruegel to Cindy Sherman."},"content":{"rendered":"\n<div class=\"wp-container-1 wp-block-buttons\">\n<div class=\"wp-block-button is-style-outline\"><a class=\"wp-block-button__link\" href=\"https:\/\/curatorial.kunstmuseum.de\/in-aller-munde\/\" target=\"_blank\" rel=\"noreferrer noopener\">Curato\u00adrial<\/a><\/div>\n\n\n\n<div class=\"wp-block-button is-style-outline\"><a class=\"wp-block-button__link\" href=\"https:\/\/www.kunstmuseum.de\/en\/calendar\/?event_exhibition=3974\">Veran\u00adstal\u00adtungen<\/a><\/div>\n<\/div>\n\n\n\n<h2>Images<\/h2>\n\n\n<div class=\"wp-block-exhibition-slider alignfull \"><div class=\"exhibition-slider\">\n\t<div class=\"swiper-container\">\n\t\t<div class=\"swiper-wrapper\">\n\t\t\t\t\t\t<div class=\"swiper-slide\">\n\t\t\t\t<img width=\"900\" height=\"600\" src=\"https:\/\/www.kunstmuseum.de\/wp-content\/uploads\/2020\/09\/201101_KMW_by_Kruszewski_1296-900x600.jpg\" class=\"attachment-exhibition-slider size-exhibition-slider\" alt loading=\"lazy\" srcset=\"https:\/\/www.kunstmuseum.de\/wp-content\/uploads\/2020\/09\/201101_KMW_by_Kruszewski_1296-900x600.jpg 900w, https:\/\/www.kunstmuseum.de\/wp-content\/uploads\/2020\/09\/201101_KMW_by_Kruszewski_1296-300x200.jpg 300w, https:\/\/www.kunstmuseum.de\/wp-content\/uploads\/2020\/09\/201101_KMW_by_Kruszewski_1296-1024x683.jpg 1024w, https:\/\/www.kunstmuseum.de\/wp-content\/uploads\/2020\/09\/201101_KMW_by_Kruszewski_1296-768x512.jpg 768w, https:\/\/www.kunstmuseum.de\/wp-content\/uploads\/2020\/09\/201101_KMW_by_Kruszewski_1296-100x67.jpg 100w, https:\/\/www.kunstmuseum.de\/wp-content\/uploads\/2020\/09\/201101_KMW_by_Kruszewski_1296.jpg 1500w\" sizes=\"(max-width: 900px) 100vw, 900px\">\t\t\t<\/div>\n\t\t\t\t\t\t<div class=\"swiper-slide\">\n\t\t\t\t<img width=\"900\" height=\"600\" src=\"https:\/\/www.kunstmuseum.de\/wp-content\/uploads\/2020\/09\/201101_KMW_by_Kruszewski_1492-900x600.jpg\" class=\"attachment-exhibition-slider size-exhibition-slider\" alt loading=\"lazy\" srcset=\"https:\/\/www.kunstmuseum.de\/wp-content\/uploads\/2020\/09\/201101_KMW_by_Kruszewski_1492-900x600.jpg 900w, https:\/\/www.kunstmuseum.de\/wp-content\/uploads\/2020\/09\/201101_KMW_by_Kruszewski_1492-300x200.jpg 300w, https:\/\/www.kunstmuseum.de\/wp-content\/uploads\/2020\/09\/201101_KMW_by_Kruszewski_1492-1024x683.jpg 1024w, https:\/\/www.kunstmuseum.de\/wp-content\/uploads\/2020\/09\/201101_KMW_by_Kruszewski_1492-768x512.jpg 768w, https:\/\/www.kunstmuseum.de\/wp-content\/uploads\/2020\/09\/201101_KMW_by_Kruszewski_1492-100x67.jpg 100w, https:\/\/www.kunstmuseum.de\/wp-content\/uploads\/2020\/09\/201101_KMW_by_Kruszewski_1492.jpg 1500w\" sizes=\"(max-width: 900px) 100vw, 900px\">\t\t\t<\/div>\n\t\t\t\t\t\t<div class=\"swiper-slide\">\n\t\t\t\t<img width=\"400\" height=\"600\" src=\"https:\/\/www.kunstmuseum.de\/wp-content\/uploads\/2020\/10\/Sen-Mithu-Phantom-Pain-2-2018-Kunstmuseum-Wolfsburg-400x600.jpg\" class=\"attachment-exhibition-slider size-exhibition-slider\" alt loading=\"lazy\" srcset=\"https:\/\/www.kunstmuseum.de\/wp-content\/uploads\/2020\/10\/Sen-Mithu-Phantom-Pain-2-2018-Kunstmuseum-Wolfsburg-400x600.jpg 400w, https:\/\/www.kunstmuseum.de\/wp-content\/uploads\/2020\/10\/Sen-Mithu-Phantom-Pain-2-2018-Kunstmuseum-Wolfsburg-200x300.jpg 200w, https:\/\/www.kunstmuseum.de\/wp-content\/uploads\/2020\/10\/Sen-Mithu-Phantom-Pain-2-2018-Kunstmuseum-Wolfsburg-682x1024.jpg 682w, https:\/\/www.kunstmuseum.de\/wp-content\/uploads\/2020\/10\/Sen-Mithu-Phantom-Pain-2-2018-Kunstmuseum-Wolfsburg-768x1152.jpg 768w, https:\/\/www.kunstmuseum.de\/wp-content\/uploads\/2020\/10\/Sen-Mithu-Phantom-Pain-2-2018-Kunstmuseum-Wolfsburg-100x150.jpg 100w, https:\/\/www.kunstmuseum.de\/wp-content\/uploads\/2020\/10\/Sen-Mithu-Phantom-Pain-2-2018-Kunstmuseum-Wolfsburg.jpg 933w\" sizes=\"(max-width: 400px) 100vw, 400px\">\t\t\t<\/div>\n\t\t\t\t\t\t<div class=\"swiper-slide\">\n\t\t\t\t<img width=\"900\" height=\"600\" src=\"https:\/\/www.kunstmuseum.de\/wp-content\/uploads\/2020\/09\/201101_KMW_by_Kruszewski_1366-900x600.jpg\" class=\"attachment-exhibition-slider size-exhibition-slider\" alt loading=\"lazy\" srcset=\"https:\/\/www.kunstmuseum.de\/wp-content\/uploads\/2020\/09\/201101_KMW_by_Kruszewski_1366-900x600.jpg 900w, https:\/\/www.kunstmuseum.de\/wp-content\/uploads\/2020\/09\/201101_KMW_by_Kruszewski_1366-300x200.jpg 300w, https:\/\/www.kunstmuseum.de\/wp-content\/uploads\/2020\/09\/201101_KMW_by_Kruszewski_1366-1024x683.jpg 1024w, https:\/\/www.kunstmuseum.de\/wp-content\/uploads\/2020\/09\/201101_KMW_by_Kruszewski_1366-768x512.jpg 768w, https:\/\/www.kunstmuseum.de\/wp-content\/uploads\/2020\/09\/201101_KMW_by_Kruszewski_1366-100x67.jpg 100w, https:\/\/www.kunstmuseum.de\/wp-content\/uploads\/2020\/09\/201101_KMW_by_Kruszewski_1366.jpg 1500w\" sizes=\"(max-width: 900px) 100vw, 900px\">\t\t\t<\/div>\n\t\t\t\t\t\t<div class=\"swiper-slide\">\n\t\t\t\t<img width=\"900\" height=\"600\" src=\"https:\/\/www.kunstmuseum.de\/wp-content\/uploads\/2020\/09\/201101_KMW_by_Kruszewski_1373-900x600.jpg\" class=\"attachment-exhibition-slider size-exhibition-slider\" alt loading=\"lazy\" srcset=\"https:\/\/www.kunstmuseum.de\/wp-content\/uploads\/2020\/09\/201101_KMW_by_Kruszewski_1373-900x600.jpg 900w, https:\/\/www.kunstmuseum.de\/wp-content\/uploads\/2020\/09\/201101_KMW_by_Kruszewski_1373-300x200.jpg 300w, https:\/\/www.kunstmuseum.de\/wp-content\/uploads\/2020\/09\/201101_KMW_by_Kruszewski_1373-1024x683.jpg 1024w, https:\/\/www.kunstmuseum.de\/wp-content\/uploads\/2020\/09\/201101_KMW_by_Kruszewski_1373-768x512.jpg 768w, https:\/\/www.kunstmuseum.de\/wp-content\/uploads\/2020\/09\/201101_KMW_by_Kruszewski_1373-100x67.jpg 100w, https:\/\/www.kunstmuseum.de\/wp-content\/uploads\/2020\/09\/201101_KMW_by_Kruszewski_1373.jpg 1500w\" sizes=\"(max-width: 900px) 100vw, 900px\">\t\t\t<\/div>\n\t\t\t\t\t\t<div class=\"swiper-slide\">\n\t\t\t\t<img width=\"900\" height=\"600\" src=\"https:\/\/www.kunstmuseum.de\/wp-content\/uploads\/2020\/09\/201101_KMW_by_Kruszewski_1375-900x600.jpg\" class=\"attachment-exhibition-slider size-exhibition-slider\" alt loading=\"lazy\" srcset=\"https:\/\/www.kunstmuseum.de\/wp-content\/uploads\/2020\/09\/201101_KMW_by_Kruszewski_1375-900x600.jpg 900w, https:\/\/www.kunstmuseum.de\/wp-content\/uploads\/2020\/09\/201101_KMW_by_Kruszewski_1375-300x200.jpg 300w, https:\/\/www.kunstmuseum.de\/wp-content\/uploads\/2020\/09\/201101_KMW_by_Kruszewski_1375-1024x683.jpg 1024w, https:\/\/www.kunstmuseum.de\/wp-content\/uploads\/2020\/09\/201101_KMW_by_Kruszewski_1375-768x512.jpg 768w, https:\/\/www.kunstmuseum.de\/wp-content\/uploads\/2020\/09\/201101_KMW_by_Kruszewski_1375-100x67.jpg 100w, https:\/\/www.kunstmuseum.de\/wp-content\/uploads\/2020\/09\/201101_KMW_by_Kruszewski_1375.jpg 1500w\" sizes=\"(max-width: 900px) 100vw, 900px\">\t\t\t<\/div>\n\t\t\t\t\t\t<div class=\"swiper-slide\">\n\t\t\t\t<img width=\"900\" height=\"600\" src=\"https:\/\/www.kunstmuseum.de\/wp-content\/uploads\/2020\/09\/201101_KMW_by_Kruszewski_1481-900x600.jpg\" class=\"attachment-exhibition-slider size-exhibition-slider\" alt loading=\"lazy\" srcset=\"https:\/\/www.kunstmuseum.de\/wp-content\/uploads\/2020\/09\/201101_KMW_by_Kruszewski_1481-900x600.jpg 900w, https:\/\/www.kunstmuseum.de\/wp-content\/uploads\/2020\/09\/201101_KMW_by_Kruszewski_1481-300x200.jpg 300w, https:\/\/www.kunstmuseum.de\/wp-content\/uploads\/2020\/09\/201101_KMW_by_Kruszewski_1481-1024x683.jpg 1024w, https:\/\/www.kunstmuseum.de\/wp-content\/uploads\/2020\/09\/201101_KMW_by_Kruszewski_1481-768x512.jpg 768w, https:\/\/www.kunstmuseum.de\/wp-content\/uploads\/2020\/09\/201101_KMW_by_Kruszewski_1481-100x67.jpg 100w, https:\/\/www.kunstmuseum.de\/wp-content\/uploads\/2020\/09\/201101_KMW_by_Kruszewski_1481.jpg 1500w\" sizes=\"(max-width: 900px) 100vw, 900px\">\t\t\t<\/div>\n\t\t\t\t\t\t<div class=\"swiper-slide\">\n\t\t\t\t<img width=\"900\" height=\"600\" src=\"https:\/\/www.kunstmuseum.de\/wp-content\/uploads\/2020\/09\/201101_KMW_by_Kruszewski_1384-900x600.jpg\" class=\"attachment-exhibition-slider size-exhibition-slider\" alt loading=\"lazy\" srcset=\"https:\/\/www.kunstmuseum.de\/wp-content\/uploads\/2020\/09\/201101_KMW_by_Kruszewski_1384-900x600.jpg 900w, https:\/\/www.kunstmuseum.de\/wp-content\/uploads\/2020\/09\/201101_KMW_by_Kruszewski_1384-300x200.jpg 300w, https:\/\/www.kunstmuseum.de\/wp-content\/uploads\/2020\/09\/201101_KMW_by_Kruszewski_1384-1024x683.jpg 1024w, https:\/\/www.kunstmuseum.de\/wp-content\/uploads\/2020\/09\/201101_KMW_by_Kruszewski_1384-768x512.jpg 768w, https:\/\/www.kunstmuseum.de\/wp-content\/uploads\/2020\/09\/201101_KMW_by_Kruszewski_1384-100x67.jpg 100w, https:\/\/www.kunstmuseum.de\/wp-content\/uploads\/2020\/09\/201101_KMW_by_Kruszewski_1384.jpg 1500w\" sizes=\"(max-width: 900px) 100vw, 900px\">\t\t\t<\/div>\n\t\t\t\t\t<\/div>\n\t<\/div>\n\t<button class=\"button-arrow open-credits-overlay\">\n\t\t<svg viewBox=\"0 0 14 14\">\n\t\t\t<path d=\"M5.977,13.852H16.608l-4.9,4.9,1.269,1.225,7-7-7-7L11.752,7.2l4.856,4.9H5.977Z\" transform=\"translate(-5.977 -5.977)\" \/>\n\t\t<\/svg>\n\t\tCredits\t<\/button>\n\t<div class=\"credits-overlay\" role=\"dialog\">\n\t\t<h3 class=\"h1\">Credits<\/h3>\n\t\t<div class=\"credits-list\">\n\t\t\t\t\t\t<div class=\"credit-item\">\n\t\t\t\t<img width=\"100\" height=\"67\" src=\"https:\/\/www.kunstmuseum.de\/wp-content\/uploads\/2020\/09\/201101_KMW_by_Kruszewski_1296-100x67.jpg\" class=\"attachment-credits-thumbnail size-credits-thumbnail\" alt loading=\"lazy\" srcset=\"https:\/\/www.kunstmuseum.de\/wp-content\/uploads\/2020\/09\/201101_KMW_by_Kruszewski_1296-100x67.jpg 100w, https:\/\/www.kunstmuseum.de\/wp-content\/uploads\/2020\/09\/201101_KMW_by_Kruszewski_1296-300x200.jpg 300w, https:\/\/www.kunstmuseum.de\/wp-content\/uploads\/2020\/09\/201101_KMW_by_Kruszewski_1296-1024x683.jpg 1024w, https:\/\/www.kunstmuseum.de\/wp-content\/uploads\/2020\/09\/201101_KMW_by_Kruszewski_1296-768x512.jpg 768w, https:\/\/www.kunstmuseum.de\/wp-content\/uploads\/2020\/09\/201101_KMW_by_Kruszewski_1296-900x600.jpg 900w, https:\/\/www.kunstmuseum.de\/wp-content\/uploads\/2020\/09\/201101_KMW_by_Kruszewski_1296.jpg 1500w\" sizes=\"(max-width: 100px) 100vw, 100px\">\t\t\t\t<p>Er\u00f6ff\u00adnungs\u00adwo\u00adchen\u00adende <em>In aller Munde. Von Pieter Bruegel bis Cindy Sherman<\/em>, Foto: Marek Kruszewski<\/p>\n\t\t\t<\/div>\n\t\t\t\t\t\t<div class=\"credit-item\">\n\t\t\t\t<img width=\"100\" height=\"67\" src=\"https:\/\/www.kunstmuseum.de\/wp-content\/uploads\/2020\/09\/201101_KMW_by_Kruszewski_1492-100x67.jpg\" class=\"attachment-credits-thumbnail size-credits-thumbnail\" alt loading=\"lazy\" srcset=\"https:\/\/www.kunstmuseum.de\/wp-content\/uploads\/2020\/09\/201101_KMW_by_Kruszewski_1492-100x67.jpg 100w, https:\/\/www.kunstmuseum.de\/wp-content\/uploads\/2020\/09\/201101_KMW_by_Kruszewski_1492-300x200.jpg 300w, https:\/\/www.kunstmuseum.de\/wp-content\/uploads\/2020\/09\/201101_KMW_by_Kruszewski_1492-1024x683.jpg 1024w, https:\/\/www.kunstmuseum.de\/wp-content\/uploads\/2020\/09\/201101_KMW_by_Kruszewski_1492-768x512.jpg 768w, https:\/\/www.kunstmuseum.de\/wp-content\/uploads\/2020\/09\/201101_KMW_by_Kruszewski_1492-900x600.jpg 900w, https:\/\/www.kunstmuseum.de\/wp-content\/uploads\/2020\/09\/201101_KMW_by_Kruszewski_1492.jpg 1500w\" sizes=\"(max-width: 100px) 100vw, 100px\">\t\t\t\t<p>Mithu Sen, <em>Phantom Pain 2<\/em>, 2018, Kunst\u00admu\u00adseum Wolfsburg, \u00a9 Mithu Sen, Foto: Marek Kruszewski<\/p>\n\t\t\t<\/div>\n\t\t\t\t\t\t<div class=\"credit-item\">\n\t\t\t\t<img width=\"100\" height=\"150\" src=\"https:\/\/www.kunstmuseum.de\/wp-content\/uploads\/2020\/10\/Sen-Mithu-Phantom-Pain-2-2018-Kunstmuseum-Wolfsburg-100x150.jpg\" class=\"attachment-credits-thumbnail size-credits-thumbnail\" alt loading=\"lazy\" srcset=\"https:\/\/www.kunstmuseum.de\/wp-content\/uploads\/2020\/10\/Sen-Mithu-Phantom-Pain-2-2018-Kunstmuseum-Wolfsburg-100x150.jpg 100w, https:\/\/www.kunstmuseum.de\/wp-content\/uploads\/2020\/10\/Sen-Mithu-Phantom-Pain-2-2018-Kunstmuseum-Wolfsburg-200x300.jpg 200w, https:\/\/www.kunstmuseum.de\/wp-content\/uploads\/2020\/10\/Sen-Mithu-Phantom-Pain-2-2018-Kunstmuseum-Wolfsburg-682x1024.jpg 682w, https:\/\/www.kunstmuseum.de\/wp-content\/uploads\/2020\/10\/Sen-Mithu-Phantom-Pain-2-2018-Kunstmuseum-Wolfsburg-768x1152.jpg 768w, https:\/\/www.kunstmuseum.de\/wp-content\/uploads\/2020\/10\/Sen-Mithu-Phantom-Pain-2-2018-Kunstmuseum-Wolfsburg-400x600.jpg 400w, https:\/\/www.kunstmuseum.de\/wp-content\/uploads\/2020\/10\/Sen-Mithu-Phantom-Pain-2-2018-Kunstmuseum-Wolfsburg.jpg 933w\" sizes=\"(max-width: 100px) 100vw, 100px\">\t\t\t\t<p>Mithu Sen, <em>Phantom Pain 2<\/em> (Detail), 2018, K\u00fcnst\u00adliche Z\u00e4hne, Dental\u00adkunst\u00adstoff, Kunst\u00admu\u00adseum Wolfsburg, \u00a9 Mithu Sen, Foto: Marek Kruszewski<\/p>\n\t\t\t<\/div>\n\t\t\t\t\t\t<div class=\"credit-item\">\n\t\t\t\t<img width=\"100\" height=\"67\" src=\"https:\/\/www.kunstmuseum.de\/wp-content\/uploads\/2020\/09\/201101_KMW_by_Kruszewski_1366-100x67.jpg\" class=\"attachment-credits-thumbnail size-credits-thumbnail\" alt loading=\"lazy\" srcset=\"https:\/\/www.kunstmuseum.de\/wp-content\/uploads\/2020\/09\/201101_KMW_by_Kruszewski_1366-100x67.jpg 100w, https:\/\/www.kunstmuseum.de\/wp-content\/uploads\/2020\/09\/201101_KMW_by_Kruszewski_1366-300x200.jpg 300w, https:\/\/www.kunstmuseum.de\/wp-content\/uploads\/2020\/09\/201101_KMW_by_Kruszewski_1366-1024x683.jpg 1024w, https:\/\/www.kunstmuseum.de\/wp-content\/uploads\/2020\/09\/201101_KMW_by_Kruszewski_1366-768x512.jpg 768w, https:\/\/www.kunstmuseum.de\/wp-content\/uploads\/2020\/09\/201101_KMW_by_Kruszewski_1366-900x600.jpg 900w, https:\/\/www.kunstmuseum.de\/wp-content\/uploads\/2020\/09\/201101_KMW_by_Kruszewski_1366.jpg 1500w\" sizes=\"(max-width: 100px) 100vw, 100px\">\t\t\t\t<p>Blick in die Ausstel\u00adlung <em>In aller Munde. Von Pieter Bruegel bis Cindy Sherman<\/em>, Foto: Marek Kruszewski<\/p>\n\t\t\t<\/div>\n\t\t\t\t\t\t<div class=\"credit-item\">\n\t\t\t\t<img width=\"100\" height=\"67\" src=\"https:\/\/www.kunstmuseum.de\/wp-content\/uploads\/2020\/09\/201101_KMW_by_Kruszewski_1373-100x67.jpg\" class=\"attachment-credits-thumbnail size-credits-thumbnail\" alt loading=\"lazy\" srcset=\"https:\/\/www.kunstmuseum.de\/wp-content\/uploads\/2020\/09\/201101_KMW_by_Kruszewski_1373-100x67.jpg 100w, https:\/\/www.kunstmuseum.de\/wp-content\/uploads\/2020\/09\/201101_KMW_by_Kruszewski_1373-300x200.jpg 300w, https:\/\/www.kunstmuseum.de\/wp-content\/uploads\/2020\/09\/201101_KMW_by_Kruszewski_1373-1024x683.jpg 1024w, https:\/\/www.kunstmuseum.de\/wp-content\/uploads\/2020\/09\/201101_KMW_by_Kruszewski_1373-768x512.jpg 768w, https:\/\/www.kunstmuseum.de\/wp-content\/uploads\/2020\/09\/201101_KMW_by_Kruszewski_1373-900x600.jpg 900w, https:\/\/www.kunstmuseum.de\/wp-content\/uploads\/2020\/09\/201101_KMW_by_Kruszewski_1373.jpg 1500w\" sizes=\"(max-width: 100px) 100vw, 100px\">\t\t\t\t<p>Blick in die Ausstel\u00adlung <em>In aller Munde. Von Pieter Bruegel bis Cindy Sherman<\/em>, Foto: Marek Kruszewski<\/p>\n\t\t\t<\/div>\n\t\t\t\t\t\t<div class=\"credit-item\">\n\t\t\t\t<img width=\"100\" height=\"67\" src=\"https:\/\/www.kunstmuseum.de\/wp-content\/uploads\/2020\/09\/201101_KMW_by_Kruszewski_1375-100x67.jpg\" class=\"attachment-credits-thumbnail size-credits-thumbnail\" alt loading=\"lazy\" srcset=\"https:\/\/www.kunstmuseum.de\/wp-content\/uploads\/2020\/09\/201101_KMW_by_Kruszewski_1375-100x67.jpg 100w, https:\/\/www.kunstmuseum.de\/wp-content\/uploads\/2020\/09\/201101_KMW_by_Kruszewski_1375-300x200.jpg 300w, https:\/\/www.kunstmuseum.de\/wp-content\/uploads\/2020\/09\/201101_KMW_by_Kruszewski_1375-1024x683.jpg 1024w, https:\/\/www.kunstmuseum.de\/wp-content\/uploads\/2020\/09\/201101_KMW_by_Kruszewski_1375-768x512.jpg 768w, https:\/\/www.kunstmuseum.de\/wp-content\/uploads\/2020\/09\/201101_KMW_by_Kruszewski_1375-900x600.jpg 900w, https:\/\/www.kunstmuseum.de\/wp-content\/uploads\/2020\/09\/201101_KMW_by_Kruszewski_1375.jpg 1500w\" sizes=\"(max-width: 100px) 100vw, 100px\">\t\t\t\t<p>Blick in die Ausstel\u00adlung <em>In aller Munde. Von Pieter Bruegel bis Cindy Sherman<\/em>, Foto: Marek Kruszewski<\/p>\n\t\t\t<\/div>\n\t\t\t\t\t\t<div class=\"credit-item\">\n\t\t\t\t<img width=\"100\" height=\"67\" src=\"https:\/\/www.kunstmuseum.de\/wp-content\/uploads\/2020\/09\/201101_KMW_by_Kruszewski_1481-100x67.jpg\" class=\"attachment-credits-thumbnail size-credits-thumbnail\" alt loading=\"lazy\" srcset=\"https:\/\/www.kunstmuseum.de\/wp-content\/uploads\/2020\/09\/201101_KMW_by_Kruszewski_1481-100x67.jpg 100w, https:\/\/www.kunstmuseum.de\/wp-content\/uploads\/2020\/09\/201101_KMW_by_Kruszewski_1481-300x200.jpg 300w, https:\/\/www.kunstmuseum.de\/wp-content\/uploads\/2020\/09\/201101_KMW_by_Kruszewski_1481-1024x683.jpg 1024w, https:\/\/www.kunstmuseum.de\/wp-content\/uploads\/2020\/09\/201101_KMW_by_Kruszewski_1481-768x512.jpg 768w, https:\/\/www.kunstmuseum.de\/wp-content\/uploads\/2020\/09\/201101_KMW_by_Kruszewski_1481-900x600.jpg 900w, https:\/\/www.kunstmuseum.de\/wp-content\/uploads\/2020\/09\/201101_KMW_by_Kruszewski_1481.jpg 1500w\" sizes=\"(max-width: 100px) 100vw, 100px\">\t\t\t\t<p>Blick in die Ausstel\u00adlung <em>In aller Munde. Von Pieter Bruegel bis Cindy Sherman<\/em>, Foto: Marek Kruszewski<\/p>\n\t\t\t<\/div>\n\t\t\t\t\t\t<div class=\"credit-item\">\n\t\t\t\t<img width=\"100\" height=\"67\" src=\"https:\/\/www.kunstmuseum.de\/wp-content\/uploads\/2020\/09\/201101_KMW_by_Kruszewski_1384-100x67.jpg\" class=\"attachment-credits-thumbnail size-credits-thumbnail\" alt loading=\"lazy\" srcset=\"https:\/\/www.kunstmuseum.de\/wp-content\/uploads\/2020\/09\/201101_KMW_by_Kruszewski_1384-100x67.jpg 100w, https:\/\/www.kunstmuseum.de\/wp-content\/uploads\/2020\/09\/201101_KMW_by_Kruszewski_1384-300x200.jpg 300w, https:\/\/www.kunstmuseum.de\/wp-content\/uploads\/2020\/09\/201101_KMW_by_Kruszewski_1384-1024x683.jpg 1024w, https:\/\/www.kunstmuseum.de\/wp-content\/uploads\/2020\/09\/201101_KMW_by_Kruszewski_1384-768x512.jpg 768w, https:\/\/www.kunstmuseum.de\/wp-content\/uploads\/2020\/09\/201101_KMW_by_Kruszewski_1384-900x600.jpg 900w, https:\/\/www.kunstmuseum.de\/wp-content\/uploads\/2020\/09\/201101_KMW_by_Kruszewski_1384.jpg 1500w\" sizes=\"(max-width: 100px) 100vw, 100px\">\t\t\t\t<p>Blick in die Ausstel\u00adlung <em>In aller Munde. Von Pieter Bruegel bis Cindy Sherman<\/em>, Foto: Marek Kruszewski<\/p>\n\t\t\t<\/div>\n\t\t\t\t\t<\/div>\n\t<\/div>\n<\/div>\n<\/div>\n\n\n<div class=\"wp-container-2 wp-block-group alignfull has-gray-background-color has-background\">\n<h2>Infos<\/h2>\n\n\n\n<div class=\"wp-block-columns\">\n<div class=\"wp-block-column\" style=\"flex-basis:66.66%\">\n<p>Mouth, lips, tongue, and teeth; speech, pain, and screaming; eating, devouring, spitting, and spewing; lust and passion: The oral cavity is a literally stimu\u00adla\u00adting bodily zone. Not only have science and medicine always been involved in the explo\u00adra\u00adtion of the oral cavity, but also art and cultural history, from antiquity to the present. The Kunst\u00admu\u00adseum Wolfsburg traces this broadly diver\u00adsi\u00adfied path of the history of the motif within the frame\u00adworks the exhibi\u00adtion <em>On Everyone\u2019s Lips. From Pieter Bruegel to Cindy Sherman<\/em>. With over 250 works of art by, among others, Albrecht D\u00fcrer, Pablo Picasso, Max Klinger, Marina Abramovi\u0107, Andy Warhol, and Louise Bourgeois, it is the most compre\u00adhen\u00adsive exhibi\u00adtion on the theme of the oral cavity in art in Germany to&nbsp;date.<\/p>\n\n\n\n<!--more-->\n\n\n\n<p>The broadly conceived exhibi\u00adtion is devoted to monster mouths (Alfred Kubin) and vampire bites (Edvard Munch), considers the mouth as a Hellmouth and gateway to the \u201cworld-inner\u00adspace\u201d (Pieter Bruegel). Dental culture, in turn, is illumi\u00adnated in a variety of ways, from the tooth breaker in Jan Steen\u2019s work and the depiction of the patron saint of dentists, Apollonia, in the work of Andy Warhol to tooth jewelry from non-European cultures. Mona Hatoum penetrates into the esophagus, while artists such as Man Ray and Anselmo Fox capture their breath in glass, soap, or chewing gum bubbles. And finally, the aesthe\u00adtics of the lips, heigh\u00adtened in the kiss and oral libido, is a subject that Wolfgang Tillmans, Natalia LL, Picasso, Marilyn Minter, and many others address with their works in the exhibi\u00adtion.<em> On Everyone\u2019s Lips<\/em> comprises paintings, sculp\u00adtures, instal\u00adla\u00adtions, photo\u00adgraphs, drawings, prints, and video art, juxta\u00adposed with indivi\u00addual exhibits from ethno\u00adlo\u00adgical and scien\u00adtific collec\u00adtions, film and adver\u00adti\u00adsing, music and literature.<\/p>\n\n\n\n<p>The exhibi\u00adtion is accom\u00adpa\u00adnied by a compre\u00adhen\u00adsive, richly illus\u00adtrated publi\u00adca\u00adtion. With specia\u00adlized thematic essays, it offers not only in-depth content, but also extends beyond the exhibi\u00adtion itself. The mouth is thus also examined with regard to its various compon\u00adents and capabi\u00adli\u00adties within the fields of cinematic history, ethnology, literary studies, and archi\u00adtec\u00adture. With contri\u00adbu\u00adtions by Andreas Beitin, Hartmut B\u00f6hme, Horst Bredekamp &amp; Kolja Thurner, Roland Garve, Birte Hinrichsen, Olaf Knellessen, Harald Lemke, Karin Leonhard, J\u00fcrgen M\u00fcller, Uta Ruhkamp, Marcus Stiglegger, and Ulrike Vedder. Hatje Cantz Publis\u00adhers, separate German and English editions, each ca. 350 pages, with 350 illus\u00adtra\u00adtions. Available for 45 euros in the museum shop or at kunstmuseum.de\/shop.<\/p>\n\n\n\n<p>The exhibi\u00adtion <em>On Everyone\u2019s Lips<\/em> has been curated by Uta Ruhkamp and developed in coope\u00adra\u00adtion with the cultural scholar Hartmut B\u00f6hme and the dentist Beate Slominski.<\/p>\n\n\n\n<p>The exhibi\u00adtion and accom\u00adpanying publi\u00adca\u00adtion are generously supported by the Cultural Founda\u00adtion of the German Federal States.<\/p>\n<\/div>\n\n\n\n<div class=\"wp-block-column\" style=\"flex-basis:33.33%\">\n<p><em>Curator<\/em><br>Uta Ruhkamp<\/p>\n\n\n\n<p><em>Curato\u00adrial Assis\u00adtance<\/em><br>Birte Hinrichsen<br>Elena Engelbrechter<br>Regine Epp<\/p>\n<\/div>\n<\/div>\n\n\n\n<div class=\"wp-block-kunstmuseum-partners\">\n<div class=\"wp-block-kunstmuseum-partner\"><div class=\"partner-title\"><span><\/span><\/div><div class=\"partner-images\"><img src=\"https:\/\/www.kunstmuseum.de\/wp-content\/uploads\/2020\/09\/kulturstiftung-der-laender-vector-logo-1.svg\" class=\"partner-image\"><img src=\"https:\/\/www.kunstmuseum.de\/wp-content\/uploads\/2018\/04\/Arte-Logo-schwarz.svg\" class=\"partner-image\"><\/div><\/div>\n<\/div>\n<\/div>\n\n\n\n<h2>Publikation<\/h2>\n\n\n\t<div class=\"wp-block-shop-product-info placeholder\" data-product-id=\"990\">\n\t\t<div class=\"image\"><\/div>\n\t\t<div class=\"content\">\n\t\t\t<div class=\"title\"><\/div>\n\t\t\t<div class=\"description\"><\/div>\n\t\t\t<div class=\"price\"><\/div>\n\t\t\t<a class=\"button button-large shop\" target=\"_blank\">Shop<\/a>\n\t\t<\/div>\n\t<\/div>\n\t\n\n\n<h2>Magazin<\/h2>\n\n\n\t\t<div class=\"wp-block-magazine alignfull \">\n\t\t\t<div class=\"magazine\" data-rest-baseuri=\"https:\/\/www.kunstmuseum.de\/en\/wp-json\/\">\n\t\t\t<article id=\"post-9070\" data-post-id=\"9070\" class=\"post-9070 post type-post status-publish format-standard has-post-thumbnail hentry category-unkategorisiert tag-in-aller-munde tag-on-everyones-lips\">\n\n\t\t<div class=\"post-thumbnail\">\n\t\t<a href=\"https:\/\/www.kunstmuseum.de\/en\/2021\/04\/machen-sie-mit-beim-online-yoga-im-kunstmuseum\/\" aria-hidden=\"true\" tabindex=\"-1\">\n\t\t\t\t\t\t<img width=\"1024\" height=\"683\" src=\"https:\/\/www.kunstmuseum.de\/wp-content\/uploads\/2021\/03\/Yoga-InallerMunde_Kalender-1.jpg\" class=\"attachment-large size-large wp-post-image\" alt loading=\"lazy\" srcset=\"https:\/\/www.kunstmuseum.de\/wp-content\/uploads\/2021\/03\/Yoga-InallerMunde_Kalender-1.jpg 1024w, https:\/\/www.kunstmuseum.de\/wp-content\/uploads\/2021\/03\/Yoga-InallerMunde_Kalender-1-300x200.jpg 300w, https:\/\/www.kunstmuseum.de\/wp-content\/uploads\/2021\/03\/Yoga-InallerMunde_Kalender-1-768x512.jpg 768w, https:\/\/www.kunstmuseum.de\/wp-content\/uploads\/2021\/03\/Yoga-InallerMunde_Kalender-1-900x600.jpg 900w, https:\/\/www.kunstmuseum.de\/wp-content\/uploads\/2021\/03\/Yoga-InallerMunde_Kalender-1-100x67.jpg 100w\" sizes=\"(max-width: 1024px) 100vw, 1024px\">\t\t<\/a>\n\t<\/div>\n\t\n\t<div class=\"post-tags\">\n\t\t<a href=\"https:\/\/www.kunstmuseum.de\/en\/tag\/in-aller-munde\/\" rel=\"tag\" class=\"button button-small\">In aller Munde<\/a><a href=\"https:\/\/www.kunstmuseum.de\/en\/tag\/on-everyones-lips\/\" rel=\"tag\" class=\"button button-small\">On Everyone\u2019s Lips<\/a>\t<\/div>\n\n\t<h3 class=\"post-title h4\"><a href=\"https:\/\/www.kunstmuseum.de\/en\/2021\/04\/machen-sie-mit-beim-online-yoga-im-kunstmuseum\/\" rel=\"bookmark\">Machen Sie mit beim Online-Yoga am 31. Mai im Kunstmuseum!<\/a><\/h3>\n\n\t<\/article><!-- #post-9070 -->\n<article id=\"post-8929\" data-post-id=\"8929\" class=\"post-8929 post type-post status-publish format-standard has-post-thumbnail hentry category-unkategorisiert tag-in-aller-munde tag-on-everyones-lips\">\n\n\t\t<div class=\"post-thumbnail\">\n\t\t<a href=\"https:\/\/www.kunstmuseum.de\/en\/2021\/03\/zoom-fuehrung-am-30-maerz-2021-durch-in-aller-munde\/\" aria-hidden=\"true\" tabindex=\"-1\">\n\t\t\t\t\t\t<img width=\"1024\" height=\"681\" src=\"https:\/\/www.kunstmuseum.de\/wp-content\/uploads\/2021\/03\/2021-02-19_101901-1024x681.jpg\" class=\"attachment-large size-large wp-post-image\" alt loading=\"lazy\" srcset=\"https:\/\/www.kunstmuseum.de\/wp-content\/uploads\/2021\/03\/2021-02-19_101901-1024x681.jpg 1024w, https:\/\/www.kunstmuseum.de\/wp-content\/uploads\/2021\/03\/2021-02-19_101901-300x200.jpg 300w, https:\/\/www.kunstmuseum.de\/wp-content\/uploads\/2021\/03\/2021-02-19_101901-768x511.jpg 768w, https:\/\/www.kunstmuseum.de\/wp-content\/uploads\/2021\/03\/2021-02-19_101901-1536x1022.jpg 1536w, https:\/\/www.kunstmuseum.de\/wp-content\/uploads\/2021\/03\/2021-02-19_101901-2048x1363.jpg 2048w, https:\/\/www.kunstmuseum.de\/wp-content\/uploads\/2021\/03\/2021-02-19_101901-902x600.jpg 902w, https:\/\/www.kunstmuseum.de\/wp-content\/uploads\/2021\/03\/2021-02-19_101901-100x67.jpg 100w\" sizes=\"(max-width: 1024px) 100vw, 1024px\">\t\t<\/a>\n\t<\/div>\n\t\n\t<div class=\"post-tags\">\n\t\t<a href=\"https:\/\/www.kunstmuseum.de\/en\/tag\/in-aller-munde\/\" rel=\"tag\" class=\"button button-small\">In aller Munde<\/a><a href=\"https:\/\/www.kunstmuseum.de\/en\/tag\/on-everyones-lips\/\" rel=\"tag\" class=\"button button-small\">On Everyone\u2019s Lips<\/a>\t<\/div>\n\n\t<h3 class=\"post-title h4\"><a href=\"https:\/\/www.kunstmuseum.de\/en\/2021\/03\/zoom-fuehrung-am-30-maerz-2021-durch-in-aller-munde\/\" rel=\"bookmark\">Zoom-F\u00fchrung am 13. Mai um 18 Uhr durch <span class=\"highlighted-title-part\">In aller&nbsp;Munde<\/span><\/a><\/h3>\n\n\t<\/article><!-- #post-8929 -->\n<article id=\"post-8828\" data-post-id=\"8828\" class=\"post-8828 post type-post status-publish format-standard has-post-thumbnail hentry category-unkategorisiert tag-in-aller-munde tag-news tag-on-everyones-lips\">\n\n\t\t<div class=\"post-thumbnail\">\n\t\t<a href=\"https:\/\/www.kunstmuseum.de\/en\/2021\/03\/verlaengert-in-aller-munde-laeuft-bis-zum-6-juni-2020\/\" aria-hidden=\"true\" tabindex=\"-1\">\n\t\t\t\t\t\t<img width=\"1024\" height=\"683\" src=\"https:\/\/www.kunstmuseum.de\/wp-content\/uploads\/2021\/03\/201207_KMW_by_Marek_0011-1024x683.jpg\" class=\"attachment-large size-large wp-post-image\" alt=\"Installationsansicht aus der Ausstellung In aller Munde. Von Pieter Bruegel bis Cindy Sherman,Foto: Marek Kruszewski\" loading=\"lazy\" srcset=\"https:\/\/www.kunstmuseum.de\/wp-content\/uploads\/2021\/03\/201207_KMW_by_Marek_0011-1024x683.jpg 1024w, https:\/\/www.kunstmuseum.de\/wp-content\/uploads\/2021\/03\/201207_KMW_by_Marek_0011-300x200.jpg 300w, https:\/\/www.kunstmuseum.de\/wp-content\/uploads\/2021\/03\/201207_KMW_by_Marek_0011-768x512.jpg 768w, https:\/\/www.kunstmuseum.de\/wp-content\/uploads\/2021\/03\/201207_KMW_by_Marek_0011-1536x1024.jpg 1536w, https:\/\/www.kunstmuseum.de\/wp-content\/uploads\/2021\/03\/201207_KMW_by_Marek_0011-2048x1366.jpg 2048w, https:\/\/www.kunstmuseum.de\/wp-content\/uploads\/2021\/03\/201207_KMW_by_Marek_0011-900x600.jpg 900w, https:\/\/www.kunstmuseum.de\/wp-content\/uploads\/2021\/03\/201207_KMW_by_Marek_0011-100x67.jpg 100w\" sizes=\"(max-width: 1024px) 100vw, 1024px\">\t\t<\/a>\n\t<\/div>\n\t\n\t<div class=\"post-tags\">\n\t\t<a href=\"https:\/\/www.kunstmuseum.de\/en\/tag\/in-aller-munde\/\" rel=\"tag\" class=\"button button-small\">In aller Munde<\/a><a href=\"https:\/\/www.kunstmuseum.de\/en\/tag\/news\/\" rel=\"tag\" class=\"button button-small\">News<\/a><a href=\"https:\/\/www.kunstmuseum.de\/en\/tag\/on-everyones-lips\/\" rel=\"tag\" class=\"button button-small\">On Everyone\u2019s Lips<\/a>\t<\/div>\n\n\t<h3 class=\"post-title h4\"><a href=\"https:\/\/www.kunstmuseum.de\/en\/2021\/03\/verlaengert-in-aller-munde-laeuft-bis-zum-6-juni-2020\/\" rel=\"bookmark\">Verl\u00e4ngert: <span class=\"highlighted-title-part\">In aller Munde<\/span> l\u00e4uft bis zum 6. Juni&nbsp;2021<\/a><\/h3>\n\n\t<\/article><!-- #post-8828 -->\n<article id=\"post-8579\" data-post-id=\"8579\" class=\"post-8579 post type-post status-publish format-video has-post-thumbnail hentry category-unkategorisiert tag-in-aller-munde tag-on-everyones-lips post_format-post-format-video\">\n\n\t\t<div class=\"post-thumbnail\">\n\t\t<a href=\"https:\/\/www.kunstmuseum.de\/en\/2021\/02\/volkswagen-art4all-follow-me-around-im-kunstmuseum\/\" aria-hidden=\"true\" tabindex=\"-1\">\n\t\t\t\t\t\t<svg class=\"play-button\" viewBox=\"0 0 124 124\" aria-hidden=\"true\"><g fill=\"#fff\"><circle cx=\"62\" cy=\"62\" r=\"62\" opacity=\".35\" \/><path d=\"M96.46 62l-52-37.5v75z\" \/><\/g><\/svg>\n\t\t\t\t\t\t<img width=\"1024\" height=\"576\" src=\"https:\/\/www.kunstmuseum.de\/wp-content\/uploads\/2021\/02\/vlcsnap-2020-12-17-13h45m33s379-1024x576.png\" class=\"attachment-large size-large wp-post-image\" alt loading=\"lazy\" srcset=\"https:\/\/www.kunstmuseum.de\/wp-content\/uploads\/2021\/02\/vlcsnap-2020-12-17-13h45m33s379-1024x576.png 1024w, https:\/\/www.kunstmuseum.de\/wp-content\/uploads\/2021\/02\/vlcsnap-2020-12-17-13h45m33s379-300x169.png 300w, https:\/\/www.kunstmuseum.de\/wp-content\/uploads\/2021\/02\/vlcsnap-2020-12-17-13h45m33s379-768x432.png 768w, https:\/\/www.kunstmuseum.de\/wp-content\/uploads\/2021\/02\/vlcsnap-2020-12-17-13h45m33s379-1536x864.png 1536w, https:\/\/www.kunstmuseum.de\/wp-content\/uploads\/2021\/02\/vlcsnap-2020-12-17-13h45m33s379-1067x600.png 1067w, https:\/\/www.kunstmuseum.de\/wp-content\/uploads\/2021\/02\/vlcsnap-2020-12-17-13h45m33s379-100x56.png 100w, https:\/\/www.kunstmuseum.de\/wp-content\/uploads\/2021\/02\/vlcsnap-2020-12-17-13h45m33s379.png 1920w\" sizes=\"(max-width: 1024px) 100vw, 1024px\">\t\t<\/a>\n\t<\/div>\n\t\n\t<div class=\"post-tags\">\n\t\t<a href=\"https:\/\/www.kunstmuseum.de\/en\/tag\/in-aller-munde\/\" rel=\"tag\" class=\"button button-small\">In aller Munde<\/a><a href=\"https:\/\/www.kunstmuseum.de\/en\/tag\/on-everyones-lips\/\" rel=\"tag\" class=\"button button-small\">On Everyone\u2019s Lips<\/a>\t<\/div>\n\n\t<h3 class=\"post-title h4\"><a href=\"https:\/\/www.kunstmuseum.de\/en\/2021\/02\/volkswagen-art4all-follow-me-around-im-kunstmuseum\/\" rel=\"bookmark\">Volkswagen Art4All: <span class=\"highlighted-title-part\">Follow me around<\/span> im Kunstmuseum<\/a><\/h3>\n\n\t<\/article><!-- #post-8579 -->\n<article id=\"post-8059\" data-post-id=\"8059\" class=\"post-8059 post type-post status-publish format-video has-post-thumbnail hentry category-unkategorisiert tag-in-aller-munde tag-on-everyones-lips post_format-post-format-video\">\n\n\t\t<div class=\"post-thumbnail\">\n\t\t<a href=\"https:\/\/www.kunstmuseum.de\/en\/2020\/12\/vw-art4all-sneak-peek-in-in-aller-munde\/\" aria-hidden=\"true\" tabindex=\"-1\">\n\t\t\t\t\t\t<svg class=\"play-button\" viewBox=\"0 0 124 124\" aria-hidden=\"true\"><g fill=\"#fff\"><circle cx=\"62\" cy=\"62\" r=\"62\" opacity=\".35\" \/><path d=\"M96.46 62l-52-37.5v75z\" \/><\/g><\/svg>\n\t\t\t\t\t\t<img width=\"1024\" height=\"683\" src=\"https:\/\/www.kunstmuseum.de\/wp-content\/uploads\/2020\/09\/201101_KMW_by_Kruszewski_1373-1024x683.jpg\" class=\"attachment-large size-large wp-post-image\" alt loading=\"lazy\" srcset=\"https:\/\/www.kunstmuseum.de\/wp-content\/uploads\/2020\/09\/201101_KMW_by_Kruszewski_1373-1024x683.jpg 1024w, https:\/\/www.kunstmuseum.de\/wp-content\/uploads\/2020\/09\/201101_KMW_by_Kruszewski_1373-300x200.jpg 300w, https:\/\/www.kunstmuseum.de\/wp-content\/uploads\/2020\/09\/201101_KMW_by_Kruszewski_1373-768x512.jpg 768w, https:\/\/www.kunstmuseum.de\/wp-content\/uploads\/2020\/09\/201101_KMW_by_Kruszewski_1373-900x600.jpg 900w, https:\/\/www.kunstmuseum.de\/wp-content\/uploads\/2020\/09\/201101_KMW_by_Kruszewski_1373-100x67.jpg 100w, https:\/\/www.kunstmuseum.de\/wp-content\/uploads\/2020\/09\/201101_KMW_by_Kruszewski_1373.jpg 1500w\" sizes=\"(max-width: 1024px) 100vw, 1024px\">\t\t<\/a>\n\t<\/div>\n\t\n\t<div class=\"post-tags\">\n\t\t<a href=\"https:\/\/www.kunstmuseum.de\/en\/tag\/in-aller-munde\/\" rel=\"tag\" class=\"button button-small\">In aller Munde<\/a><a href=\"https:\/\/www.kunstmuseum.de\/en\/tag\/on-everyones-lips\/\" rel=\"tag\" class=\"button button-small\">On Everyone\u2019s Lips<\/a>\t<\/div>\n\n\t<h3 class=\"post-title h4\"><a href=\"https:\/\/www.kunstmuseum.de\/en\/2020\/12\/vw-art4all-sneak-peek-in-in-aller-munde\/\" rel=\"bookmark\">VW Art4All: Sneak Peek in <span class=\"highlighted-title-part\">In aller&nbsp;Munde<\/span><\/a><\/h3>\n\n\t<\/article><!-- #post-8059 -->\n\t\t\t<\/div>\n\t\t<\/div>\n\t\t\n\n\n<h2>Press<\/h2>\n\n\n\n<blockquote class=\"wp-block-quote has-text-align-right\"><p>Derartig parapher\u00adnales Wissen um Z\u00e4hne, Mundh\u00f6hle, Zunge, Lippen und alles, was damit ausge\u00fcbt werden kann, zeigte die Schau \u201eIn aller Munde\u201c im Kunst\u00admu\u00adseum Wolfsburg.<\/p><cite>Frank\u00adfurter Allge\u00admeine Zeitung, Stefan Trinks, 7.11.2020<\/cite><\/blockquote>\n\n\n\n<blockquote class=\"wp-block-quote\"><p>Es ist eine bombas\u00adti\u00adsche Schau geworden.<\/p><cite>Der Tages\u00adspiegel, Chris\u00adtiane Meixner, 31.10.2020<\/cite><\/blockquote>\n\n\n\n<blockquote class=\"wp-block-quote has-text-align-right\"><p>Die Bandbreite von der Dental\u00adge\u00adschichte \u00fcber Lust und Zungen\u00adspiele bis zu vergol\u00addeten Z\u00e4hnen und Zahnpro\u00adthesen erleben die Besucher mithilfe von Zeich\u00adnungen, Skulp\u00adturen, Instal\u00adla\u00adtionen und Videos.<\/p><cite>Wolfs\u00adburger Allge\u00admeine Zeitung, Ann Kathrin Wucher\u00adpfennig, 30.10.2020<\/cite><\/blockquote>\n\n\n\n<blockquote class=\"wp-block-quote\"><p>So erscheint die Ausstel\u00adlung, die einer rahmensprengen F\u00fclle von Aspekten des Rachens gerecht zu werden versucht, plausibel in ihren weit in die Geschichte zur\u00fcck\u00adgrei\u00adfenden, teils ganz sch\u00f6n schau\u00adrigen Darstel\u00adlungen vom Rachen als H\u00f6llen\u00adschlund, zun\u00e4chst eines tieri\u00adschen, sp\u00e4ter eines mensch\u00adli\u00adchen&nbsp;Mauls.<\/p><cite>Wolfs\u00adburger Nachrichten, Martin Jasper, 30.10.2020<\/cite><\/blockquote>\n\n\n\n<blockquote class=\"wp-block-quote has-text-align-right\"><p>Den Mundraum, dieses durch und durch bekannte Gebiet, dieser Intim\u00adbe\u00adreich, in dem durch Sprechen auch die Verbin\u00addung zum Anderen entsteht, diese Gegen\u00adsatz\u00adkammer, in der das ganz Harte gleich neben dem ganz Weichen liegt, dieses Feucht\u00adge\u00adbiet, das in Zeiten der Pandemie zu einer beson\u00adderen Problem\u00adzone wird, unter\u00adsucht das Kunst\u00admu\u00adseum Wolfsburg jetzt in einer gro\u00dfen, teils wunder\u00adbaren, teils auch W\u00fcrge\u00adre\u00adflexe ausl\u00f6\u00adsenden Ausstellung.<\/p><cite>Hanno\u00adver\u00adsche Allge\u00admeine Zeitung, Ronald Meyer-Arlt, 3.11.2020<\/cite><\/blockquote>\n\n\n\n<blockquote class=\"wp-block-quote has-text-align-left\"><p>Zurzeit sehen wir ihn meistens bedeckt, und manch einer kann ihn einfach nicht halten: den Mund. Wie sich dieser quer durch die Kunst\u00adge\u00adschichte arbeitet, bringt das Kunst\u00admu\u00adseum Wolfsburg zur Geltung.<\/p><cite>Kultur\u00adnews, 1.11.2020<\/cite><\/blockquote>\n\n\n\n<blockquote class=\"wp-block-quote has-text-align-right\"><p>Diese vorge\u00adstellen Exponate sind ein \u201eHorsd\u2018ouvre\u201c f\u00fcr die vielen inter\u00ades\u00adsanten Objekte, die in der Ausstel\u00adlung zu entdecken sind. Auf nach Wolfsburg \u2013 der Weg lohnt&nbsp;sich.<\/p><cite>Zahn\u00e4rzt\u00adliche Mittei\u00adlungen, 17.10.2020<\/cite><\/blockquote>\n\n\n\n<blockquote class=\"wp-block-quote\"><p>Ein Kuratoren-Kunst\u00adst\u00fcck.<\/p><cite>Kunst\u00adzei\u00adtung, 1.11.2020<\/cite><\/blockquote>\n\n\n\n<blockquote class=\"wp-block-quote has-text-align-right\"><p>Jetzt hat Houlihan sein Werk fertig geleckt: ein sechs mal f\u00fcnf Meter sinnli\u00adches \u201eBl\u00fcten\u00admeer\u201c. Und ein Highlight f\u00fcr die \u201eZungen\u00adpiazza\u201c, einen Raum mit rosafar\u00adbenem Teppich, Zahn-W\u00e4nden und Rachendurchgang.<\/p><cite>Bild, Anja Tisch\u00adendorf, 13.10.2020<\/cite><\/blockquote>\n","protected":false},"excerpt":{"rendered":"<p>Images Mouth, lips, tongue, and teeth; speech, pain, and screaming; eating, devouring, spitting, and spewing; lust and passion: The oral cavity is a literally stimu\u00adla\u00adting bodily zone. Not only have science and medicine always been involved in the explo\u00adra\u00adtion of the oral cavity, but also art and cultural history, from antiquity to the present. The&nbsp;[\u2026]<\/p>\n","protected":false},"featured_media":8012,"menu_order":0,"template":"","meta":{"wp_typography_post_enhancements_disabled":false,"kunstmuseum_formatted_page_title":"","exhibition_title":"On Everyone\u2019s Lips","exhibition_subtitle":"From Pieter Bruegel to Cindy Sherman","exhibition_alternative_text":"October 31, 2020 \u2013 June 6, 2021","exhibition_start_date":"2020-10-31T14:11:00","exhibition_end_date":"2021-06-06T14:11:00","exhibition_gallery":"[7518,7532,7205,7520,7522,7524,7530,7526]","exhibition_poster":9585},"tags":[425],"yoast_head":"<!-- This site is optimized with the Yoast SEO plugin v19.4 - https:\/\/yoast.com\/wordpress\/plugins\/seo\/ -->\n<title>On Everyone\u2019s Lips. From Pieter Bruegel to Cindy Sherman. - Kunstmuseum Wolfsburg<\/title>\n<meta name=\"robots\" content=\"index, follow, max-snippet:-1, max-image-preview:large, max-video-preview:-1\" \/>\n<link rel=\"canonical\" href=\"https:\/\/www.kunstmuseum.de\/en\/exhibition\/on-everyones-lips-from-pieter-bruegel-to-cindy-sherman\/\" \/>\n<meta property=\"og:locale\" content=\"en_US\" \/>\n<meta property=\"og:type\" content=\"article\" \/>\n<meta property=\"og:title\" content=\"On Everyone\u2019s Lips. From Pieter Bruegel to Cindy Sherman. - Kunstmuseum Wolfsburg\" \/>\n<meta property=\"og:description\" content=\"Images Mouth, lips, tongue, and teeth; speech, pain, and screaming; eating, devouring, spitting, and spewing; lust and passion: The oral cavity is a literally stimu\u00adla\u00adting bodily zone. Not only have science and medicine always been involved in the explo\u00adra\u00adtion of the oral cavity, but also art and cultural history, from antiquity to the present. The [&hellip;]\" \/>\n<meta property=\"og:url\" content=\"https:\/\/www.kunstmuseum.de\/en\/exhibition\/on-everyones-lips-from-pieter-bruegel-to-cindy-sherman\/\" \/>\n<meta property=\"og:site_name\" content=\"Kunstmuseum Wolfsburg\" \/>\n<meta property=\"article:publisher\" content=\"https:\/\/www.facebook.com\/KunstmuseumWolfsburg\" \/>\n<meta property=\"article:modified_time\" content=\"2024-03-12T09:18:02+00:00\" \/>\n<meta property=\"og:image\" content=\"https:\/\/www.kunstmuseum.de\/wp-content\/uploads\/2020\/09\/2020_In_aller_Munde.jpg\" \/>\n\t<meta property=\"og:image:width\" content=\"1200\" \/>\n\t<meta property=\"og:image:height\" content=\"630\" \/>\n\t<meta property=\"og:image:type\" content=\"image\/jpeg\" \/>\n<meta name=\"twitter:card\" content=\"summary_large_image\" \/>\n<meta name=\"twitter:site\" content=\"@kunstmuseumwob\" \/>\n<meta name=\"twitter:label1\" content=\"Est. reading time\" \/>\n\t<meta name=\"twitter:data1\" content=\"5 minutes\" \/>\n<script type=\"application\/ld+json\" class=\"yoast-schema-graph\">{\"@context\":\"https:\/\/schema.org\",\"@graph\":[{\"@type\":\"Organization\",\"@id\":\"https:\/\/www.kunstmuseum.de\/en\/#organization\",\"name\":\"Kunstmuseum Wolfsburg\",\"url\":\"https:\/\/www.kunstmuseum.de\/en\/\",\"sameAs\":[\"https:\/\/www.instagram.com\/kunstmuseumwolfsburg\/\",\"https:\/\/www.linkedin.com\/company\/kunstmuseum-wolfsburg\/\",\"https:\/\/www.youtube.com\/user\/KunstmuseumWolfsburg\",\"https:\/\/de.wikipedia.org\/wiki\/Kunstmuseum_Wolfsburg\",\"https:\/\/www.facebook.com\/KunstmuseumWolfsburg\",\"https:\/\/twitter.com\/kunstmuseumwob\"],\"logo\":{\"@type\":\"ImageObject\",\"inLanguage\":\"en-US\",\"@id\":\"https:\/\/www.kunstmuseum.de\/en\/#\/schema\/logo\/image\/\",\"url\":\"https:\/\/www.kunstmuseum.de\/wp-content\/uploads\/2020\/05\/191125_KMW_Wortmarke_RGB_schwarz.svg\",\"contentUrl\":\"https:\/\/www.kunstmuseum.de\/wp-content\/uploads\/2020\/05\/191125_KMW_Wortmarke_RGB_schwarz.svg\",\"caption\":\"Kunstmuseum Wolfsburg\"},\"image\":{\"@id\":\"https:\/\/www.kunstmuseum.de\/en\/#\/schema\/logo\/image\/\"}},{\"@type\":\"WebSite\",\"@id\":\"https:\/\/www.kunstmuseum.de\/en\/#website\",\"url\":\"https:\/\/www.kunstmuseum.de\/en\/\",\"name\":\"Kunstmuseum Wolfsburg\",\"description\":\"\",\"publisher\":{\"@id\":\"https:\/\/www.kunstmuseum.de\/en\/#organization\"},\"potentialAction\":[{\"@type\":\"SearchAction\",\"target\":{\"@type\":\"EntryPoint\",\"urlTemplate\":\"https:\/\/www.kunstmuseum.de\/en\/?s={search_term_string}\"},\"query-input\":\"required name=search_term_string\"}],\"inLanguage\":\"en-US\"},{\"@type\":\"WebPage\",\"@id\":\"https:\/\/www.kunstmuseum.de\/en\/exhibition\/on-everyones-lips-from-pieter-bruegel-to-cindy-sherman\/\",\"url\":\"https:\/\/www.kunstmuseum.de\/en\/exhibition\/on-everyones-lips-from-pieter-bruegel-to-cindy-sherman\/\",\"name\":\"On Everyone\u2019s Lips. From Pieter Bruegel to Cindy Sherman. - Kunstmuseum Wolfsburg\",\"isPartOf\":{\"@id\":\"https:\/\/www.kunstmuseum.de\/en\/#website\"},\"datePublished\":\"2020-07-08T12:37:20+00:00\",\"dateModified\":\"2024-03-12T09:18:02+00:00\",\"breadcrumb\":{\"@id\":\"https:\/\/www.kunstmuseum.de\/en\/exhibition\/on-everyones-lips-from-pieter-bruegel-to-cindy-sherman\/#breadcrumb\"},\"inLanguage\":\"en-US\",\"potentialAction\":[{\"@type\":\"ReadAction\",\"target\":[\"https:\/\/www.kunstmuseum.de\/en\/exhibition\/on-everyones-lips-from-pieter-bruegel-to-cindy-sherman\/\"]}]},{\"@type\":\"BreadcrumbList\",\"@id\":\"https:\/\/www.kunstmuseum.de\/en\/exhibition\/on-everyones-lips-from-pieter-bruegel-to-cindy-sherman\/#breadcrumb\",\"itemListElement\":[{\"@type\":\"ListItem\",\"position\":1,\"name\":\"Startseite\",\"item\":\"https:\/\/www.kunstmuseum.de\/en\/\"},{\"@type\":\"ListItem\",\"position\":2,\"name\":\"Exhibitions\",\"item\":\"https:\/\/www.kunstmuseum.de\/en\/exhibition\/\"},{\"@type\":\"ListItem\",\"position\":3,\"name\":\"On Everyone\u2019s Lips. From Pieter Bruegel to Cindy Sherman.\"}]}]}<\/script>\n<!-- \/ Yoast SEO plugin. -->","yoast_head_json":{"title":"On Everyone\u2019s Lips. From Pieter Bruegel to Cindy Sherman. - Kunstmuseum Wolfsburg","robots":{"index":"index","follow":"follow","max-snippet":"max-snippet:-1","max-image-preview":"max-image-preview:large","max-video-preview":"max-video-preview:-1"},"canonical":"https:\/\/www.kunstmuseum.de\/en\/exhibition\/on-everyones-lips-from-pieter-bruegel-to-cindy-sherman\/","og_locale":"en_US","og_type":"article","og_title":"On Everyone\u2019s Lips. From Pieter Bruegel to Cindy Sherman. - Kunstmuseum Wolfsburg","og_description":"Images Mouth, lips, tongue, and teeth; speech, pain, and screaming; eating, devouring, spitting, and spewing; lust and passion: The oral cavity is a literally stimu\u00adla\u00adting bodily zone. Not only have science and medicine always been involved in the explo\u00adra\u00adtion of the oral cavity, but also art and cultural history, from antiquity to the present. The [&hellip;]","og_url":"https:\/\/www.kunstmuseum.de\/en\/exhibition\/on-everyones-lips-from-pieter-bruegel-to-cindy-sherman\/","og_site_name":"Kunstmuseum Wolfsburg","article_publisher":"https:\/\/www.facebook.com\/KunstmuseumWolfsburg","article_modified_time":"2024-03-12T09:18:02+00:00","og_image":[{"width":1200,"height":630,"url":"https:\/\/www.kunstmuseum.de\/wp-content\/uploads\/2020\/09\/2020_In_aller_Munde.jpg","type":"image\/jpeg"}],"twitter_card":"summary_large_image","twitter_site":"@kunstmuseumwob","twitter_misc":{"Est. reading time":"5 minutes"},"schema":{"@context":"https:\/\/schema.org","@graph":[{"@type":"Organization","@id":"https:\/\/www.kunstmuseum.de\/en\/#organization","name":"Kunstmuseum Wolfsburg","url":"https:\/\/www.kunstmuseum.de\/en\/","sameAs":["https:\/\/www.instagram.com\/kunstmuseumwolfsburg\/","https:\/\/www.linkedin.com\/company\/kunstmuseum-wolfsburg\/","https:\/\/www.youtube.com\/user\/KunstmuseumWolfsburg","https:\/\/de.wikipedia.org\/wiki\/Kunstmuseum_Wolfsburg","https:\/\/www.facebook.com\/KunstmuseumWolfsburg","https:\/\/twitter.com\/kunstmuseumwob"],"logo":{"@type":"ImageObject","inLanguage":"en-US","@id":"https:\/\/www.kunstmuseum.de\/en\/#\/schema\/logo\/image\/","url":"https:\/\/www.kunstmuseum.de\/wp-content\/uploads\/2020\/05\/191125_KMW_Wortmarke_RGB_schwarz.svg","contentUrl":"https:\/\/www.kunstmuseum.de\/wp-content\/uploads\/2020\/05\/191125_KMW_Wortmarke_RGB_schwarz.svg","caption":"Kunstmuseum Wolfsburg"},"image":{"@id":"https:\/\/www.kunstmuseum.de\/en\/#\/schema\/logo\/image\/"}},{"@type":"WebSite","@id":"https:\/\/www.kunstmuseum.de\/en\/#website","url":"https:\/\/www.kunstmuseum.de\/en\/","name":"Kunstmuseum Wolfsburg","description":"","publisher":{"@id":"https:\/\/www.kunstmuseum.de\/en\/#organization"},"potentialAction":[{"@type":"SearchAction","target":{"@type":"EntryPoint","urlTemplate":"https:\/\/www.kunstmuseum.de\/en\/?s={search_term_string}"},"query-input":"required name=search_term_string"}],"inLanguage":"en-US"},{"@type":"WebPage","@id":"https:\/\/www.kunstmuseum.de\/en\/exhibition\/on-everyones-lips-from-pieter-bruegel-to-cindy-sherman\/","url":"https:\/\/www.kunstmuseum.de\/en\/exhibition\/on-everyones-lips-from-pieter-bruegel-to-cindy-sherman\/","name":"On Everyone\u2019s Lips. From Pieter Bruegel to Cindy Sherman. - Kunstmuseum Wolfsburg","isPartOf":{"@id":"https:\/\/www.kunstmuseum.de\/en\/#website"},"datePublished":"2020-07-08T12:37:20+00:00","dateModified":"2024-03-12T09:18:02+00:00","breadcrumb":{"@id":"https:\/\/www.kunstmuseum.de\/en\/exhibition\/on-everyones-lips-from-pieter-bruegel-to-cindy-sherman\/#breadcrumb"},"inLanguage":"en-US","potentialAction":[{"@type":"ReadAction","target":["https:\/\/www.kunstmuseum.de\/en\/exhibition\/on-everyones-lips-from-pieter-bruegel-to-cindy-sherman\/"]}]},{"@type":"BreadcrumbList","@id":"https:\/\/www.kunstmuseum.de\/en\/exhibition\/on-everyones-lips-from-pieter-bruegel-to-cindy-sherman\/#breadcrumb","itemListElement":[{"@type":"ListItem","position":1,"name":"Startseite","item":"https:\/\/www.kunstmuseum.de\/en\/"},{"@type":"ListItem","position":2,"name":"Exhibitions","item":"https:\/\/www.kunstmuseum.de\/en\/exhibition\/"},{"@type":"ListItem","position":3,"name":"On Everyone\u2019s Lips. From Pieter Bruegel to Cindy Sherman."}]}]}},"_links":{"self":[{"href":"https:\/\/www.kunstmuseum.de\/en\/wp-json\/wp\/v2\/exhibition\/3981"}],"collection":[{"href":"https:\/\/www.kunstmuseum.de\/en\/wp-json\/wp\/v2\/exhibition"}],"about":[{"href":"https:\/\/www.kunstmuseum.de\/en\/wp-json\/wp\/v2\/types\/exhibition"}],"version-history":[{"count":20,"href":"https:\/\/www.kunstmuseum.de\/en\/wp-json\/wp\/v2\/exhibition\/3981\/revisions"}],"predecessor-version":[{"id":25063,"href":"https:\/\/www.kunstmuseum.de\/en\/wp-json\/wp\/v2\/exhibition\/3981\/revisions\/25063"}],"wp:featuredmedia":[{"embeddable":true,"href":"https:\/\/www.kunstmuseum.de\/en\/wp-json\/wp\/v2\/media\/8012"}],"wp:attachment":[{"href":"https:\/\/www.kunstmuseum.de\/en\/wp-json\/wp\/v2\/media?parent=3981"}],"wp:term":[{"taxonomy":"post_tag","embeddable":true,"href":"https:\/\/www.kunstmuseum.de\/en\/wp-json\/wp\/v2\/tags?post=3981"}],"curies":[{"name":"wp","href":"https:\/\/api.w.org\/{rel}","templated":true}]}}