{"id":6146,"date":"2019-03-24T16:10:00","date_gmt":"2019-03-24T15:10:00","guid":{"rendered":"https:\/\/kunstmuseum.mscg-it.de\/?post_type=exhibition&#038;p=6146"},"modified":"2026-03-27T09:22:26","modified_gmt":"2026-03-27T08:22:26","slug":"now-is-the-time-25-years-collection-kunstmuseum-wolfsburg","status":"publish","type":"exhibition","link":"https:\/\/www.kunstmuseum.de\/en\/exhibition\/now-is-the-time-25-years-collection-kunstmuseum-wolfsburg\/","title":{"rendered":"Now Is The Time. 25 years collection Kunstmuseum Wolfsburg"},"content":{"rendered":"\n<h2>Installationviews<\/h2>\n\n\n<div class=\"wp-block-exhibition-slider alignfull \"><div class=\"exhibition-slider\">\n\t<div class=\"swiper-container\">\n\t\t<div class=\"swiper-wrapper\">\n\t\t\t\t\t\t<div class=\"swiper-slide\">\n\t\t\t\t<img width=\"1248\" height=\"600\" src=\"https:\/\/www.kunstmuseum.de\/wp-content\/uploads\/2019\/03\/190323-KMW-0010-1248x600.jpg\" class=\"attachment-exhibition-slider size-exhibition-slider\" alt loading=\"lazy\" srcset=\"https:\/\/www.kunstmuseum.de\/wp-content\/uploads\/2019\/03\/190323-KMW-0010-1248x600.jpg 1248w, https:\/\/www.kunstmuseum.de\/wp-content\/uploads\/2019\/03\/190323-KMW-0010-300x144.jpg 300w, https:\/\/www.kunstmuseum.de\/wp-content\/uploads\/2019\/03\/190323-KMW-0010-1024x492.jpg 1024w, https:\/\/www.kunstmuseum.de\/wp-content\/uploads\/2019\/03\/190323-KMW-0010-768x369.jpg 768w, https:\/\/www.kunstmuseum.de\/wp-content\/uploads\/2019\/03\/190323-KMW-0010-100x48.jpg 100w, https:\/\/www.kunstmuseum.de\/wp-content\/uploads\/2019\/03\/190323-KMW-0010.jpg 1400w\" sizes=\"(max-width: 1248px) 100vw, 1248px\">\t\t\t<\/div>\n\t\t\t\t\t\t<div class=\"swiper-slide\">\n\t\t\t\t<img width=\"900\" height=\"600\" src=\"https:\/\/www.kunstmuseum.de\/wp-content\/uploads\/2020\/11\/190323_KMW_0396-900x600.jpg\" class=\"attachment-exhibition-slider size-exhibition-slider\" alt loading=\"lazy\" srcset=\"https:\/\/www.kunstmuseum.de\/wp-content\/uploads\/2020\/11\/190323_KMW_0396-900x600.jpg 900w, https:\/\/www.kunstmuseum.de\/wp-content\/uploads\/2020\/11\/190323_KMW_0396-300x200.jpg 300w, https:\/\/www.kunstmuseum.de\/wp-content\/uploads\/2020\/11\/190323_KMW_0396-1024x683.jpg 1024w, https:\/\/www.kunstmuseum.de\/wp-content\/uploads\/2020\/11\/190323_KMW_0396-768x512.jpg 768w, https:\/\/www.kunstmuseum.de\/wp-content\/uploads\/2020\/11\/190323_KMW_0396-1536x1024.jpg 1536w, https:\/\/www.kunstmuseum.de\/wp-content\/uploads\/2020\/11\/190323_KMW_0396-100x67.jpg 100w, https:\/\/www.kunstmuseum.de\/wp-content\/uploads\/2020\/11\/190323_KMW_0396.jpg 1600w\" sizes=\"(max-width: 900px) 100vw, 900px\">\t\t\t<\/div>\n\t\t\t\t\t\t<div class=\"swiper-slide\">\n\t\t\t\t<img width=\"900\" height=\"600\" src=\"https:\/\/www.kunstmuseum.de\/wp-content\/uploads\/2020\/11\/190323_KMW_0050-900x600.jpg\" class=\"attachment-exhibition-slider size-exhibition-slider\" alt loading=\"lazy\" srcset=\"https:\/\/www.kunstmuseum.de\/wp-content\/uploads\/2020\/11\/190323_KMW_0050-900x600.jpg 900w, https:\/\/www.kunstmuseum.de\/wp-content\/uploads\/2020\/11\/190323_KMW_0050-300x200.jpg 300w, https:\/\/www.kunstmuseum.de\/wp-content\/uploads\/2020\/11\/190323_KMW_0050-1024x683.jpg 1024w, https:\/\/www.kunstmuseum.de\/wp-content\/uploads\/2020\/11\/190323_KMW_0050-768x512.jpg 768w, https:\/\/www.kunstmuseum.de\/wp-content\/uploads\/2020\/11\/190323_KMW_0050-1536x1024.jpg 1536w, https:\/\/www.kunstmuseum.de\/wp-content\/uploads\/2020\/11\/190323_KMW_0050-100x67.jpg 100w, https:\/\/www.kunstmuseum.de\/wp-content\/uploads\/2020\/11\/190323_KMW_0050.jpg 1600w\" sizes=\"(max-width: 900px) 100vw, 900px\">\t\t\t<\/div>\n\t\t\t\t\t\t<div class=\"swiper-slide\">\n\t\t\t\t<img width=\"900\" height=\"600\" src=\"https:\/\/www.kunstmuseum.de\/wp-content\/uploads\/2020\/11\/190323_KMW_0195-900x600.jpg\" class=\"attachment-exhibition-slider size-exhibition-slider\" alt loading=\"lazy\" srcset=\"https:\/\/www.kunstmuseum.de\/wp-content\/uploads\/2020\/11\/190323_KMW_0195-900x600.jpg 900w, https:\/\/www.kunstmuseum.de\/wp-content\/uploads\/2020\/11\/190323_KMW_0195-300x200.jpg 300w, https:\/\/www.kunstmuseum.de\/wp-content\/uploads\/2020\/11\/190323_KMW_0195-1024x683.jpg 1024w, https:\/\/www.kunstmuseum.de\/wp-content\/uploads\/2020\/11\/190323_KMW_0195-768x512.jpg 768w, https:\/\/www.kunstmuseum.de\/wp-content\/uploads\/2020\/11\/190323_KMW_0195-1536x1024.jpg 1536w, https:\/\/www.kunstmuseum.de\/wp-content\/uploads\/2020\/11\/190323_KMW_0195-100x67.jpg 100w, https:\/\/www.kunstmuseum.de\/wp-content\/uploads\/2020\/11\/190323_KMW_0195.jpg 1600w\" sizes=\"(max-width: 900px) 100vw, 900px\">\t\t\t<\/div>\n\t\t\t\t\t<\/div>\n\t<\/div>\n\t<button class=\"button-arrow open-credits-overlay\">\n\t\t<svg viewBox=\"0 0 14 14\">\n\t\t\t<path d=\"M5.977,13.852H16.608l-4.9,4.9,1.269,1.225,7-7-7-7L11.752,7.2l4.856,4.9H5.977Z\" transform=\"translate(-5.977 -5.977)\" \/>\n\t\t<\/svg>\n\t\tCredits\t<\/button>\n\t<div class=\"credits-overlay\" role=\"dialog\">\n\t\t<h3 class=\"h1\">Credits<\/h3>\n\t\t<div class=\"credits-list\">\n\t\t\t\t\t\t<div class=\"credit-item\">\n\t\t\t\t<img width=\"100\" height=\"48\" src=\"https:\/\/www.kunstmuseum.de\/wp-content\/uploads\/2019\/03\/190323-KMW-0010-100x48.jpg\" class=\"attachment-credits-thumbnail size-credits-thumbnail\" alt loading=\"lazy\" srcset=\"https:\/\/www.kunstmuseum.de\/wp-content\/uploads\/2019\/03\/190323-KMW-0010-100x48.jpg 100w, https:\/\/www.kunstmuseum.de\/wp-content\/uploads\/2019\/03\/190323-KMW-0010-300x144.jpg 300w, https:\/\/www.kunstmuseum.de\/wp-content\/uploads\/2019\/03\/190323-KMW-0010-1024x492.jpg 1024w, https:\/\/www.kunstmuseum.de\/wp-content\/uploads\/2019\/03\/190323-KMW-0010-768x369.jpg 768w, https:\/\/www.kunstmuseum.de\/wp-content\/uploads\/2019\/03\/190323-KMW-0010-1248x600.jpg 1248w, https:\/\/www.kunstmuseum.de\/wp-content\/uploads\/2019\/03\/190323-KMW-0010.jpg 1400w\" sizes=\"(max-width: 100px) 100vw, 100px\">\t\t\t\t<p>Foto: Marek Kruszewski<\/p>\n\t\t\t<\/div>\n\t\t\t\t\t\t<div class=\"credit-item\">\n\t\t\t\t<img width=\"100\" height=\"67\" src=\"https:\/\/www.kunstmuseum.de\/wp-content\/uploads\/2020\/11\/190323_KMW_0396-100x67.jpg\" class=\"attachment-credits-thumbnail size-credits-thumbnail\" alt loading=\"lazy\" srcset=\"https:\/\/www.kunstmuseum.de\/wp-content\/uploads\/2020\/11\/190323_KMW_0396-100x67.jpg 100w, https:\/\/www.kunstmuseum.de\/wp-content\/uploads\/2020\/11\/190323_KMW_0396-300x200.jpg 300w, https:\/\/www.kunstmuseum.de\/wp-content\/uploads\/2020\/11\/190323_KMW_0396-1024x683.jpg 1024w, https:\/\/www.kunstmuseum.de\/wp-content\/uploads\/2020\/11\/190323_KMW_0396-768x512.jpg 768w, https:\/\/www.kunstmuseum.de\/wp-content\/uploads\/2020\/11\/190323_KMW_0396-1536x1024.jpg 1536w, https:\/\/www.kunstmuseum.de\/wp-content\/uploads\/2020\/11\/190323_KMW_0396-900x600.jpg 900w, https:\/\/www.kunstmuseum.de\/wp-content\/uploads\/2020\/11\/190323_KMW_0396.jpg 1600w\" sizes=\"(max-width: 100px) 100vw, 100px\">\t\t\t\t<p>Er\u00f6ff\u00adnungs\u00adparty zu <em>Now is the Time<\/em>, Foto: Marek Kruszewski<\/p>\n\t\t\t<\/div>\n\t\t\t\t\t\t<div class=\"credit-item\">\n\t\t\t\t<img width=\"100\" height=\"67\" src=\"https:\/\/www.kunstmuseum.de\/wp-content\/uploads\/2020\/11\/190323_KMW_0050-100x67.jpg\" class=\"attachment-credits-thumbnail size-credits-thumbnail\" alt loading=\"lazy\" srcset=\"https:\/\/www.kunstmuseum.de\/wp-content\/uploads\/2020\/11\/190323_KMW_0050-100x67.jpg 100w, https:\/\/www.kunstmuseum.de\/wp-content\/uploads\/2020\/11\/190323_KMW_0050-300x200.jpg 300w, https:\/\/www.kunstmuseum.de\/wp-content\/uploads\/2020\/11\/190323_KMW_0050-1024x683.jpg 1024w, https:\/\/www.kunstmuseum.de\/wp-content\/uploads\/2020\/11\/190323_KMW_0050-768x512.jpg 768w, https:\/\/www.kunstmuseum.de\/wp-content\/uploads\/2020\/11\/190323_KMW_0050-1536x1024.jpg 1536w, https:\/\/www.kunstmuseum.de\/wp-content\/uploads\/2020\/11\/190323_KMW_0050-900x600.jpg 900w, https:\/\/www.kunstmuseum.de\/wp-content\/uploads\/2020\/11\/190323_KMW_0050.jpg 1600w\" sizes=\"(max-width: 100px) 100vw, 100px\">\t\t\t\t<p>Er\u00f6ffnung <em>Now Is the Time<\/em>, Foto: Marek Kruszewski<\/p>\n\t\t\t<\/div>\n\t\t\t\t\t\t<div class=\"credit-item\">\n\t\t\t\t<img width=\"100\" height=\"67\" src=\"https:\/\/www.kunstmuseum.de\/wp-content\/uploads\/2020\/11\/190323_KMW_0195-100x67.jpg\" class=\"attachment-credits-thumbnail size-credits-thumbnail\" alt loading=\"lazy\" srcset=\"https:\/\/www.kunstmuseum.de\/wp-content\/uploads\/2020\/11\/190323_KMW_0195-100x67.jpg 100w, https:\/\/www.kunstmuseum.de\/wp-content\/uploads\/2020\/11\/190323_KMW_0195-300x200.jpg 300w, https:\/\/www.kunstmuseum.de\/wp-content\/uploads\/2020\/11\/190323_KMW_0195-1024x683.jpg 1024w, https:\/\/www.kunstmuseum.de\/wp-content\/uploads\/2020\/11\/190323_KMW_0195-768x512.jpg 768w, https:\/\/www.kunstmuseum.de\/wp-content\/uploads\/2020\/11\/190323_KMW_0195-1536x1024.jpg 1536w, https:\/\/www.kunstmuseum.de\/wp-content\/uploads\/2020\/11\/190323_KMW_0195-900x600.jpg 900w, https:\/\/www.kunstmuseum.de\/wp-content\/uploads\/2020\/11\/190323_KMW_0195.jpg 1600w\" sizes=\"(max-width: 100px) 100vw, 100px\">\t\t\t\t<p>Blick in die Ausstel\u00adlung <em>Now Is the Time<\/em>, Foto: Marek Kruszewski<\/p>\n\t\t\t<\/div>\n\t\t\t\t\t<\/div>\n\t<\/div>\n<\/div>\n<\/div>\n\n\n<div class=\"wp-container-1 wp-block-group alignfull has-gray-background-color has-background\">\n<h2>Info<\/h2>\n\n\n\n<div class=\"wp-block-columns\">\n<div class=\"wp-block-column\" style=\"flex-basis:66.66%\">\n<p>Andreas Gursky, Sarah Morris, Jeff Koons, Cindy Sherman, Neo Rauch, Firelei B\u00e1ez, and many more: collec\u00adtion exhibi\u00adtion extended through October 13,&nbsp;2019<\/p>\n\n\n\n<p>We\u2019re extending! Twenty-five years, more than 600 works\u2014because our collec\u00adtion is so extensive and multi\u00adfa\u00adceted, we are giving our visitors a little more time to explore our anniver\u00adsary exhibi\u00adtion&nbsp;<em>Now Is The Time<\/em>. Through October 13, the large hall of the Kunst\u00admu\u00adseum Wolfsburg will be dedicated to our collec\u00adtion exhibi\u00adtion, before some of the works will travel on to be shown in various other inter\u00adna\u00adtional exhibi\u00adtions. On the anniver\u00adsary weekend alone, roughly 2,500 visitors took advantage of this unique opportunity.<\/p>\n\n\n\n<!--more mehr-->\n\n\n\n<p>Andreas Gursky, J\u00f6rg Immen\u00addorff, Sarah Morris, Jeff Koons, Cindy Sherman, Gilbert &amp; George, Nam June Paik, Neo Rauch\u2014you will find major players as well as important new disco\u00adve\u00adries such as Firelei B\u00e1ez and Mariana Vassileva. Paintings alongside photo\u00adgraphs, sculp\u00adtures and expansive instal\u00adla\u00adtions, as well as video and sound works: The anniver\u00adsary exhibi\u00adtion provides the most compre\u00adhen\u00adsive insight into the collec\u00adtion to date. It focuses on works from the last five decades and has a far-reaching national and inter\u00adna\u00adtional impact.<\/p>\n\n\n\n<h2>A new perspective within the frameworks of the anniversary exhibition: Helmut Federle<\/h2>\n\n\n\n<p>During the course of the exhibi\u00adtion, the oppor\u00adtu\u00adnity arose to present all three works by the painter Helmut Federle from the collec\u00adtion for the first time:&nbsp;<em>Basics on Compo\u00adsi\u00adtions XXXV<\/em>&nbsp;(1992),&nbsp;<em>Color of Monday Mornin<\/em>g (2000\u201303), and&nbsp;<em>Lima Suburbs II<\/em>&nbsp;(2009). Federle, professor at the Academy of Art in D\u00fcssel\u00addorf from 1999 to 2007, repeatedly develops new harmo\u00adnious pictorial compo\u00adsi\u00adtions with, among other things, geometric patterns or the letters of his name. From clear struc\u00adtures to prismatic, spherical light condi\u00adtions, the works on view in the Kunst\u00admu\u00adseum demons\u00adtrate the broad range of his artistic oeuvre.<\/p>\n\n\n\n<h2>The Collection<\/h2>\n\n\n\n<p>Founded in 1994, the collec\u00adtion now unites more than 600 instal\u00adla\u00adtions, work groups, and indivi\u00addual works by 100 artists. The key year of the collec\u00adtion is 1968. Almost all the works were created after this epoch-making turning point in contem\u00adporary history. In the exhibi\u00adtion, the spectrum ranges from works not shown for quite some time to the most recent acqui\u00adsi\u00adtions: from Franz Ackermann via Christian Boltanski and Elizabeth Peyton to Fiona Tan, and Thomas Zipp. In recent years, it has been possible to once again substan\u00adti\u00adally expand the collection\u2014above all with global, female, and political positions\u2014especially thanks to the support of donations from private indivi\u00adduals and the Circle of Friends of the Kunst\u00admu\u00adseum Wolfsburg.<\/p>\n\n\n\n<h2>Artists in the exhibition<\/h2>\n\n\n\n<p>Franz Ackermann, Carl Andre, Nobuyoshi Araki, John M Armleder, Katie Armstrong, Richard Artsch\u00adwager, Caroline Bachmann &amp; Stefan Banz, Firelei B\u00e1ez, Christian Boltanski, Stanley Brouwn, Tony Cragg, Jan Dibbets, Burhan Do\u011fan\u00e7ay, Helmut Federle, Peter Fischli\/David Weiss, Gilbert &amp; George, Gauri Gill, Liam Gillick, Douglas Gordon, Andreas Gursky, Brian Harte, Eberhard Havekost, Jeppe Hein, Georg Herold, Gary Hill, J\u00f6rg Immen\u00addorff, Christian Jankowski, Sergej Jensen, In Sook Kim, Imi Knoebel, Ola Koleh\u00admainen, Jeff Koons, Jannis Kounellis, Michel Majerus, Joseph Marioni, Maix Mayer, Gerhard Merz, Radenko Milak, Sarah Morris, Julian Opie, Nam June Paik, Verner Panton, Daniel Pflumm, Otto Piene, Julius Popp, Prajakta Potnis, Neo Rauch, Thomas Sch\u00fctte, Cindy Sherman, Beat Streuli, Fiona Tan, Mariana Vassileva, Jeff Wall, James Welling, Tim Wolff, Erwin Wurm, Thomas Zipp.<\/p>\n<\/div>\n\n\n\n<div class=\"wp-block-column\" style=\"flex-basis:33.33%\"><\/div>\n<\/div>\n<\/div>\n\n\n\n<h2>Partners<\/h2>\n\n\n\n<div class=\"wp-block-kunstmuseum-partners\">\n<div class=\"wp-block-kunstmuseum-partner\"><div class=\"partner-title\"><span><\/span><\/div><div class=\"partner-images\"><\/div><\/div>\n<\/div>\n","protected":false},"excerpt":{"rendered":"<p>Instal\u00adla\u00adti\u00adon\u00adviews Andreas Gursky, Sarah Morris, Jeff Koons, Cindy Sherman, Neo Rauch, Firelei B\u00e1ez, and many more: collec\u00adtion exhibi\u00adtion extended through October 13,&nbsp;2019 We\u2019re extending! Twenty-five years, more than 600 works\u2014because our collec\u00adtion is so extensive and multi\u00adfa\u00adceted, we are giving our visitors a little more time to explore our anniver\u00adsary exhibi\u00adtion&nbsp;Now Is The Time. Through&nbsp;[\u2026]<\/p>\n","protected":false},"featured_media":7633,"menu_order":0,"template":"","meta":{"wp_typography_post_enhancements_disabled":false,"kunstmuseum_formatted_page_title":"","exhibition_title":"Now Is The Time","exhibition_subtitle":"25 years collection Kunstmuseum Wolfsburg","exhibition_alternative_text":"May 24, 2019 \u2013 October 13, 2019","exhibition_start_date":"2019-03-24T10:47:00","exhibition_end_date":"2019-10-13T10:47:00","exhibition_gallery":"[7174,7794,7778,7776]","exhibition_poster":7629},"tags":[],"yoast_head":"<!-- This site is optimized with the Yoast SEO plugin v19.4 - https:\/\/yoast.com\/wordpress\/plugins\/seo\/ -->\n<title>Now Is The Time. 25 years collection Kunstmuseum Wolfsburg - Kunstmuseum Wolfsburg<\/title>\n<meta name=\"robots\" content=\"index, follow, max-snippet:-1, max-image-preview:large, max-video-preview:-1\" \/>\n<link rel=\"canonical\" href=\"https:\/\/www.kunstmuseum.de\/en\/exhibition\/now-is-the-time-25-years-collection-kunstmuseum-wolfsburg\/\" \/>\n<meta property=\"og:locale\" content=\"en_US\" \/>\n<meta property=\"og:type\" content=\"article\" \/>\n<meta property=\"og:title\" content=\"Now Is The Time. 25 years collection Kunstmuseum Wolfsburg - Kunstmuseum Wolfsburg\" \/>\n<meta property=\"og:description\" content=\"Installationviews Andreas Gursky, Sarah Morris, Jeff Koons, Cindy Sherman, Neo Rauch, Firelei B\u00e1ez, and many more: collec\u00adtion exhibi\u00adtion extended through October 13,&nbsp;2019 We\u2019re extending! Twenty-five years, more than 600 works\u2014because our collec\u00adtion is so extensive and multi\u00adfa\u00adceted, we are giving our visitors a little more time to explore our anniver\u00adsary exhibi\u00adtion&nbsp;Now Is The Time. Through [&hellip;]\" \/>\n<meta property=\"og:url\" content=\"https:\/\/www.kunstmuseum.de\/en\/exhibition\/now-is-the-time-25-years-collection-kunstmuseum-wolfsburg\/\" \/>\n<meta property=\"og:site_name\" content=\"Kunstmuseum Wolfsburg\" \/>\n<meta property=\"article:publisher\" content=\"https:\/\/www.facebook.com\/KunstmuseumWolfsburg\" \/>\n<meta property=\"article:modified_time\" content=\"2026-03-27T08:22:26+00:00\" \/>\n<meta property=\"og:image\" content=\"https:\/\/www.kunstmuseum.de\/wp-content\/uploads\/2019\/03\/2019_Now_Is_the_Time-1.jpg\" \/>\n\t<meta property=\"og:image:width\" content=\"1200\" \/>\n\t<meta property=\"og:image:height\" content=\"630\" \/>\n\t<meta property=\"og:image:type\" content=\"image\/jpeg\" \/>\n<meta name=\"twitter:card\" content=\"summary_large_image\" \/>\n<meta name=\"twitter:site\" content=\"@kunstmuseumwob\" \/>\n<meta name=\"twitter:label1\" content=\"Est. reading time\" \/>\n\t<meta name=\"twitter:data1\" content=\"3 minutes\" \/>\n<script type=\"application\/ld+json\" class=\"yoast-schema-graph\">{\"@context\":\"https:\/\/schema.org\",\"@graph\":[{\"@type\":\"Organization\",\"@id\":\"https:\/\/www.kunstmuseum.de\/en\/#organization\",\"name\":\"Kunstmuseum Wolfsburg\",\"url\":\"https:\/\/www.kunstmuseum.de\/en\/\",\"sameAs\":[\"https:\/\/www.instagram.com\/kunstmuseumwolfsburg\/\",\"https:\/\/www.linkedin.com\/company\/kunstmuseum-wolfsburg\/\",\"https:\/\/www.youtube.com\/user\/KunstmuseumWolfsburg\",\"https:\/\/de.wikipedia.org\/wiki\/Kunstmuseum_Wolfsburg\",\"https:\/\/www.facebook.com\/KunstmuseumWolfsburg\",\"https:\/\/twitter.com\/kunstmuseumwob\"],\"logo\":{\"@type\":\"ImageObject\",\"inLanguage\":\"en-US\",\"@id\":\"https:\/\/www.kunstmuseum.de\/en\/#\/schema\/logo\/image\/\",\"url\":\"https:\/\/www.kunstmuseum.de\/wp-content\/uploads\/2020\/05\/191125_KMW_Wortmarke_RGB_schwarz.svg\",\"contentUrl\":\"https:\/\/www.kunstmuseum.de\/wp-content\/uploads\/2020\/05\/191125_KMW_Wortmarke_RGB_schwarz.svg\",\"caption\":\"Kunstmuseum Wolfsburg\"},\"image\":{\"@id\":\"https:\/\/www.kunstmuseum.de\/en\/#\/schema\/logo\/image\/\"}},{\"@type\":\"WebSite\",\"@id\":\"https:\/\/www.kunstmuseum.de\/en\/#website\",\"url\":\"https:\/\/www.kunstmuseum.de\/en\/\",\"name\":\"Kunstmuseum Wolfsburg\",\"description\":\"\",\"publisher\":{\"@id\":\"https:\/\/www.kunstmuseum.de\/en\/#organization\"},\"potentialAction\":[{\"@type\":\"SearchAction\",\"target\":{\"@type\":\"EntryPoint\",\"urlTemplate\":\"https:\/\/www.kunstmuseum.de\/en\/?s={search_term_string}\"},\"query-input\":\"required name=search_term_string\"}],\"inLanguage\":\"en-US\"},{\"@type\":\"WebPage\",\"@id\":\"https:\/\/www.kunstmuseum.de\/en\/exhibition\/now-is-the-time-25-years-collection-kunstmuseum-wolfsburg\/\",\"url\":\"https:\/\/www.kunstmuseum.de\/en\/exhibition\/now-is-the-time-25-years-collection-kunstmuseum-wolfsburg\/\",\"name\":\"Now Is The Time. 25 years collection Kunstmuseum Wolfsburg - Kunstmuseum Wolfsburg\",\"isPartOf\":{\"@id\":\"https:\/\/www.kunstmuseum.de\/en\/#website\"},\"datePublished\":\"2019-03-24T15:10:00+00:00\",\"dateModified\":\"2026-03-27T08:22:26+00:00\",\"breadcrumb\":{\"@id\":\"https:\/\/www.kunstmuseum.de\/en\/exhibition\/now-is-the-time-25-years-collection-kunstmuseum-wolfsburg\/#breadcrumb\"},\"inLanguage\":\"en-US\",\"potentialAction\":[{\"@type\":\"ReadAction\",\"target\":[\"https:\/\/www.kunstmuseum.de\/en\/exhibition\/now-is-the-time-25-years-collection-kunstmuseum-wolfsburg\/\"]}]},{\"@type\":\"BreadcrumbList\",\"@id\":\"https:\/\/www.kunstmuseum.de\/en\/exhibition\/now-is-the-time-25-years-collection-kunstmuseum-wolfsburg\/#breadcrumb\",\"itemListElement\":[{\"@type\":\"ListItem\",\"position\":1,\"name\":\"Startseite\",\"item\":\"https:\/\/www.kunstmuseum.de\/en\/\"},{\"@type\":\"ListItem\",\"position\":2,\"name\":\"Exhibitions\",\"item\":\"https:\/\/www.kunstmuseum.de\/en\/exhibition\/\"},{\"@type\":\"ListItem\",\"position\":3,\"name\":\"Now Is The Time. 25 years collection Kunstmuseum Wolfsburg\"}]}]}<\/script>\n<!-- \/ Yoast SEO plugin. -->","yoast_head_json":{"title":"Now Is The Time. 25 years collection Kunstmuseum Wolfsburg - Kunstmuseum Wolfsburg","robots":{"index":"index","follow":"follow","max-snippet":"max-snippet:-1","max-image-preview":"max-image-preview:large","max-video-preview":"max-video-preview:-1"},"canonical":"https:\/\/www.kunstmuseum.de\/en\/exhibition\/now-is-the-time-25-years-collection-kunstmuseum-wolfsburg\/","og_locale":"en_US","og_type":"article","og_title":"Now Is The Time. 25 years collection Kunstmuseum Wolfsburg - Kunstmuseum Wolfsburg","og_description":"Installationviews Andreas Gursky, Sarah Morris, Jeff Koons, Cindy Sherman, Neo Rauch, Firelei B\u00e1ez, and many more: collec\u00adtion exhibi\u00adtion extended through October 13,&nbsp;2019 We\u2019re extending! Twenty-five years, more than 600 works\u2014because our collec\u00adtion is so extensive and multi\u00adfa\u00adceted, we are giving our visitors a little more time to explore our anniver\u00adsary exhibi\u00adtion&nbsp;Now Is The Time. Through [&hellip;]","og_url":"https:\/\/www.kunstmuseum.de\/en\/exhibition\/now-is-the-time-25-years-collection-kunstmuseum-wolfsburg\/","og_site_name":"Kunstmuseum Wolfsburg","article_publisher":"https:\/\/www.facebook.com\/KunstmuseumWolfsburg","article_modified_time":"2026-03-27T08:22:26+00:00","og_image":[{"width":1200,"height":630,"url":"https:\/\/www.kunstmuseum.de\/wp-content\/uploads\/2019\/03\/2019_Now_Is_the_Time-1.jpg","type":"image\/jpeg"}],"twitter_card":"summary_large_image","twitter_site":"@kunstmuseumwob","twitter_misc":{"Est. reading time":"3 minutes"},"schema":{"@context":"https:\/\/schema.org","@graph":[{"@type":"Organization","@id":"https:\/\/www.kunstmuseum.de\/en\/#organization","name":"Kunstmuseum Wolfsburg","url":"https:\/\/www.kunstmuseum.de\/en\/","sameAs":["https:\/\/www.instagram.com\/kunstmuseumwolfsburg\/","https:\/\/www.linkedin.com\/company\/kunstmuseum-wolfsburg\/","https:\/\/www.youtube.com\/user\/KunstmuseumWolfsburg","https:\/\/de.wikipedia.org\/wiki\/Kunstmuseum_Wolfsburg","https:\/\/www.facebook.com\/KunstmuseumWolfsburg","https:\/\/twitter.com\/kunstmuseumwob"],"logo":{"@type":"ImageObject","inLanguage":"en-US","@id":"https:\/\/www.kunstmuseum.de\/en\/#\/schema\/logo\/image\/","url":"https:\/\/www.kunstmuseum.de\/wp-content\/uploads\/2020\/05\/191125_KMW_Wortmarke_RGB_schwarz.svg","contentUrl":"https:\/\/www.kunstmuseum.de\/wp-content\/uploads\/2020\/05\/191125_KMW_Wortmarke_RGB_schwarz.svg","caption":"Kunstmuseum Wolfsburg"},"image":{"@id":"https:\/\/www.kunstmuseum.de\/en\/#\/schema\/logo\/image\/"}},{"@type":"WebSite","@id":"https:\/\/www.kunstmuseum.de\/en\/#website","url":"https:\/\/www.kunstmuseum.de\/en\/","name":"Kunstmuseum Wolfsburg","description":"","publisher":{"@id":"https:\/\/www.kunstmuseum.de\/en\/#organization"},"potentialAction":[{"@type":"SearchAction","target":{"@type":"EntryPoint","urlTemplate":"https:\/\/www.kunstmuseum.de\/en\/?s={search_term_string}"},"query-input":"required name=search_term_string"}],"inLanguage":"en-US"},{"@type":"WebPage","@id":"https:\/\/www.kunstmuseum.de\/en\/exhibition\/now-is-the-time-25-years-collection-kunstmuseum-wolfsburg\/","url":"https:\/\/www.kunstmuseum.de\/en\/exhibition\/now-is-the-time-25-years-collection-kunstmuseum-wolfsburg\/","name":"Now Is The Time. 25 years collection Kunstmuseum Wolfsburg - Kunstmuseum Wolfsburg","isPartOf":{"@id":"https:\/\/www.kunstmuseum.de\/en\/#website"},"datePublished":"2019-03-24T15:10:00+00:00","dateModified":"2026-03-27T08:22:26+00:00","breadcrumb":{"@id":"https:\/\/www.kunstmuseum.de\/en\/exhibition\/now-is-the-time-25-years-collection-kunstmuseum-wolfsburg\/#breadcrumb"},"inLanguage":"en-US","potentialAction":[{"@type":"ReadAction","target":["https:\/\/www.kunstmuseum.de\/en\/exhibition\/now-is-the-time-25-years-collection-kunstmuseum-wolfsburg\/"]}]},{"@type":"BreadcrumbList","@id":"https:\/\/www.kunstmuseum.de\/en\/exhibition\/now-is-the-time-25-years-collection-kunstmuseum-wolfsburg\/#breadcrumb","itemListElement":[{"@type":"ListItem","position":1,"name":"Startseite","item":"https:\/\/www.kunstmuseum.de\/en\/"},{"@type":"ListItem","position":2,"name":"Exhibitions","item":"https:\/\/www.kunstmuseum.de\/en\/exhibition\/"},{"@type":"ListItem","position":3,"name":"Now Is The Time. 25 years collection Kunstmuseum Wolfsburg"}]}]}},"_links":{"self":[{"href":"https:\/\/www.kunstmuseum.de\/en\/wp-json\/wp\/v2\/exhibition\/6146"}],"collection":[{"href":"https:\/\/www.kunstmuseum.de\/en\/wp-json\/wp\/v2\/exhibition"}],"about":[{"href":"https:\/\/www.kunstmuseum.de\/en\/wp-json\/wp\/v2\/types\/exhibition"}],"version-history":[{"count":11,"href":"https:\/\/www.kunstmuseum.de\/en\/wp-json\/wp\/v2\/exhibition\/6146\/revisions"}],"predecessor-version":[{"id":33786,"href":"https:\/\/www.kunstmuseum.de\/en\/wp-json\/wp\/v2\/exhibition\/6146\/revisions\/33786"}],"wp:featuredmedia":[{"embeddable":true,"href":"https:\/\/www.kunstmuseum.de\/en\/wp-json\/wp\/v2\/media\/7633"}],"wp:attachment":[{"href":"https:\/\/www.kunstmuseum.de\/en\/wp-json\/wp\/v2\/media?parent=6146"}],"wp:term":[{"taxonomy":"post_tag","embeddable":true,"href":"https:\/\/www.kunstmuseum.de\/en\/wp-json\/wp\/v2\/tags?post=6146"}],"curies":[{"name":"wp","href":"https:\/\/api.w.org\/{rel}","templated":true}]}}