{"id":8427,"date":"2020-03-21T00:00:28","date_gmt":"2020-03-20T23:00:28","guid":{"rendered":"http:\/\/kunstmuseum.mscg-it.de\/exhibition\/barbara-kasten-works\/"},"modified":"2024-03-12T10:18:52","modified_gmt":"2024-03-12T09:18:52","slug":"barbara-kasten-works","status":"publish","type":"exhibition","link":"https:\/\/www.kunstmuseum.de\/en\/exhibition\/barbara-kasten-works\/","title":{"rendered":"Barbara Kasten. Works"},"content":{"rendered":"\n<h2>Installationviews<\/h2>\n\n\n<div class=\"wp-block-exhibition-slider alignfull \"><div class=\"exhibition-slider\">\n\t<div class=\"swiper-container\">\n\t\t<div class=\"swiper-wrapper\">\n\t\t\t\t\t\t<div class=\"swiper-slide\">\n\t\t\t\t<img width=\"900\" height=\"600\" src=\"https:\/\/www.kunstmuseum.de\/wp-content\/uploads\/2020\/11\/200429_KMW_by_Kruszewski_0518-900x600.jpg\" class=\"attachment-exhibition-slider size-exhibition-slider\" alt loading=\"lazy\" srcset=\"https:\/\/www.kunstmuseum.de\/wp-content\/uploads\/2020\/11\/200429_KMW_by_Kruszewski_0518-900x600.jpg 900w, https:\/\/www.kunstmuseum.de\/wp-content\/uploads\/2020\/11\/200429_KMW_by_Kruszewski_0518-300x200.jpg 300w, https:\/\/www.kunstmuseum.de\/wp-content\/uploads\/2020\/11\/200429_KMW_by_Kruszewski_0518-1024x683.jpg 1024w, https:\/\/www.kunstmuseum.de\/wp-content\/uploads\/2020\/11\/200429_KMW_by_Kruszewski_0518-768x512.jpg 768w, https:\/\/www.kunstmuseum.de\/wp-content\/uploads\/2020\/11\/200429_KMW_by_Kruszewski_0518-1536x1024.jpg 1536w, https:\/\/www.kunstmuseum.de\/wp-content\/uploads\/2020\/11\/200429_KMW_by_Kruszewski_0518-2048x1365.jpg 2048w, https:\/\/www.kunstmuseum.de\/wp-content\/uploads\/2020\/11\/200429_KMW_by_Kruszewski_0518-100x67.jpg 100w\" sizes=\"(max-width: 900px) 100vw, 900px\">\t\t\t<\/div>\n\t\t\t\t\t\t<div class=\"swiper-slide\">\n\t\t\t\t<img width=\"900\" height=\"600\" src=\"https:\/\/www.kunstmuseum.de\/wp-content\/uploads\/2020\/11\/200511_KMW_by_Kruszewski_0338-900x600.jpg\" class=\"attachment-exhibition-slider size-exhibition-slider\" alt loading=\"lazy\" srcset=\"https:\/\/www.kunstmuseum.de\/wp-content\/uploads\/2020\/11\/200511_KMW_by_Kruszewski_0338-900x600.jpg 900w, https:\/\/www.kunstmuseum.de\/wp-content\/uploads\/2020\/11\/200511_KMW_by_Kruszewski_0338-300x200.jpg 300w, https:\/\/www.kunstmuseum.de\/wp-content\/uploads\/2020\/11\/200511_KMW_by_Kruszewski_0338-1024x683.jpg 1024w, https:\/\/www.kunstmuseum.de\/wp-content\/uploads\/2020\/11\/200511_KMW_by_Kruszewski_0338-768x512.jpg 768w, https:\/\/www.kunstmuseum.de\/wp-content\/uploads\/2020\/11\/200511_KMW_by_Kruszewski_0338-1536x1024.jpg 1536w, https:\/\/www.kunstmuseum.de\/wp-content\/uploads\/2020\/11\/200511_KMW_by_Kruszewski_0338-2048x1365.jpg 2048w, https:\/\/www.kunstmuseum.de\/wp-content\/uploads\/2020\/11\/200511_KMW_by_Kruszewski_0338-100x67.jpg 100w\" sizes=\"(max-width: 900px) 100vw, 900px\">\t\t\t<\/div>\n\t\t\t\t\t\t<div class=\"swiper-slide\">\n\t\t\t\t<img width=\"900\" height=\"600\" src=\"https:\/\/www.kunstmuseum.de\/wp-content\/uploads\/2020\/11\/200429_KMW_by_Kruszewski_0508-900x600.jpg\" class=\"attachment-exhibition-slider size-exhibition-slider\" alt loading=\"lazy\" srcset=\"https:\/\/www.kunstmuseum.de\/wp-content\/uploads\/2020\/11\/200429_KMW_by_Kruszewski_0508-900x600.jpg 900w, https:\/\/www.kunstmuseum.de\/wp-content\/uploads\/2020\/11\/200429_KMW_by_Kruszewski_0508-300x200.jpg 300w, https:\/\/www.kunstmuseum.de\/wp-content\/uploads\/2020\/11\/200429_KMW_by_Kruszewski_0508-1024x683.jpg 1024w, https:\/\/www.kunstmuseum.de\/wp-content\/uploads\/2020\/11\/200429_KMW_by_Kruszewski_0508-768x512.jpg 768w, https:\/\/www.kunstmuseum.de\/wp-content\/uploads\/2020\/11\/200429_KMW_by_Kruszewski_0508-1536x1024.jpg 1536w, https:\/\/www.kunstmuseum.de\/wp-content\/uploads\/2020\/11\/200429_KMW_by_Kruszewski_0508-2048x1365.jpg 2048w, https:\/\/www.kunstmuseum.de\/wp-content\/uploads\/2020\/11\/200429_KMW_by_Kruszewski_0508-100x67.jpg 100w\" sizes=\"(max-width: 900px) 100vw, 900px\">\t\t\t<\/div>\n\t\t\t\t\t\t<div class=\"swiper-slide\">\n\t\t\t\t<img width=\"389\" height=\"600\" src=\"https:\/\/www.kunstmuseum.de\/wp-content\/uploads\/2020\/11\/Foto-Kunstmuseum-Wolfsburgm-MSCG_MG_0240-1-389x600.jpg\" class=\"attachment-exhibition-slider size-exhibition-slider\" alt loading=\"lazy\" srcset=\"https:\/\/www.kunstmuseum.de\/wp-content\/uploads\/2020\/11\/Foto-Kunstmuseum-Wolfsburgm-MSCG_MG_0240-1-389x600.jpg 389w, https:\/\/www.kunstmuseum.de\/wp-content\/uploads\/2020\/11\/Foto-Kunstmuseum-Wolfsburgm-MSCG_MG_0240-1-194x300.jpg 194w, https:\/\/www.kunstmuseum.de\/wp-content\/uploads\/2020\/11\/Foto-Kunstmuseum-Wolfsburgm-MSCG_MG_0240-1-664x1024.jpg 664w, https:\/\/www.kunstmuseum.de\/wp-content\/uploads\/2020\/11\/Foto-Kunstmuseum-Wolfsburgm-MSCG_MG_0240-1-768x1185.jpg 768w, https:\/\/www.kunstmuseum.de\/wp-content\/uploads\/2020\/11\/Foto-Kunstmuseum-Wolfsburgm-MSCG_MG_0240-1-995x1536.jpg 995w, https:\/\/www.kunstmuseum.de\/wp-content\/uploads\/2020\/11\/Foto-Kunstmuseum-Wolfsburgm-MSCG_MG_0240-1-1327x2048.jpg 1327w, https:\/\/www.kunstmuseum.de\/wp-content\/uploads\/2020\/11\/Foto-Kunstmuseum-Wolfsburgm-MSCG_MG_0240-1-100x154.jpg 100w, https:\/\/www.kunstmuseum.de\/wp-content\/uploads\/2020\/11\/Foto-Kunstmuseum-Wolfsburgm-MSCG_MG_0240-1-scaled.jpg 1659w\" sizes=\"(max-width: 389px) 100vw, 389px\">\t\t\t<\/div>\n\t\t\t\t\t\t<div class=\"swiper-slide\">\n\t\t\t\t<img width=\"894\" height=\"600\" src=\"https:\/\/www.kunstmuseum.de\/wp-content\/uploads\/2020\/11\/Foto-Kunstmuseum-Wolfsburgm-MSCG_MG_0240-2-894x600.jpg\" class=\"attachment-exhibition-slider size-exhibition-slider\" alt loading=\"lazy\" srcset=\"https:\/\/www.kunstmuseum.de\/wp-content\/uploads\/2020\/11\/Foto-Kunstmuseum-Wolfsburgm-MSCG_MG_0240-2-894x600.jpg 894w, https:\/\/www.kunstmuseum.de\/wp-content\/uploads\/2020\/11\/Foto-Kunstmuseum-Wolfsburgm-MSCG_MG_0240-2-300x201.jpg 300w, https:\/\/www.kunstmuseum.de\/wp-content\/uploads\/2020\/11\/Foto-Kunstmuseum-Wolfsburgm-MSCG_MG_0240-2-1024x687.jpg 1024w, https:\/\/www.kunstmuseum.de\/wp-content\/uploads\/2020\/11\/Foto-Kunstmuseum-Wolfsburgm-MSCG_MG_0240-2-768x516.jpg 768w, https:\/\/www.kunstmuseum.de\/wp-content\/uploads\/2020\/11\/Foto-Kunstmuseum-Wolfsburgm-MSCG_MG_0240-2-1536x1031.jpg 1536w, https:\/\/www.kunstmuseum.de\/wp-content\/uploads\/2020\/11\/Foto-Kunstmuseum-Wolfsburgm-MSCG_MG_0240-2-2048x1375.jpg 2048w, https:\/\/www.kunstmuseum.de\/wp-content\/uploads\/2020\/11\/Foto-Kunstmuseum-Wolfsburgm-MSCG_MG_0240-2-100x67.jpg 100w\" sizes=\"(max-width: 894px) 100vw, 894px\">\t\t\t<\/div>\n\t\t\t\t\t\t<div class=\"swiper-slide\">\n\t\t\t\t<img width=\"900\" height=\"600\" src=\"https:\/\/www.kunstmuseum.de\/wp-content\/uploads\/2020\/11\/200511_KMW_by_Kruszewski_0042-900x600.jpg\" class=\"attachment-exhibition-slider size-exhibition-slider\" alt loading=\"lazy\" srcset=\"https:\/\/www.kunstmuseum.de\/wp-content\/uploads\/2020\/11\/200511_KMW_by_Kruszewski_0042-900x600.jpg 900w, https:\/\/www.kunstmuseum.de\/wp-content\/uploads\/2020\/11\/200511_KMW_by_Kruszewski_0042-300x200.jpg 300w, https:\/\/www.kunstmuseum.de\/wp-content\/uploads\/2020\/11\/200511_KMW_by_Kruszewski_0042-1024x683.jpg 1024w, https:\/\/www.kunstmuseum.de\/wp-content\/uploads\/2020\/11\/200511_KMW_by_Kruszewski_0042-768x512.jpg 768w, https:\/\/www.kunstmuseum.de\/wp-content\/uploads\/2020\/11\/200511_KMW_by_Kruszewski_0042-1536x1024.jpg 1536w, https:\/\/www.kunstmuseum.de\/wp-content\/uploads\/2020\/11\/200511_KMW_by_Kruszewski_0042-2048x1365.jpg 2048w, https:\/\/www.kunstmuseum.de\/wp-content\/uploads\/2020\/11\/200511_KMW_by_Kruszewski_0042-100x67.jpg 100w\" sizes=\"(max-width: 900px) 100vw, 900px\">\t\t\t<\/div>\n\t\t\t\t\t<\/div>\n\t<\/div>\n\t<button class=\"button-arrow open-credits-overlay\">\n\t\t<svg viewBox=\"0 0 14 14\">\n\t\t\t<path d=\"M5.977,13.852H16.608l-4.9,4.9,1.269,1.225,7-7-7-7L11.752,7.2l4.856,4.9H5.977Z\" transform=\"translate(-5.977 -5.977)\" \/>\n\t\t<\/svg>\n\t\tCredits\t<\/button>\n\t<div class=\"credits-overlay\" role=\"dialog\">\n\t\t<h3 class=\"h1\">Credits<\/h3>\n\t\t<div class=\"credits-list\">\n\t\t\t\t\t\t<div class=\"credit-item\">\n\t\t\t\t<img width=\"100\" height=\"67\" src=\"https:\/\/www.kunstmuseum.de\/wp-content\/uploads\/2020\/11\/200429_KMW_by_Kruszewski_0518-100x67.jpg\" class=\"attachment-credits-thumbnail size-credits-thumbnail\" alt loading=\"lazy\" srcset=\"https:\/\/www.kunstmuseum.de\/wp-content\/uploads\/2020\/11\/200429_KMW_by_Kruszewski_0518-100x67.jpg 100w, https:\/\/www.kunstmuseum.de\/wp-content\/uploads\/2020\/11\/200429_KMW_by_Kruszewski_0518-300x200.jpg 300w, https:\/\/www.kunstmuseum.de\/wp-content\/uploads\/2020\/11\/200429_KMW_by_Kruszewski_0518-1024x683.jpg 1024w, https:\/\/www.kunstmuseum.de\/wp-content\/uploads\/2020\/11\/200429_KMW_by_Kruszewski_0518-768x512.jpg 768w, https:\/\/www.kunstmuseum.de\/wp-content\/uploads\/2020\/11\/200429_KMW_by_Kruszewski_0518-1536x1024.jpg 1536w, https:\/\/www.kunstmuseum.de\/wp-content\/uploads\/2020\/11\/200429_KMW_by_Kruszewski_0518-2048x1365.jpg 2048w, https:\/\/www.kunstmuseum.de\/wp-content\/uploads\/2020\/11\/200429_KMW_by_Kruszewski_0518-900x600.jpg 900w\" sizes=\"(max-width: 100px) 100vw, 100px\">\t\t\t\t<p>\n<\/p><p>\n<\/p><p>Instal\u00adla\u00adtion view  <em>Barbara Kasten. Works<\/em>, photo: Marek Kruszewski<\/p>\n\n\t\t\t<\/div>\n\t\t\t\t\t\t<div class=\"credit-item\">\n\t\t\t\t<img width=\"100\" height=\"67\" src=\"https:\/\/www.kunstmuseum.de\/wp-content\/uploads\/2020\/11\/200511_KMW_by_Kruszewski_0338-100x67.jpg\" class=\"attachment-credits-thumbnail size-credits-thumbnail\" alt loading=\"lazy\" srcset=\"https:\/\/www.kunstmuseum.de\/wp-content\/uploads\/2020\/11\/200511_KMW_by_Kruszewski_0338-100x67.jpg 100w, https:\/\/www.kunstmuseum.de\/wp-content\/uploads\/2020\/11\/200511_KMW_by_Kruszewski_0338-300x200.jpg 300w, https:\/\/www.kunstmuseum.de\/wp-content\/uploads\/2020\/11\/200511_KMW_by_Kruszewski_0338-1024x683.jpg 1024w, https:\/\/www.kunstmuseum.de\/wp-content\/uploads\/2020\/11\/200511_KMW_by_Kruszewski_0338-768x512.jpg 768w, https:\/\/www.kunstmuseum.de\/wp-content\/uploads\/2020\/11\/200511_KMW_by_Kruszewski_0338-1536x1024.jpg 1536w, https:\/\/www.kunstmuseum.de\/wp-content\/uploads\/2020\/11\/200511_KMW_by_Kruszewski_0338-2048x1365.jpg 2048w, https:\/\/www.kunstmuseum.de\/wp-content\/uploads\/2020\/11\/200511_KMW_by_Kruszewski_0338-900x600.jpg 900w\" sizes=\"(max-width: 100px) 100vw, 100px\">\t\t\t\t<p>\n<\/p><p>\n<\/p><p>Instal\u00adla\u00adtion view  <em>Barbara Kasten. Works<\/em>, photo: Marek Kruszewski<\/p>\n\n\t\t\t<\/div>\n\t\t\t\t\t\t<div class=\"credit-item\">\n\t\t\t\t<img width=\"100\" height=\"67\" src=\"https:\/\/www.kunstmuseum.de\/wp-content\/uploads\/2020\/11\/200429_KMW_by_Kruszewski_0508-100x67.jpg\" class=\"attachment-credits-thumbnail size-credits-thumbnail\" alt loading=\"lazy\" srcset=\"https:\/\/www.kunstmuseum.de\/wp-content\/uploads\/2020\/11\/200429_KMW_by_Kruszewski_0508-100x67.jpg 100w, https:\/\/www.kunstmuseum.de\/wp-content\/uploads\/2020\/11\/200429_KMW_by_Kruszewski_0508-300x200.jpg 300w, https:\/\/www.kunstmuseum.de\/wp-content\/uploads\/2020\/11\/200429_KMW_by_Kruszewski_0508-1024x683.jpg 1024w, https:\/\/www.kunstmuseum.de\/wp-content\/uploads\/2020\/11\/200429_KMW_by_Kruszewski_0508-768x512.jpg 768w, https:\/\/www.kunstmuseum.de\/wp-content\/uploads\/2020\/11\/200429_KMW_by_Kruszewski_0508-1536x1024.jpg 1536w, https:\/\/www.kunstmuseum.de\/wp-content\/uploads\/2020\/11\/200429_KMW_by_Kruszewski_0508-2048x1365.jpg 2048w, https:\/\/www.kunstmuseum.de\/wp-content\/uploads\/2020\/11\/200429_KMW_by_Kruszewski_0508-900x600.jpg 900w\" sizes=\"(max-width: 100px) 100vw, 100px\">\t\t\t\t<p>\n<\/p><p>\n<\/p><p>Instal\u00adla\u00adtion view  <em>Barbara Kasten. Works<\/em>, photo: Marek Kruszewski<\/p>\n\n\t\t\t<\/div>\n\t\t\t\t\t\t<div class=\"credit-item\">\n\t\t\t\t<img width=\"100\" height=\"154\" src=\"https:\/\/www.kunstmuseum.de\/wp-content\/uploads\/2020\/11\/Foto-Kunstmuseum-Wolfsburgm-MSCG_MG_0240-1-100x154.jpg\" class=\"attachment-credits-thumbnail size-credits-thumbnail\" alt loading=\"lazy\" srcset=\"https:\/\/www.kunstmuseum.de\/wp-content\/uploads\/2020\/11\/Foto-Kunstmuseum-Wolfsburgm-MSCG_MG_0240-1-100x154.jpg 100w, https:\/\/www.kunstmuseum.de\/wp-content\/uploads\/2020\/11\/Foto-Kunstmuseum-Wolfsburgm-MSCG_MG_0240-1-194x300.jpg 194w, https:\/\/www.kunstmuseum.de\/wp-content\/uploads\/2020\/11\/Foto-Kunstmuseum-Wolfsburgm-MSCG_MG_0240-1-664x1024.jpg 664w, https:\/\/www.kunstmuseum.de\/wp-content\/uploads\/2020\/11\/Foto-Kunstmuseum-Wolfsburgm-MSCG_MG_0240-1-768x1185.jpg 768w, https:\/\/www.kunstmuseum.de\/wp-content\/uploads\/2020\/11\/Foto-Kunstmuseum-Wolfsburgm-MSCG_MG_0240-1-995x1536.jpg 995w, https:\/\/www.kunstmuseum.de\/wp-content\/uploads\/2020\/11\/Foto-Kunstmuseum-Wolfsburgm-MSCG_MG_0240-1-1327x2048.jpg 1327w, https:\/\/www.kunstmuseum.de\/wp-content\/uploads\/2020\/11\/Foto-Kunstmuseum-Wolfsburgm-MSCG_MG_0240-1-389x600.jpg 389w, https:\/\/www.kunstmuseum.de\/wp-content\/uploads\/2020\/11\/Foto-Kunstmuseum-Wolfsburgm-MSCG_MG_0240-1-scaled.jpg 1659w\" sizes=\"(max-width: 100px) 100vw, 100px\">\t\t\t\t<p>\n<\/p><p>\n<\/p><p>Instal\u00adla\u00adtion view  <em>Barbara Kasten. Works<\/em>, photo: MSCG<\/p>\n\n\t\t\t<\/div>\n\t\t\t\t\t\t<div class=\"credit-item\">\n\t\t\t\t<img width=\"100\" height=\"67\" src=\"https:\/\/www.kunstmuseum.de\/wp-content\/uploads\/2020\/11\/Foto-Kunstmuseum-Wolfsburgm-MSCG_MG_0240-2-100x67.jpg\" class=\"attachment-credits-thumbnail size-credits-thumbnail\" alt loading=\"lazy\" srcset=\"https:\/\/www.kunstmuseum.de\/wp-content\/uploads\/2020\/11\/Foto-Kunstmuseum-Wolfsburgm-MSCG_MG_0240-2-100x67.jpg 100w, https:\/\/www.kunstmuseum.de\/wp-content\/uploads\/2020\/11\/Foto-Kunstmuseum-Wolfsburgm-MSCG_MG_0240-2-300x201.jpg 300w, https:\/\/www.kunstmuseum.de\/wp-content\/uploads\/2020\/11\/Foto-Kunstmuseum-Wolfsburgm-MSCG_MG_0240-2-1024x687.jpg 1024w, https:\/\/www.kunstmuseum.de\/wp-content\/uploads\/2020\/11\/Foto-Kunstmuseum-Wolfsburgm-MSCG_MG_0240-2-768x516.jpg 768w, https:\/\/www.kunstmuseum.de\/wp-content\/uploads\/2020\/11\/Foto-Kunstmuseum-Wolfsburgm-MSCG_MG_0240-2-1536x1031.jpg 1536w, https:\/\/www.kunstmuseum.de\/wp-content\/uploads\/2020\/11\/Foto-Kunstmuseum-Wolfsburgm-MSCG_MG_0240-2-2048x1375.jpg 2048w, https:\/\/www.kunstmuseum.de\/wp-content\/uploads\/2020\/11\/Foto-Kunstmuseum-Wolfsburgm-MSCG_MG_0240-2-894x600.jpg 894w\" sizes=\"(max-width: 100px) 100vw, 100px\">\t\t\t\t<p>\n<\/p><p>\n<\/p><p>Instal\u00adla\u00adtion view  <em>Barbara Kasten. Works<\/em>, photo: MSCG<\/p>\n\n\t\t\t<\/div>\n\t\t\t\t\t\t<div class=\"credit-item\">\n\t\t\t\t<img width=\"100\" height=\"67\" src=\"https:\/\/www.kunstmuseum.de\/wp-content\/uploads\/2020\/11\/200511_KMW_by_Kruszewski_0042-100x67.jpg\" class=\"attachment-credits-thumbnail size-credits-thumbnail\" alt loading=\"lazy\" srcset=\"https:\/\/www.kunstmuseum.de\/wp-content\/uploads\/2020\/11\/200511_KMW_by_Kruszewski_0042-100x67.jpg 100w, https:\/\/www.kunstmuseum.de\/wp-content\/uploads\/2020\/11\/200511_KMW_by_Kruszewski_0042-300x200.jpg 300w, https:\/\/www.kunstmuseum.de\/wp-content\/uploads\/2020\/11\/200511_KMW_by_Kruszewski_0042-1024x683.jpg 1024w, https:\/\/www.kunstmuseum.de\/wp-content\/uploads\/2020\/11\/200511_KMW_by_Kruszewski_0042-768x512.jpg 768w, https:\/\/www.kunstmuseum.de\/wp-content\/uploads\/2020\/11\/200511_KMW_by_Kruszewski_0042-1536x1024.jpg 1536w, https:\/\/www.kunstmuseum.de\/wp-content\/uploads\/2020\/11\/200511_KMW_by_Kruszewski_0042-2048x1365.jpg 2048w, https:\/\/www.kunstmuseum.de\/wp-content\/uploads\/2020\/11\/200511_KMW_by_Kruszewski_0042-900x600.jpg 900w\" sizes=\"(max-width: 100px) 100vw, 100px\">\t\t\t\t<p>\n<\/p><p>\n<\/p><p>Instal\u00adla\u00adtion view  <em>Barbara Kasten. Works<\/em>, photo: Marek Kruszewski<\/p>\n\n\t\t\t<\/div>\n\t\t\t\t\t<\/div>\n\t<\/div>\n<\/div>\n<\/div>\n\n\n<div class=\"wp-container-1 wp-block-group alignfull has-gray-background-color has-background\">\n<h2>Infos<\/h2>\n\n\n\n<div class=\"wp-block-columns\">\n<div class=\"wp-block-column\" style=\"flex-basis:66.66%\">\n<p>Over the past four decades, the American artist Barbara Kasten (b. 1936, lives and works in Chicago) has created an impres\u00adsive body of work, at the center of which are her seemingly abstract photo\u00adgraphs. With the exhibi\u00adtion <em>Barbara Kasten. Works<\/em>, the Kunst\u00admu\u00adseum Wolfsburg presents a compre\u00adhen\u00adsive overview of her oeuvre for the first time in Europe\u2014from her early sculp\u00adtures and photo\u00adgrams via her construc\u00adti\u00advist photo\u00adgraphs to her most recent video installations.<\/p>\n\n\n\n<!--more-->\n\n\n\n<p>After Barbara Kasten had already dealt with ideas of the Bauhaus, textile sculp\u00adtures, and alter\u00adna\u00adtive photo\u00adgra\u00adphic techni\u00adques in the 1960s, her central concern is now the trans\u00adfe\u00adrence of the medium of photo\u00adgraphy into a painterly concept. For her, the most important media are light and shadow. Within her series of <em>Constructs<\/em>, created between 1979 and 1986, everyday materials are first staged in a black-and-white aesthetic and later illumi\u00adnated with color, thus relieving them of their prosaic character. Parallel to this, she began her analog photo series of <em>Archi\u00adtec\u00adtural Sites<\/em> (1984\u201387). For real existing buildings such as the World Financial Center or the Whitney Museum of American Art, she used photo\u00adgraphy to build a platform of sorts on site, in order to stage the buildings in surreal light. The results are large-format, almost abstract, intensely colored photo\u00adgraphs in which illusion and reality merge with one another. In the last few years, she has also created video works with the intention of enhancing spatial illusion by incor\u00adpo\u00adra\u00adting real objects.<\/p>\n\n\n\n<p>Barbara Kasten\u2019s oeuvre repres\u00adents a unique position in the inter\u00adna\u00adtional artworld. In the age of Photoshop and the seemingly unlimited possi\u00adbi\u00adli\u00adties of digital image manipu\u00adla\u00adtion, her works stand for an avant-garde position of the analog.<\/p>\n\n\n\n<p>The exhibi\u00adtion is accom\u00adpa\u00adnied by a publi\u00adca\u00adtion in English and German (Verlag der Buchhand\u00adlung Walther K\u00f6nig; design: Ta-Trung, Berlin) with texts by Andreas Beitin, Carol S. Eliel, Elena Engelbrechter, Anette H\u00fcsch, Alex Klein, and Magdalena Kr\u00f6ner, as well as an interview with Barbara Kasten.<\/p>\n<\/div>\n\n\n\n<div class=\"wp-block-column\" style=\"flex-basis:33.33%\">\n<p><em>Curator<\/em><br>Andreas Beitin <\/p>\n\n\n\n<p><em>Curato\u00adrial assis\u00adtance<br><\/em>Elena Engelbrechter<br>Birte Hinrichsen<\/p>\n<\/div>\n<\/div>\n\n\n\n<div class=\"wp-block-kunstmuseum-partners\">\n<div class=\"wp-block-kunstmuseum-partner\"><div class=\"partner-title\"><span>Media Partner<\/span><\/div><div class=\"partner-images\"><img src=\"https:\/\/www.kunstmuseum.de\/wp-content\/uploads\/2020\/08\/arte_logo_sw.png\" class=\"partner-image\"><\/div><\/div>\n\n\n\n<div class=\"wp-block-kunstmuseum-partner\"><div class=\"partner-title\"><span>Partner<\/span><\/div><div class=\"partner-images\"><img src=\"https:\/\/www.kunstmuseum.de\/wp-content\/uploads\/2020\/06\/SG-logo.png\" class=\"partner-image\"><\/div><\/div>\n<\/div>\n\n\n\n<p><\/p>\n<\/div>\n\n\n\n<h2>Publication<\/h2>\n\n\n\t<div class=\"wp-block-shop-product-info placeholder\" data-product-id=\"75\">\n\t\t<div class=\"image\"><\/div>\n\t\t<div class=\"content\">\n\t\t\t<div class=\"title\"><\/div>\n\t\t\t<div class=\"description\"><\/div>\n\t\t\t<div class=\"price\"><\/div>\n\t\t\t<a class=\"button button-large shop\" target=\"_blank\">Shop<\/a>\n\t\t<\/div>\n\t<\/div>\n\t\n\n\n<h2>Magazin<\/h2>\n\n\n\t\t<div class=\"wp-block-magazine alignfull \">\n\t\t\t<div class=\"magazine\" data-rest-baseuri=\"https:\/\/www.kunstmuseum.de\/en\/wp-json\/\">\n\t\t\t<article id=\"post-17149\" data-post-id=\"17149\" class=\"post-17149 post type-post status-publish format-standard has-post-thumbnail hentry category-unkategorisiert tag-barbara-kasten tag-kooperation tag-sammlung-goetz-2\">\n\n\t\t<div class=\"post-thumbnail\">\n\t\t<a href=\"https:\/\/www.kunstmuseum.de\/en\/2022\/09\/sammlung-goetz-eroeffnet-kooperationsausstellung-babara-kasten-in-muenchen\/\" aria-hidden=\"true\" tabindex=\"-1\">\n\t\t\t\t\t\t<img width=\"1024\" height=\"683\" src=\"https:\/\/www.kunstmuseum.de\/wp-content\/uploads\/2022\/09\/Kasten_2022-31-3-1024x683.jpg\" class=\"attachment-large size-large wp-post-image\" alt loading=\"lazy\" srcset=\"https:\/\/www.kunstmuseum.de\/wp-content\/uploads\/2022\/09\/Kasten_2022-31-3-1024x683.jpg 1024w, https:\/\/www.kunstmuseum.de\/wp-content\/uploads\/2022\/09\/Kasten_2022-31-3-300x200.jpg 300w, https:\/\/www.kunstmuseum.de\/wp-content\/uploads\/2022\/09\/Kasten_2022-31-3-768x512.jpg 768w, https:\/\/www.kunstmuseum.de\/wp-content\/uploads\/2022\/09\/Kasten_2022-31-3-1536x1024.jpg 1536w, https:\/\/www.kunstmuseum.de\/wp-content\/uploads\/2022\/09\/Kasten_2022-31-3-2048x1365.jpg 2048w, https:\/\/www.kunstmuseum.de\/wp-content\/uploads\/2022\/09\/Kasten_2022-31-3-900x600.jpg 900w, https:\/\/www.kunstmuseum.de\/wp-content\/uploads\/2022\/09\/Kasten_2022-31-3-100x67.jpg 100w\" sizes=\"(max-width: 1024px) 100vw, 1024px\">\t\t<\/a>\n\t<\/div>\n\t\n\t<div class=\"post-tags\">\n\t\t<a href=\"https:\/\/www.kunstmuseum.de\/en\/tag\/barbara-kasten\/\" rel=\"tag\" class=\"button button-small\">Barbara Kasten<\/a><a href=\"https:\/\/www.kunstmuseum.de\/en\/tag\/kooperation\/\" rel=\"tag\" class=\"button button-small\">Koope\u00adra\u00adtion<\/a><a href=\"https:\/\/www.kunstmuseum.de\/en\/tag\/sammlung-goetz-2\/\" rel=\"tag\" class=\"button button-small\">Sammlung Goetz<\/a>\t<\/div>\n\n\t<h3 class=\"post-title h4\"><a href=\"https:\/\/www.kunstmuseum.de\/en\/2022\/09\/sammlung-goetz-eroeffnet-kooperationsausstellung-babara-kasten-in-muenchen\/\" rel=\"bookmark\">Sammlung Goetz er\u00f6ffnet Kooperationsausstellung <span class=\"highlighted-title-part\">Barbara Kasten<\/span>  in M\u00fcnchen<\/a><\/h3>\n\n\t<\/article><!-- #post-17149 -->\n<article id=\"post-4335\" data-post-id=\"4335\" class=\"post-4335 post type-post status-publish format-video has-post-thumbnail hentry category-unkategorisiert tag-kunstmuseumfromhome tag-barbara-kasten post_format-post-format-video\">\n\n\t\t<div class=\"post-thumbnail\">\n\t\t<a href=\"https:\/\/www.kunstmuseum.de\/en\/2020\/06\/barbara-kasten\/\" aria-hidden=\"true\" tabindex=\"-1\">\n\t\t\t\t\t\t<svg class=\"play-button\" viewBox=\"0 0 124 124\" aria-hidden=\"true\"><g fill=\"#fff\"><circle cx=\"62\" cy=\"62\" r=\"62\" opacity=\".35\" \/><path d=\"M96.46 62l-52-37.5v75z\" \/><\/g><\/svg>\n\t\t\t\t\t\t<img width=\"1024\" height=\"674\" src=\"https:\/\/www.kunstmuseum.de\/wp-content\/uploads\/2020\/08\/Standbild-Elena-1024x674.jpg\" class=\"attachment-large size-large wp-post-image\" alt loading=\"lazy\" srcset=\"https:\/\/www.kunstmuseum.de\/wp-content\/uploads\/2020\/08\/Standbild-Elena-1024x674.jpg 1024w, https:\/\/www.kunstmuseum.de\/wp-content\/uploads\/2020\/08\/Standbild-Elena-300x197.jpg 300w, https:\/\/www.kunstmuseum.de\/wp-content\/uploads\/2020\/08\/Standbild-Elena-768x506.jpg 768w, https:\/\/www.kunstmuseum.de\/wp-content\/uploads\/2020\/08\/Standbild-Elena-912x600.jpg 912w, https:\/\/www.kunstmuseum.de\/wp-content\/uploads\/2020\/08\/Standbild-Elena-100x66.jpg 100w, https:\/\/www.kunstmuseum.de\/wp-content\/uploads\/2020\/08\/Standbild-Elena.jpg 1343w\" sizes=\"(max-width: 1024px) 100vw, 1024px\">\t\t<\/a>\n\t<\/div>\n\t\n\t<div class=\"post-tags\">\n\t\t<a href=\"https:\/\/www.kunstmuseum.de\/en\/tag\/kunstmuseumfromhome\/\" rel=\"tag\" class=\"button button-small\">#kunst\u00admu\u00adse\u00adum\u00adfrom\u00adhome<\/a><a href=\"https:\/\/www.kunstmuseum.de\/en\/tag\/barbara-kasten\/\" rel=\"tag\" class=\"button button-small\">Barbara Kasten<\/a>\t<\/div>\n\n\t<h3 class=\"post-title h4\"><a href=\"https:\/\/www.kunstmuseum.de\/en\/2020\/06\/barbara-kasten\/\" rel=\"bookmark\">Barbara Kasten: Experimente mit Plexiglas<\/a><\/h3>\n\n\t<\/article><!-- #post-4335 -->\n\t\t\t<\/div>\n\t\t<\/div>\n\t\t","protected":false},"excerpt":{"rendered":"<p>Instal\u00adla\u00adti\u00adon\u00adviews Over the past four decades, the American artist Barbara Kasten (b. 1936, lives and works in Chicago) has created an impres\u00adsive body of work, at the center of which are her seemingly abstract photo\u00adgraphs. With the exhibi\u00adtion Barbara Kasten. Works, the Kunst\u00admu\u00adseum Wolfsburg presents a compre\u00adhen\u00adsive overview of her oeuvre for the first&nbsp;time&nbsp;[\u2026]<\/p>\n","protected":false},"featured_media":5609,"menu_order":0,"template":"","meta":{"wp_typography_post_enhancements_disabled":false,"kunstmuseum_formatted_page_title":"","exhibition_title":"Barbara Kasten","exhibition_subtitle":"Works","exhibition_alternative_text":"March 21, 2020 \u2013 November 8, 2020","exhibition_start_date":"2020-03-21T11:25:00","exhibition_end_date":"2020-11-08T11:25:00","exhibition_gallery":"[7612,7622,7618,7624,7626,7620]","exhibition_poster":5177},"tags":[383],"yoast_head":"<!-- This site is optimized with the Yoast SEO plugin v19.4 - https:\/\/yoast.com\/wordpress\/plugins\/seo\/ -->\n<title>Barbara Kasten. Works - Kunstmuseum Wolfsburg<\/title>\n<meta name=\"robots\" content=\"index, follow, max-snippet:-1, max-image-preview:large, max-video-preview:-1\" \/>\n<link rel=\"canonical\" href=\"https:\/\/www.kunstmuseum.de\/en\/exhibition\/barbara-kasten-works\/\" \/>\n<meta property=\"og:locale\" content=\"en_US\" \/>\n<meta property=\"og:type\" content=\"article\" \/>\n<meta property=\"og:title\" content=\"Barbara Kasten. Works - Kunstmuseum Wolfsburg\" \/>\n<meta property=\"og:description\" content=\"Installationviews Over the past four decades, the American artist Barbara Kasten (b. 1936, lives and works in Chicago) has created an impres\u00adsive body of work, at the center of which are her seemingly abstract photo\u00adgraphs. With the exhibi\u00adtion Barbara Kasten. Works, the Kunst\u00admu\u00adseum Wolfsburg presents a compre\u00adhen\u00adsive overview of her oeuvre for the first time [&hellip;]\" \/>\n<meta property=\"og:url\" content=\"https:\/\/www.kunstmuseum.de\/en\/exhibition\/barbara-kasten-works\/\" \/>\n<meta property=\"og:site_name\" content=\"Kunstmuseum Wolfsburg\" \/>\n<meta property=\"article:publisher\" content=\"https:\/\/www.facebook.com\/KunstmuseumWolfsburg\" \/>\n<meta property=\"article:modified_time\" content=\"2024-03-12T09:18:52+00:00\" \/>\n<meta property=\"og:image\" content=\"https:\/\/www.kunstmuseum.de\/wp-content\/uploads\/2020\/06\/2020_Barbara_Kasen_Works.jpg\" \/>\n\t<meta property=\"og:image:width\" content=\"1200\" \/>\n\t<meta property=\"og:image:height\" content=\"630\" \/>\n\t<meta property=\"og:image:type\" content=\"image\/jpeg\" \/>\n<meta name=\"twitter:card\" content=\"summary_large_image\" \/>\n<meta name=\"twitter:site\" content=\"@kunstmuseumwob\" \/>\n<meta name=\"twitter:label1\" content=\"Est. reading time\" \/>\n\t<meta name=\"twitter:data1\" content=\"3 minutes\" \/>\n<script type=\"application\/ld+json\" class=\"yoast-schema-graph\">{\"@context\":\"https:\/\/schema.org\",\"@graph\":[{\"@type\":\"Organization\",\"@id\":\"https:\/\/www.kunstmuseum.de\/en\/#organization\",\"name\":\"Kunstmuseum Wolfsburg\",\"url\":\"https:\/\/www.kunstmuseum.de\/en\/\",\"sameAs\":[\"https:\/\/www.instagram.com\/kunstmuseumwolfsburg\/\",\"https:\/\/www.linkedin.com\/company\/kunstmuseum-wolfsburg\/\",\"https:\/\/www.youtube.com\/user\/KunstmuseumWolfsburg\",\"https:\/\/de.wikipedia.org\/wiki\/Kunstmuseum_Wolfsburg\",\"https:\/\/www.facebook.com\/KunstmuseumWolfsburg\",\"https:\/\/twitter.com\/kunstmuseumwob\"],\"logo\":{\"@type\":\"ImageObject\",\"inLanguage\":\"en-US\",\"@id\":\"https:\/\/www.kunstmuseum.de\/en\/#\/schema\/logo\/image\/\",\"url\":\"https:\/\/www.kunstmuseum.de\/wp-content\/uploads\/2020\/05\/191125_KMW_Wortmarke_RGB_schwarz.svg\",\"contentUrl\":\"https:\/\/www.kunstmuseum.de\/wp-content\/uploads\/2020\/05\/191125_KMW_Wortmarke_RGB_schwarz.svg\",\"caption\":\"Kunstmuseum Wolfsburg\"},\"image\":{\"@id\":\"https:\/\/www.kunstmuseum.de\/en\/#\/schema\/logo\/image\/\"}},{\"@type\":\"WebSite\",\"@id\":\"https:\/\/www.kunstmuseum.de\/en\/#website\",\"url\":\"https:\/\/www.kunstmuseum.de\/en\/\",\"name\":\"Kunstmuseum Wolfsburg\",\"description\":\"\",\"publisher\":{\"@id\":\"https:\/\/www.kunstmuseum.de\/en\/#organization\"},\"potentialAction\":[{\"@type\":\"SearchAction\",\"target\":{\"@type\":\"EntryPoint\",\"urlTemplate\":\"https:\/\/www.kunstmuseum.de\/en\/?s={search_term_string}\"},\"query-input\":\"required name=search_term_string\"}],\"inLanguage\":\"en-US\"},{\"@type\":\"WebPage\",\"@id\":\"https:\/\/www.kunstmuseum.de\/en\/exhibition\/barbara-kasten-works\/\",\"url\":\"https:\/\/www.kunstmuseum.de\/en\/exhibition\/barbara-kasten-works\/\",\"name\":\"Barbara Kasten. Works - Kunstmuseum Wolfsburg\",\"isPartOf\":{\"@id\":\"https:\/\/www.kunstmuseum.de\/en\/#website\"},\"datePublished\":\"2020-03-20T23:00:28+00:00\",\"dateModified\":\"2024-03-12T09:18:52+00:00\",\"breadcrumb\":{\"@id\":\"https:\/\/www.kunstmuseum.de\/en\/exhibition\/barbara-kasten-works\/#breadcrumb\"},\"inLanguage\":\"en-US\",\"potentialAction\":[{\"@type\":\"ReadAction\",\"target\":[\"https:\/\/www.kunstmuseum.de\/en\/exhibition\/barbara-kasten-works\/\"]}]},{\"@type\":\"BreadcrumbList\",\"@id\":\"https:\/\/www.kunstmuseum.de\/en\/exhibition\/barbara-kasten-works\/#breadcrumb\",\"itemListElement\":[{\"@type\":\"ListItem\",\"position\":1,\"name\":\"Startseite\",\"item\":\"https:\/\/www.kunstmuseum.de\/en\/\"},{\"@type\":\"ListItem\",\"position\":2,\"name\":\"Exhibitions\",\"item\":\"https:\/\/www.kunstmuseum.de\/en\/exhibition\/\"},{\"@type\":\"ListItem\",\"position\":3,\"name\":\"Barbara Kasten. Works\"}]}]}<\/script>\n<!-- \/ Yoast SEO plugin. -->","yoast_head_json":{"title":"Barbara Kasten. Works - Kunstmuseum Wolfsburg","robots":{"index":"index","follow":"follow","max-snippet":"max-snippet:-1","max-image-preview":"max-image-preview:large","max-video-preview":"max-video-preview:-1"},"canonical":"https:\/\/www.kunstmuseum.de\/en\/exhibition\/barbara-kasten-works\/","og_locale":"en_US","og_type":"article","og_title":"Barbara Kasten. Works - Kunstmuseum Wolfsburg","og_description":"Installationviews Over the past four decades, the American artist Barbara Kasten (b. 1936, lives and works in Chicago) has created an impres\u00adsive body of work, at the center of which are her seemingly abstract photo\u00adgraphs. With the exhibi\u00adtion Barbara Kasten. Works, the Kunst\u00admu\u00adseum Wolfsburg presents a compre\u00adhen\u00adsive overview of her oeuvre for the first time [&hellip;]","og_url":"https:\/\/www.kunstmuseum.de\/en\/exhibition\/barbara-kasten-works\/","og_site_name":"Kunstmuseum Wolfsburg","article_publisher":"https:\/\/www.facebook.com\/KunstmuseumWolfsburg","article_modified_time":"2024-03-12T09:18:52+00:00","og_image":[{"width":1200,"height":630,"url":"https:\/\/www.kunstmuseum.de\/wp-content\/uploads\/2020\/06\/2020_Barbara_Kasen_Works.jpg","type":"image\/jpeg"}],"twitter_card":"summary_large_image","twitter_site":"@kunstmuseumwob","twitter_misc":{"Est. reading time":"3 minutes"},"schema":{"@context":"https:\/\/schema.org","@graph":[{"@type":"Organization","@id":"https:\/\/www.kunstmuseum.de\/en\/#organization","name":"Kunstmuseum Wolfsburg","url":"https:\/\/www.kunstmuseum.de\/en\/","sameAs":["https:\/\/www.instagram.com\/kunstmuseumwolfsburg\/","https:\/\/www.linkedin.com\/company\/kunstmuseum-wolfsburg\/","https:\/\/www.youtube.com\/user\/KunstmuseumWolfsburg","https:\/\/de.wikipedia.org\/wiki\/Kunstmuseum_Wolfsburg","https:\/\/www.facebook.com\/KunstmuseumWolfsburg","https:\/\/twitter.com\/kunstmuseumwob"],"logo":{"@type":"ImageObject","inLanguage":"en-US","@id":"https:\/\/www.kunstmuseum.de\/en\/#\/schema\/logo\/image\/","url":"https:\/\/www.kunstmuseum.de\/wp-content\/uploads\/2020\/05\/191125_KMW_Wortmarke_RGB_schwarz.svg","contentUrl":"https:\/\/www.kunstmuseum.de\/wp-content\/uploads\/2020\/05\/191125_KMW_Wortmarke_RGB_schwarz.svg","caption":"Kunstmuseum Wolfsburg"},"image":{"@id":"https:\/\/www.kunstmuseum.de\/en\/#\/schema\/logo\/image\/"}},{"@type":"WebSite","@id":"https:\/\/www.kunstmuseum.de\/en\/#website","url":"https:\/\/www.kunstmuseum.de\/en\/","name":"Kunstmuseum Wolfsburg","description":"","publisher":{"@id":"https:\/\/www.kunstmuseum.de\/en\/#organization"},"potentialAction":[{"@type":"SearchAction","target":{"@type":"EntryPoint","urlTemplate":"https:\/\/www.kunstmuseum.de\/en\/?s={search_term_string}"},"query-input":"required name=search_term_string"}],"inLanguage":"en-US"},{"@type":"WebPage","@id":"https:\/\/www.kunstmuseum.de\/en\/exhibition\/barbara-kasten-works\/","url":"https:\/\/www.kunstmuseum.de\/en\/exhibition\/barbara-kasten-works\/","name":"Barbara Kasten. Works - Kunstmuseum Wolfsburg","isPartOf":{"@id":"https:\/\/www.kunstmuseum.de\/en\/#website"},"datePublished":"2020-03-20T23:00:28+00:00","dateModified":"2024-03-12T09:18:52+00:00","breadcrumb":{"@id":"https:\/\/www.kunstmuseum.de\/en\/exhibition\/barbara-kasten-works\/#breadcrumb"},"inLanguage":"en-US","potentialAction":[{"@type":"ReadAction","target":["https:\/\/www.kunstmuseum.de\/en\/exhibition\/barbara-kasten-works\/"]}]},{"@type":"BreadcrumbList","@id":"https:\/\/www.kunstmuseum.de\/en\/exhibition\/barbara-kasten-works\/#breadcrumb","itemListElement":[{"@type":"ListItem","position":1,"name":"Startseite","item":"https:\/\/www.kunstmuseum.de\/en\/"},{"@type":"ListItem","position":2,"name":"Exhibitions","item":"https:\/\/www.kunstmuseum.de\/en\/exhibition\/"},{"@type":"ListItem","position":3,"name":"Barbara Kasten. Works"}]}]}},"_links":{"self":[{"href":"https:\/\/www.kunstmuseum.de\/en\/wp-json\/wp\/v2\/exhibition\/8427"}],"collection":[{"href":"https:\/\/www.kunstmuseum.de\/en\/wp-json\/wp\/v2\/exhibition"}],"about":[{"href":"https:\/\/www.kunstmuseum.de\/en\/wp-json\/wp\/v2\/types\/exhibition"}],"version-history":[{"count":7,"href":"https:\/\/www.kunstmuseum.de\/en\/wp-json\/wp\/v2\/exhibition\/8427\/revisions"}],"predecessor-version":[{"id":25064,"href":"https:\/\/www.kunstmuseum.de\/en\/wp-json\/wp\/v2\/exhibition\/8427\/revisions\/25064"}],"wp:featuredmedia":[{"embeddable":true,"href":"https:\/\/www.kunstmuseum.de\/en\/wp-json\/wp\/v2\/media\/5609"}],"wp:attachment":[{"href":"https:\/\/www.kunstmuseum.de\/en\/wp-json\/wp\/v2\/media?parent=8427"}],"wp:term":[{"taxonomy":"post_tag","embeddable":true,"href":"https:\/\/www.kunstmuseum.de\/en\/wp-json\/wp\/v2\/tags?post=8427"}],"curies":[{"name":"wp","href":"https:\/\/api.w.org\/{rel}","templated":true}]}}