{"id":7039,"date":"2020-10-14T11:03:03","date_gmt":"2020-10-14T09:03:03","guid":{"rendered":"https:\/\/kunstmuseum.mscg-it.de\/?page_id=7039"},"modified":"2026-09-02T13:13:12","modified_gmt":"2026-09-02T11:13:12","slug":"about-us","status":"publish","type":"page","link":"https:\/\/www.kunstmuseum.de\/en\/about-us\/","title":{"rendered":"About us"},"content":{"rendered":"\n<h2>Mission Statement <\/h2>\n\n\n\n<div class=\"wp-block-columns\">\n<div class=\"wp-block-column\" style=\"flex-basis:66.66%\">\n<p>The Kunst\u00admu\u00adseum Wolfsburg is an estab\u00adlished and vibrant art venue\u2014deeply rooted in the local and regional commu\u00adnities, yet influ\u00aden\u00adtial and recognized on the inter\u00adna\u00adtional stage. It invites visitors to draw inspi\u00adra\u00adtion from global art, discover something new and perhaps even provo\u00adca\u00adtive, or take a break from everyday life. As an acces\u00adsible and inclusive cultural space, the museum fosters curiosity and reflec\u00adtion while offering education, fun, and enjoyment for everyone.<\/p>\n\n\n\n<p>Through ground\u00adbrea\u00adking solo and thematic exhibi\u00adtions, as well as by resear\u00adching, preser\u00adving, and presen\u00adting our diverse collec\u00adtion, we showcase artis\u00adti\u00adcally signi\u00adfi\u00adcant works of inter\u00adna\u00adtional impor\u00adt\u00adance. With a critical eye, we address pressing contem\u00adporary issues as reflected in art and enrich social discourse with new perspec\u00adtives. We also take this respon\u00adsi\u00adbi\u00adlity seriously from an ecolo\u00adgical and ethical stand\u00adpoint: We are conti\u00adnuously working to sustainably reduce our museum\u2019s resource consump\u00adtion and CO\u2082 emissions.<\/p>\n\n\n\n<p>With our new Open Area, we are opening the museum even more widely to the city\u2019s residents and diverse commu\u00adnities. As an agile space for encoun\u00adters and creati\u00advity, the Open Area facili\u00adtates parti\u00adci\u00adpa\u00adtory formats, co-creation, and a lively exchange of knowledge on an equal footing. Together with the innova\u00adtive in-person and digital offerings of our art education program, the Kunst\u00admu\u00adseum Wolfsburg invites visitors to actively help shape art or to enjoy its inspiring spectrum together with family and friends.<\/p>\n\n\n\n<p>Through the Volks\u00adwagen Group Art4All and Young &amp; Free programs, we offer free admission and the oppor\u00adtu\u00adnity to experi\u00adence not only the exhibi\u00adtions but also concerts, lectures, and artist talks.<\/p>\n\n\n\n<p>In times of complex crises and social upheaval, art offers guidance and can instill confi\u00addence. With its creative energy and aesthetic forms, art brings together people of different genera\u00adtions, cultures, and walks of life. This shared experi\u00adence streng\u00adt\u00adhens a democratic sense of community and promotes diversity, empathy, and social cohesion. With its unique spatial possi\u00adbi\u00adli\u00adties, the Kunst\u00admu\u00adseum Wolfsburg provides the ideal setting for&nbsp;this.<\/p>\n\n\n\n<p>The Kunst\u00admu\u00adseum Wolfsburg is an open yet safe, inclusive, sustainable, and parti\u00adci\u00adpa\u00adtory art venue\u2014a place for everyone.<\/p>\n\n\n\n<p>Dr. Andreas Beitin <br>Director, Kunst\u00admu\u00adseum Wolfsburg <br>Summer 2026<\/p>\n<\/div>\n\n\n\n<div class=\"wp-block-column\" style=\"flex-basis:33.33%\">\n<figure class=\"wp-block-embed is-type-video is-provider-youtube wp-block-embed-youtube wp-embed-aspect-16-9 wp-has-aspect-ratio\"><div class=\"wp-block-embed__wrapper\">\n<iframe loading=\"lazy\" title=\"A lively and attractive place: The Kunstmuseum Wolfsburg\" width=\"500\" height=\"281\" src=\"https:\/\/www.youtube.com\/embed\/lCr20_ogXok?feature=oembed\" frameborder=\"0\" allow=\"accelerometer; autoplay; clipboard-write; encrypted-media; gyroscope; picture-in-picture; web-share\" referrerpolicy=\"strict-origin-when-cross-origin\" allowfullscreen><\/iframe>\n<\/div><\/figure>\n<\/div>\n<\/div>\n\n\n\n<div class=\"wp-container-1 wp-block-group alignfull has-gray-background-color has-background\">\n<h2>Sponsorship<\/h2>\n\n\n\n<div class=\"wp-block-columns\">\n<div class=\"wp-block-column\" style=\"flex-basis:66.66%\">\n<p>The Kunst\u00admu\u00adseum Wolfsburg is a privately-sponsored museum supported by the non-profit Kunst\u00adstif\u00adtung Volks\u00adwagen. The project was able to get underway thanks to start-up funding provided by Volks\u00adwagen, the city of Wolfsburg and private donors. The subse\u00adquent building and the museum\u2019s operation expenses are financed by the Kunst\u00adstif\u00adtung Volks\u00adwagen. A large part of its funds come from the founda\u00adtion of Asta and Christian Holler, the founders of Volks\u00adwagen-Versi\u00adche\u00adrungs\u00addienst VVD. In recent years the Kunst\u00admu\u00adseum has also received project-based support from Volks\u00adwagen Financial Services AG.<\/p>\n<\/div>\n\n\n\n<div class=\"wp-block-column\" style=\"flex-basis:33.33%\">\n<figure class=\"wp-block-image size-large\"><img loading=\"lazy\" width=\"1024\" height=\"683\" src=\"https:\/\/www.kunstmuseum.de\/wp-content\/uploads\/2020\/08\/200511_KMW_by_Kruszewski_0787-1024x683.jpg\" alt class=\"wp-image-4357\" srcset=\"https:\/\/www.kunstmuseum.de\/wp-content\/uploads\/2020\/08\/200511_KMW_by_Kruszewski_0787-1024x683.jpg 1024w, https:\/\/www.kunstmuseum.de\/wp-content\/uploads\/2020\/08\/200511_KMW_by_Kruszewski_0787-300x200.jpg 300w, https:\/\/www.kunstmuseum.de\/wp-content\/uploads\/2020\/08\/200511_KMW_by_Kruszewski_0787-768x512.jpg 768w, https:\/\/www.kunstmuseum.de\/wp-content\/uploads\/2020\/08\/200511_KMW_by_Kruszewski_0787-1536x1024.jpg 1536w, https:\/\/www.kunstmuseum.de\/wp-content\/uploads\/2020\/08\/200511_KMW_by_Kruszewski_0787-2048x1365.jpg 2048w, https:\/\/www.kunstmuseum.de\/wp-content\/uploads\/2020\/08\/200511_KMW_by_Kruszewski_0787-900x600.jpg 900w, https:\/\/www.kunstmuseum.de\/wp-content\/uploads\/2020\/08\/200511_KMW_by_Kruszewski_0787-100x67.jpg 100w\" sizes=\"(max-width: 1024px) 100vw, 1024px\"><figcaption>An open, vital and dynamic place for art and culture: the Kunst\u00admu\u00adseum Wolfsburg.<br>Photo: Marek Kruszewski<\/figcaption><\/figure>\n<\/div>\n<\/div>\n<\/div>\n\n\n\n<h2>The Collection<\/h2>\n\n\n\n<div class=\"wp-block-columns\">\n<div class=\"wp-block-column\" style=\"flex-basis:66.66%\">\n<p>The Kunst\u00admu\u00adseum Wolfsburg <a href=\"https:\/\/sammlung.kunstmuseum.de\/\" target=\"_blank\" rel=\"noreferrer noopener\">has been collec\u00adting inter\u00adna\u00adtional contem\u00adporary art since 1994.<\/a> A solid founda\u00adtion was laid with key works from the field of Minimal Art, Concep\u00adtual Art and Arte Povera. Works by a younger genera\u00adtion of artists were subse\u00adquently added. It was never the intention to assemble a broad encyclo\u00adpedic collec\u00adtion, focusing instead on prominent major works, ensembles and work phases in addition to the exemplary presen\u00adta\u00adtion of artistic develo\u00adp\u00adments. The result is not a documen\u00adta\u00adtion of so-called \u201ccurrents\u201d but concen\u00adtrates instead on artists and artworks repre\u00adsen\u00adting important aspects of contem\u00adporary art. The collec\u00adtion presently encom\u00adpasses circa 1.000 works or ensembles.<\/p>\n<\/div>\n\n\n\n<div class=\"wp-block-column\" style=\"flex-basis:33.33%\">\n<figure class=\"wp-block-image size-large\"><img loading=\"lazy\" width=\"1024\" height=\"683\" src=\"https:\/\/www.kunstmuseum.de\/wp-content\/uploads\/2020\/09\/190523_KMW_0001-1024x683.jpg\" alt class=\"wp-image-6117\" srcset=\"https:\/\/www.kunstmuseum.de\/wp-content\/uploads\/2020\/09\/190523_KMW_0001-1024x683.jpg 1024w, https:\/\/www.kunstmuseum.de\/wp-content\/uploads\/2020\/09\/190523_KMW_0001-300x200.jpg 300w, https:\/\/www.kunstmuseum.de\/wp-content\/uploads\/2020\/09\/190523_KMW_0001-768x512.jpg 768w, https:\/\/www.kunstmuseum.de\/wp-content\/uploads\/2020\/09\/190523_KMW_0001-1536x1024.jpg 1536w, https:\/\/www.kunstmuseum.de\/wp-content\/uploads\/2020\/09\/190523_KMW_0001-2048x1365.jpg 2048w, https:\/\/www.kunstmuseum.de\/wp-content\/uploads\/2020\/09\/190523_KMW_0001-900x600.jpg 900w, https:\/\/www.kunstmuseum.de\/wp-content\/uploads\/2020\/09\/190523_KMW_0001-100x67.jpg 100w\" sizes=\"(max-width: 1024px) 100vw, 1024px\"><figcaption>At the anniver\u00adsary exhibi\u00adtion <em>Now Is The Time<\/em> 2019, the Kunst\u00admu\u00adseum Wolfsburg showed the highlights of the collec\u00adtion.<br>Photo: Marek Kruszewski<\/figcaption><\/figure>\n\n\n\n<p><\/p>\n<\/div>\n<\/div>\n\n\n\n<h2>Artists Represented in the Collection (A Selection)<\/h2>\n\n\n\n<div class=\"wp-block-columns\">\n<div class=\"wp-block-column\" style=\"flex-basis:66.66%\">\n<p>Franz Ackermann, Doug Aitken, Carl Andre, Nobuyoshi Araki, John M. Armleder, Katie Armstrong, Richard Artsch\u00adwager, Awst &amp; Walther, Caroline Bachmann &amp; Stefan Banz, Christian Boltanski, Stanley Brouwn, Hussein Chalayan, Tony Cragg, Ren\u00e9 Dani\u00ebls, Jan Dibbets, Burhan Do\u011fan\u00e7ay, Olafur Eliasson, Helmut Federle, Peter Fischli\/David Weiss, Gilbert &amp; George, Douglas Gordon, Paul Graham, Andreas Gursky, Brian Harte, Eberhard Havekost, Jeppe Hein, Georg Herold, Gary Hill, Damien Hirst, Rebecca Horn, Pieter Hugo, Gary Hume, J\u00f6rg Immen\u00addorff, Christian Jankowski, Sergej Jensen, Johannes Kahrs, Gert Jan Kocken, Peter Keetman, Anselm Kiefer, In Sook Kim, Imi Knoebel, Gert Jan Kocken, Ola Koleh\u00admainen, Jeff Koons, Jannis Kounellis, Imi Knoebel, Robert Lebeck, Pia Linz, Michael Majerus, Joseph Marioni, R\u00e9my Marko\u00adwitsch, Maix Mayer, Allan McCollum, Gerhard Merz, Mario Merz, Sarah Morris, Maurizio Nannucci, Bruce Nauman, Nam June Paik, Panama\u00adrenko, Verner Panton, Manfred Pernice, Elizabeth Peyton, Daniel Pflumm, Julius Popp, Neo Rauch, Tobias Rehberger, Thomas Sch\u00fctte, Cindy Sherman, Beat Streuli, Philip Taaffe, Sam Taylor-Johnson, James Turrell, Luc Tuymans, Jeff Wall, Lawrence Weiner, James Welling, Tim Wolff, Erwin Wurm, Thomas Zipp.<\/p>\n<\/div>\n\n\n\n<div class=\"wp-block-column\" style=\"flex-basis:33.33%\">\n<figure class=\"wp-block-image size-large\"><img loading=\"lazy\" width=\"1024\" height=\"683\" src=\"https:\/\/www.kunstmuseum.de\/wp-content\/uploads\/2020\/09\/180702_KMW_0013-1024x683.jpg\" alt class=\"wp-image-6113\" srcset=\"https:\/\/www.kunstmuseum.de\/wp-content\/uploads\/2020\/09\/180702_KMW_0013-1024x683.jpg 1024w, https:\/\/www.kunstmuseum.de\/wp-content\/uploads\/2020\/09\/180702_KMW_0013-300x200.jpg 300w, https:\/\/www.kunstmuseum.de\/wp-content\/uploads\/2020\/09\/180702_KMW_0013-768x512.jpg 768w, https:\/\/www.kunstmuseum.de\/wp-content\/uploads\/2020\/09\/180702_KMW_0013-1536x1024.jpg 1536w, https:\/\/www.kunstmuseum.de\/wp-content\/uploads\/2020\/09\/180702_KMW_0013-2048x1365.jpg 2048w, https:\/\/www.kunstmuseum.de\/wp-content\/uploads\/2020\/09\/180702_KMW_0013-900x600.jpg 900w, https:\/\/www.kunstmuseum.de\/wp-content\/uploads\/2020\/09\/180702_KMW_0013-100x67.jpg 100w\" sizes=\"(max-width: 1024px) 100vw, 1024px\"><figcaption>The photo\u00adgra\u00adpher Robert Lebeck is numerously repre\u00adsented in the collec\u00adtion of the Kunst\u00admu\u00adseum Wolfsburg. <br>Photo: Marek Kruszewski<\/figcaption><\/figure>\n\n\n\n<p><\/p>\n<\/div>\n<\/div>\n\n\n\n<div class=\"wp-container-2 wp-block-group alignfull has-gray-background-color has-background\">\n<h2>Architecture<\/h2>\n\n\n\n<div class=\"wp-block-columns\">\n<div class=\"wp-block-column\" style=\"flex-basis:66.66%\">\n<p>The Kunst\u00admu\u00adseum Wolfsburg was built from 1992 to 1994 by the Hamburg archi\u00adtec\u00adtural firm of Peter Schweger and Partners as a trans\u00adpa\u00adrent urban loggia. With its extensive overar\u00adching glass roof the building marks the south entrance to the town center in the direction of Holler\u00adplatz. The solitary structure stands archi\u00adtec\u00adto\u00adni\u00adcally in the tension field between Hans Scharoun\u2019s theater structure and Alvar Aalto\u2019s cultural center both key archi\u00adtec\u00adtures in Wolfsburg.<\/p>\n\n\n\n<p>The center of the museum is the 16-meter high exhibi\u00adtion hall with a quadratic ground plan measuring 40 meters on each side. The impact of the exhibi\u00adtions benefits from the flexible possi\u00adbi\u00adli\u00adties available in the large space that allow for an indivi\u00addua\u00adlized archi\u00adtec\u00adture to meet the specific needs of each show. The generous ground plan is parti\u00adcu\u00adlarly suitable for large-scale objects, environ\u00adments, instal\u00adla\u00adtions and media art. The hall is two-storied on three of its sides and enclosed by further exhibi\u00adtion spaces. The entire exhibi\u00adtion surface encom\u00adpasses 3500 square meters. The two-storied studio that can be accessed separ\u00adately from the upper floor serves as a flexible workshop and presen\u00adta\u00adtion area where the educa\u00adtional program and other events accom\u00adpanying the exhibi\u00adtions can be&nbsp;held.<\/p>\n<\/div>\n\n\n\n<div class=\"wp-block-column\" style=\"flex-basis:33.33%\">\n<figure class=\"wp-block-image size-large\"><img loading=\"lazy\" width=\"1024\" height=\"683\" src=\"https:\/\/www.kunstmuseum.de\/wp-content\/uploads\/2020\/08\/MG_7581marekk-1024x683.jpg\" alt class=\"wp-image-4094\" srcset=\"https:\/\/www.kunstmuseum.de\/wp-content\/uploads\/2020\/08\/MG_7581marekk-1024x683.jpg 1024w, https:\/\/www.kunstmuseum.de\/wp-content\/uploads\/2020\/08\/MG_7581marekk-300x200.jpg 300w, https:\/\/www.kunstmuseum.de\/wp-content\/uploads\/2020\/08\/MG_7581marekk-768x512.jpg 768w, https:\/\/www.kunstmuseum.de\/wp-content\/uploads\/2020\/08\/MG_7581marekk-1536x1024.jpg 1536w, https:\/\/www.kunstmuseum.de\/wp-content\/uploads\/2020\/08\/MG_7581marekk-2048x1365.jpg 2048w, https:\/\/www.kunstmuseum.de\/wp-content\/uploads\/2020\/08\/MG_7581marekk-900x600.jpg 900w, https:\/\/www.kunstmuseum.de\/wp-content\/uploads\/2020\/08\/MG_7581marekk-100x67.jpg 100w\" sizes=\"(max-width: 1024px) 100vw, 1024px\"><figcaption>The exhibi\u00adtion hall is 16 meters high and offers space for flexible archi\u00adtec\u00adture.<br>Photo: Marek Kruszewski<\/figcaption><\/figure>\n\n\n\n<p><\/p>\n<\/div>\n<\/div>\n<\/div>\n\n\n\n<h2>The Japan Garden<\/h2>\n\n\n\n<div class=\"wp-block-columns\">\n<div class=\"wp-block-column\" style=\"flex-basis:66.66%\">\n<p>The Kunst\u00admu\u00adseum Wolfsburg is probably the only museum in Europe with a Japan Garden. Origi\u00adnally conceived by the museum\u2019s architect Peter Schweger, the 16 x 32 meter large sculpture court was opened in September 2007 as a place of tranqui\u00adlity and contem\u00adpla\u00adtion. The concep\u00adtion of a Zen garden is closely tied to the \u201cJapan and the West: The Filled Void\u201d exhibi\u00adtion that was shown the same year. Inspired by the museum\u2019s trans\u00adpa\u00adrent technoid appearance that was conceived as an urban villa, the Japan Garden repres\u00adents a peaceful oasis in the middle of the indus\u00adtrial city of Wolfsburg.<\/p>\n\n\n\n<p>Prof. Dipl.-Ing. Kazuhisa Kawamura from the Fachhoch\u00adschule Mainz was the partner architect involved in the planning of the Japan Garden. Kawamura has been active in Germany since 1973. Aside from his profes\u00adsor\u00adship for repre\u00adsen\u00adta\u00adtional geometry, the founda\u00adtions of design and archi\u00adtec\u00adtural theory he works as a freelance architect in Cologne. Roofed and furnished with benches, the Japan Garden offers the visitor the chance to unwind and slow down. Looking out across the pebbled area one\u2019s glance meets a wall that lends the garden a sculp\u00adtural quality on account of its compo\u00adsi\u00adtion and color as well as through its inter\u00adac\u00adtion with two other smaller wall slabs. According to the Japanese way of thinking, it is not contra\u00addic\u00adtory to enclose nature in the form of a garden with hedges, walls and buildings but rather a sign of the Japanese sense of beauty. The delibe\u00adrate combi\u00adna\u00adtion of planned ratio\u00adna\u00adlity and random natural\u00adness is charac\u00adte\u00adristic of a Japanese garden. Only when it is bordered like a painting in a frame is the garden recognized as such and appreciated.<\/p>\n\n\n\n<p>Elements of Zen gardens are integrated into the large pebbled area that symbo\u00adlizes water. The stones and plants were chosen in accordance with their climatic suita\u00adbi\u00adlity; Japanese bamboos were thus planted alongside local juniper bushes and a maple tree that will develop into a bonsai through continual profes\u00adsional trimming.<\/p>\n\n\n\n<p>Ideally, the garden and the museum are not to be seen as separate archi\u00adtec\u00adtonic works but rather as parts of a single overall concept. Both environ\u00adments seemingly flow naturally into each other, creating a symbiosis. The Japan Garden in the Kunst\u00admu\u00adseum Wolfsburg is acces\u00adsible to museum visitors during the museum\u2019s usual opening hours (through the east cabinet to the rear of the large exhibi\u00adtion&nbsp;hall).<\/p>\n\n\n\n<p>The realiz\u00ada\u00adtion of the garden was generously supported by Pon Holdings B.V., Nijkerk, The Netherlands.<\/p>\n<\/div>\n\n\n\n<div class=\"wp-block-column\" style=\"flex-basis:33.33%\">\n<figure class=\"wp-block-image size-large\"><img loading=\"lazy\" width=\"891\" height=\"697\" src=\"https:\/\/www.kunstmuseum.de\/wp-content\/uploads\/2020\/08\/GartenQuer.jpg\" alt class=\"wp-image-4386\" srcset=\"https:\/\/www.kunstmuseum.de\/wp-content\/uploads\/2020\/08\/GartenQuer.jpg 891w, https:\/\/www.kunstmuseum.de\/wp-content\/uploads\/2020\/08\/GartenQuer-300x235.jpg 300w, https:\/\/www.kunstmuseum.de\/wp-content\/uploads\/2020\/08\/GartenQuer-768x601.jpg 768w, https:\/\/www.kunstmuseum.de\/wp-content\/uploads\/2020\/08\/GartenQuer-767x600.jpg 767w, https:\/\/www.kunstmuseum.de\/wp-content\/uploads\/2020\/08\/GartenQuer-100x78.jpg 100w\" sizes=\"(max-width: 891px) 100vw, 891px\"><figcaption>Trans\u00adpa\u00adrent archi\u00adtec\u00adture distin\u00adguishes the Japanese garden.<\/figcaption><\/figure>\n\n\n\n<figure class=\"wp-block-image size-large\"><img loading=\"lazy\" width=\"1000\" height=\"750\" src=\"https:\/\/www.kunstmuseum.de\/wp-content\/uploads\/2020\/08\/ZB249-09.jpg\" alt class=\"wp-image-4102\" srcset=\"https:\/\/www.kunstmuseum.de\/wp-content\/uploads\/2020\/08\/ZB249-09.jpg 1000w, https:\/\/www.kunstmuseum.de\/wp-content\/uploads\/2020\/08\/ZB249-09-300x225.jpg 300w, https:\/\/www.kunstmuseum.de\/wp-content\/uploads\/2020\/08\/ZB249-09-768x576.jpg 768w, https:\/\/www.kunstmuseum.de\/wp-content\/uploads\/2020\/08\/ZB249-09-800x600.jpg 800w, https:\/\/www.kunstmuseum.de\/wp-content\/uploads\/2020\/08\/ZB249-09-100x75.jpg 100w\" sizes=\"(max-width: 1000px) 100vw, 1000px\"><figcaption>The Japanese Garden offers a haven of peace in the indus\u00adtrial city of Wolfsburg.<br>Photo: Marek Kruszewski<\/figcaption><\/figure>\n\n\n\n<p><\/p>\n<\/div>\n<\/div>\n","protected":false},"excerpt":{"rendered":"<p>Mission Statement The Kunst\u00admu\u00adseum Wolfsburg is an estab\u00adlished and vibrant art venue\u2014deeply rooted in the local and regional commu\u00adnities, yet influ\u00aden\u00adtial and recognized on the inter\u00adna\u00adtional stage. It invites visitors to draw inspi\u00adra\u00adtion from global art, discover something new and perhaps even provo\u00adca\u00adtive, or take a break from everyday life. As an acces\u00adsible and inclusive&nbsp;[\u2026]<\/p>\n","protected":false},"author":5,"featured_media":0,"parent":0,"menu_order":0,"comment_status":"closed","ping_status":"closed","template":"","meta":{"wp_typography_post_enhancements_disabled":false,"kunstmuseum_formatted_page_title":""},"yoast_head":"<!-- This site is optimized with the Yoast SEO plugin v19.4 - https:\/\/yoast.com\/wordpress\/plugins\/seo\/ -->\n<title>About us - Kunstmuseum Wolfsburg<\/title>\n<meta name=\"robots\" content=\"index, follow, max-snippet:-1, max-image-preview:large, max-video-preview:-1\" \/>\n<link rel=\"canonical\" href=\"https:\/\/www.kunstmuseum.de\/en\/about-us\/\" \/>\n<meta property=\"og:locale\" content=\"en_US\" \/>\n<meta property=\"og:type\" content=\"article\" \/>\n<meta property=\"og:title\" content=\"About us - Kunstmuseum Wolfsburg\" \/>\n<meta property=\"og:description\" content=\"Mission Statement The Kunst\u00admu\u00adseum Wolfsburg is an estab\u00adlished and vibrant art venue\u2014deeply rooted in the local and regional commu\u00adnities, yet influ\u00aden\u00adtial and recognized on the inter\u00adna\u00adtional stage. It invites visitors to draw inspi\u00adra\u00adtion from global art, discover something new and perhaps even provo\u00adca\u00adtive, or take a break from everyday life. As an acces\u00adsible and inclusive [&hellip;]\" \/>\n<meta property=\"og:url\" content=\"https:\/\/www.kunstmuseum.de\/en\/about-us\/\" \/>\n<meta property=\"og:site_name\" content=\"Kunstmuseum Wolfsburg\" \/>\n<meta property=\"article:publisher\" content=\"https:\/\/www.facebook.com\/KunstmuseumWolfsburg\" \/>\n<meta property=\"article:modified_time\" content=\"2026-09-02T11:13:12+00:00\" \/>\n<meta property=\"og:image\" content=\"https:\/\/www.kunstmuseum.de\/wp-content\/uploads\/2020\/08\/200511_KMW_by_Kruszewski_0787-1024x683.jpg\" \/>\n<meta name=\"twitter:card\" content=\"summary_large_image\" \/>\n<meta name=\"twitter:site\" content=\"@kunstmuseumwob\" \/>\n<meta name=\"twitter:label1\" content=\"Est. reading time\" \/>\n\t<meta name=\"twitter:data1\" content=\"9 minutes\" \/>\n<script type=\"application\/ld+json\" class=\"yoast-schema-graph\">{\"@context\":\"https:\/\/schema.org\",\"@graph\":[{\"@type\":\"Organization\",\"@id\":\"https:\/\/www.kunstmuseum.de\/en\/#organization\",\"name\":\"Kunstmuseum Wolfsburg\",\"url\":\"https:\/\/www.kunstmuseum.de\/en\/\",\"sameAs\":[\"https:\/\/www.instagram.com\/kunstmuseumwolfsburg\/\",\"https:\/\/www.linkedin.com\/company\/kunstmuseum-wolfsburg\/\",\"https:\/\/www.youtube.com\/user\/KunstmuseumWolfsburg\",\"https:\/\/de.wikipedia.org\/wiki\/Kunstmuseum_Wolfsburg\",\"https:\/\/www.facebook.com\/KunstmuseumWolfsburg\",\"https:\/\/twitter.com\/kunstmuseumwob\"],\"logo\":{\"@type\":\"ImageObject\",\"inLanguage\":\"en-US\",\"@id\":\"https:\/\/www.kunstmuseum.de\/en\/#\/schema\/logo\/image\/\",\"url\":\"https:\/\/www.kunstmuseum.de\/wp-content\/uploads\/2020\/05\/191125_KMW_Wortmarke_RGB_schwarz.svg\",\"contentUrl\":\"https:\/\/www.kunstmuseum.de\/wp-content\/uploads\/2020\/05\/191125_KMW_Wortmarke_RGB_schwarz.svg\",\"caption\":\"Kunstmuseum Wolfsburg\"},\"image\":{\"@id\":\"https:\/\/www.kunstmuseum.de\/en\/#\/schema\/logo\/image\/\"}},{\"@type\":\"WebSite\",\"@id\":\"https:\/\/www.kunstmuseum.de\/en\/#website\",\"url\":\"https:\/\/www.kunstmuseum.de\/en\/\",\"name\":\"Kunstmuseum Wolfsburg\",\"description\":\"\",\"publisher\":{\"@id\":\"https:\/\/www.kunstmuseum.de\/en\/#organization\"},\"potentialAction\":[{\"@type\":\"SearchAction\",\"target\":{\"@type\":\"EntryPoint\",\"urlTemplate\":\"https:\/\/www.kunstmuseum.de\/en\/?s={search_term_string}\"},\"query-input\":\"required name=search_term_string\"}],\"inLanguage\":\"en-US\"},{\"@type\":\"WebPage\",\"@id\":\"https:\/\/www.kunstmuseum.de\/en\/about-us\/\",\"url\":\"https:\/\/www.kunstmuseum.de\/en\/about-us\/\",\"name\":\"About us - Kunstmuseum Wolfsburg\",\"isPartOf\":{\"@id\":\"https:\/\/www.kunstmuseum.de\/en\/#website\"},\"datePublished\":\"2020-10-14T09:03:03+00:00\",\"dateModified\":\"2026-09-02T11:13:12+00:00\",\"breadcrumb\":{\"@id\":\"https:\/\/www.kunstmuseum.de\/en\/about-us\/#breadcrumb\"},\"inLanguage\":\"en-US\",\"potentialAction\":[{\"@type\":\"ReadAction\",\"target\":[\"https:\/\/www.kunstmuseum.de\/en\/about-us\/\"]}]},{\"@type\":\"BreadcrumbList\",\"@id\":\"https:\/\/www.kunstmuseum.de\/en\/about-us\/#breadcrumb\",\"itemListElement\":[{\"@type\":\"ListItem\",\"position\":1,\"name\":\"Startseite\",\"item\":\"https:\/\/www.kunstmuseum.de\/en\/\"},{\"@type\":\"ListItem\",\"position\":2,\"name\":\"About us\"}]}]}<\/script>\n<!-- \/ Yoast SEO plugin. -->","yoast_head_json":{"title":"About us - Kunstmuseum Wolfsburg","robots":{"index":"index","follow":"follow","max-snippet":"max-snippet:-1","max-image-preview":"max-image-preview:large","max-video-preview":"max-video-preview:-1"},"canonical":"https:\/\/www.kunstmuseum.de\/en\/about-us\/","og_locale":"en_US","og_type":"article","og_title":"About us - Kunstmuseum Wolfsburg","og_description":"Mission Statement The Kunst\u00admu\u00adseum Wolfsburg is an estab\u00adlished and vibrant art venue\u2014deeply rooted in the local and regional commu\u00adnities, yet influ\u00aden\u00adtial and recognized on the inter\u00adna\u00adtional stage. It invites visitors to draw inspi\u00adra\u00adtion from global art, discover something new and perhaps even provo\u00adca\u00adtive, or take a break from everyday life. As an acces\u00adsible and inclusive [&hellip;]","og_url":"https:\/\/www.kunstmuseum.de\/en\/about-us\/","og_site_name":"Kunstmuseum Wolfsburg","article_publisher":"https:\/\/www.facebook.com\/KunstmuseumWolfsburg","article_modified_time":"2026-09-02T11:13:12+00:00","og_image":[{"url":"https:\/\/www.kunstmuseum.de\/wp-content\/uploads\/2020\/08\/200511_KMW_by_Kruszewski_0787-1024x683.jpg"}],"twitter_card":"summary_large_image","twitter_site":"@kunstmuseumwob","twitter_misc":{"Est. reading time":"9 minutes"},"schema":{"@context":"https:\/\/schema.org","@graph":[{"@type":"Organization","@id":"https:\/\/www.kunstmuseum.de\/en\/#organization","name":"Kunstmuseum Wolfsburg","url":"https:\/\/www.kunstmuseum.de\/en\/","sameAs":["https:\/\/www.instagram.com\/kunstmuseumwolfsburg\/","https:\/\/www.linkedin.com\/company\/kunstmuseum-wolfsburg\/","https:\/\/www.youtube.com\/user\/KunstmuseumWolfsburg","https:\/\/de.wikipedia.org\/wiki\/Kunstmuseum_Wolfsburg","https:\/\/www.facebook.com\/KunstmuseumWolfsburg","https:\/\/twitter.com\/kunstmuseumwob"],"logo":{"@type":"ImageObject","inLanguage":"en-US","@id":"https:\/\/www.kunstmuseum.de\/en\/#\/schema\/logo\/image\/","url":"https:\/\/www.kunstmuseum.de\/wp-content\/uploads\/2020\/05\/191125_KMW_Wortmarke_RGB_schwarz.svg","contentUrl":"https:\/\/www.kunstmuseum.de\/wp-content\/uploads\/2020\/05\/191125_KMW_Wortmarke_RGB_schwarz.svg","caption":"Kunstmuseum Wolfsburg"},"image":{"@id":"https:\/\/www.kunstmuseum.de\/en\/#\/schema\/logo\/image\/"}},{"@type":"WebSite","@id":"https:\/\/www.kunstmuseum.de\/en\/#website","url":"https:\/\/www.kunstmuseum.de\/en\/","name":"Kunstmuseum Wolfsburg","description":"","publisher":{"@id":"https:\/\/www.kunstmuseum.de\/en\/#organization"},"potentialAction":[{"@type":"SearchAction","target":{"@type":"EntryPoint","urlTemplate":"https:\/\/www.kunstmuseum.de\/en\/?s={search_term_string}"},"query-input":"required name=search_term_string"}],"inLanguage":"en-US"},{"@type":"WebPage","@id":"https:\/\/www.kunstmuseum.de\/en\/about-us\/","url":"https:\/\/www.kunstmuseum.de\/en\/about-us\/","name":"About us - Kunstmuseum Wolfsburg","isPartOf":{"@id":"https:\/\/www.kunstmuseum.de\/en\/#website"},"datePublished":"2020-10-14T09:03:03+00:00","dateModified":"2026-09-02T11:13:12+00:00","breadcrumb":{"@id":"https:\/\/www.kunstmuseum.de\/en\/about-us\/#breadcrumb"},"inLanguage":"en-US","potentialAction":[{"@type":"ReadAction","target":["https:\/\/www.kunstmuseum.de\/en\/about-us\/"]}]},{"@type":"BreadcrumbList","@id":"https:\/\/www.kunstmuseum.de\/en\/about-us\/#breadcrumb","itemListElement":[{"@type":"ListItem","position":1,"name":"Startseite","item":"https:\/\/www.kunstmuseum.de\/en\/"},{"@type":"ListItem","position":2,"name":"About us"}]}]}},"_links":{"self":[{"href":"https:\/\/www.kunstmuseum.de\/en\/wp-json\/wp\/v2\/pages\/7039"}],"collection":[{"href":"https:\/\/www.kunstmuseum.de\/en\/wp-json\/wp\/v2\/pages"}],"about":[{"href":"https:\/\/www.kunstmuseum.de\/en\/wp-json\/wp\/v2\/types\/page"}],"author":[{"embeddable":true,"href":"https:\/\/www.kunstmuseum.de\/en\/wp-json\/wp\/v2\/users\/5"}],"replies":[{"embeddable":true,"href":"https:\/\/www.kunstmuseum.de\/en\/wp-json\/wp\/v2\/comments?post=7039"}],"version-history":[{"count":11,"href":"https:\/\/www.kunstmuseum.de\/en\/wp-json\/wp\/v2\/pages\/7039\/revisions"}],"predecessor-version":[{"id":35922,"href":"https:\/\/www.kunstmuseum.de\/en\/wp-json\/wp\/v2\/pages\/7039\/revisions\/35922"}],"wp:attachment":[{"href":"https:\/\/www.kunstmuseum.de\/en\/wp-json\/wp\/v2\/media?parent=7039"}],"curies":[{"name":"wp","href":"https:\/\/api.w.org\/{rel}","templated":true}]}}